{"id":805,"date":"2025-08-07T14:50:57","date_gmt":"2025-08-07T14:50:57","guid":{"rendered":"https:\/\/przedszkole.olesnica.pl\/ne\/?page_id=805"},"modified":"2025-12-01T11:04:47","modified_gmt":"2025-12-01T11:04:47","slug":"jeszkowice","status":"publish","type":"page","link":"https:\/\/przedszkole.olesnica.pl\/ne\/?page_id=805","title":{"rendered":""},"content":{"rendered":"\t\t<div data-elementor-type=\"wp-page\" data-elementor-id=\"805\" class=\"elementor elementor-805\">\n\t\t\t\t<div class=\"elementor-element elementor-element-99c0fb5 e-flex e-con-boxed e-con e-parent\" data-id=\"99c0fb5\" data-element_type=\"container\" data-e-type=\"container\">\n\t\t\t\t\t<div class=\"e-con-inner\">\n\t\t\t\t<div class=\"elementor-element elementor-element-77ae494 elementor-widget elementor-widget-image\" data-id=\"77ae494\" data-element_type=\"widget\" data-e-type=\"widget\" data-widget_type=\"image.default\">\n\t\t\t\t<div class=\"elementor-widget-container\">\n\t\t\t\t\t\t\t\t\t\t\t\t\t\t\t<img fetchpriority=\"high\" decoding=\"async\" width=\"4095\" height=\"425\" src=\"https:\/\/przedszkole.olesnica.pl\/ne\/wp-content\/uploads\/2025\/05\/FEDDS-kolor-poziom.pdf.png\" class=\"attachment-full size-full wp-image-528\" alt=\"\" srcset=\"https:\/\/przedszkole.olesnica.pl\/ne\/wp-content\/uploads\/2025\/05\/FEDDS-kolor-poziom.pdf.png 4095w, https:\/\/przedszkole.olesnica.pl\/ne\/wp-content\/uploads\/2025\/05\/FEDDS-kolor-poziom.pdf-300x31.png 300w, https:\/\/przedszkole.olesnica.pl\/ne\/wp-content\/uploads\/2025\/05\/FEDDS-kolor-poziom.pdf-1024x106.png 1024w, https:\/\/przedszkole.olesnica.pl\/ne\/wp-content\/uploads\/2025\/05\/FEDDS-kolor-poziom.pdf-768x80.png 768w, https:\/\/przedszkole.olesnica.pl\/ne\/wp-content\/uploads\/2025\/05\/FEDDS-kolor-poziom.pdf-1536x159.png 1536w, https:\/\/przedszkole.olesnica.pl\/ne\/wp-content\/uploads\/2025\/05\/FEDDS-kolor-poziom.pdf-2048x213.png 2048w\" sizes=\"(max-width: 4095px) 100vw, 4095px\" \/>\t\t\t\t\t\t\t\t\t\t\t\t\t\t\t<\/div>\n\t\t\t\t<\/div>\n\t\t\t\t\t<\/div>\n\t\t\t\t<\/div>\n\t\t<div class=\"elementor-element elementor-element-e9a533f e-flex e-con-boxed e-con e-parent\" data-id=\"e9a533f\" data-element_type=\"container\" data-e-type=\"container\">\n\t\t\t\t\t<div class=\"e-con-inner\">\n\t\t<div class=\"elementor-element elementor-element-3344612 e-con-full e-flex e-con e-child\" data-id=\"3344612\" data-element_type=\"container\" data-e-type=\"container\">\n\t\t\t\t<div class=\"elementor-element elementor-element-c8ead84 elementor-widget elementor-widget-heading\" data-id=\"c8ead84\" data-element_type=\"widget\" data-e-type=\"widget\" data-widget_type=\"heading.default\">\n\t\t\t\t<div class=\"elementor-widget-container\">\n\t\t\t\t\t<h2 class=\"elementor-heading-title elementor-size-default\">Kubu\u015b Puchatek dla wszystkich<\/h2>\t\t\t\t<\/div>\n\t\t\t\t<\/div>\n\t\t\t\t<div class=\"elementor-element elementor-element-3fd884e elementor-widget elementor-widget-heading\" data-id=\"3fd884e\" data-element_type=\"widget\" data-e-type=\"widget\" data-widget_type=\"heading.default\">\n\t\t\t\t<div class=\"elementor-widget-container\">\n\t\t\t\t\t<h4 class=\"elementor-heading-title elementor-size-default\">ZAPRASZAMY DO NASZEGO PUBLICZNEGO PRZEDSZKOLA W Jeszkowicach<\/h4>\t\t\t\t<\/div>\n\t\t\t\t<\/div>\n\t\t\t\t<\/div>\n\t\t<div class=\"elementor-element elementor-element-c2013c3 e-con-full e-flex e-con e-child\" data-id=\"c2013c3\" data-element_type=\"container\" data-e-type=\"container\">\n\t\t\t\t<div class=\"elementor-element elementor-element-9e81ec6 elementor-align-center elementor-widget elementor-widget-button\" data-id=\"9e81ec6\" data-element_type=\"widget\" data-e-type=\"widget\" data-widget_type=\"button.default\">\n\t\t\t\t<div class=\"elementor-widget-container\">\n\t\t\t\t\t\t\t\t\t<div class=\"elementor-button-wrapper\">\n\t\t\t\t\t<a class=\"elementor-button elementor-button-link elementor-size-sm elementor-animation-grow\" href=\"https:\/\/przedszkole.olesnica.pl\/ne\/?page_id=115\">\n\t\t\t\t\t\t<span class=\"elementor-button-content-wrapper\">\n\t\t\t\t\t\t<span class=\"elementor-button-icon\">\n\t\t\t\t<svg aria-hidden=\"true\" class=\"e-font-icon-svg e-far-user-circle\" viewBox=\"0 0 496 512\" xmlns=\"http:\/\/www.w3.org\/2000\/svg\"><path d=\"M248 104c-53 0-96 43-96 96s43 96 96 96 96-43 96-96-43-96-96-96zm0 144c-26.5 0-48-21.5-48-48s21.5-48 48-48 48 21.5 48 48-21.5 48-48 48zm0-240C111 8 0 119 0 256s111 248 248 248 248-111 248-248S385 8 248 8zm0 448c-49.7 0-95.1-18.3-130.1-48.4 14.9-23 40.4-38.6 69.6-39.5 20.8 6.4 40.6 9.6 60.5 9.6s39.7-3.1 60.5-9.6c29.2 1 54.7 16.5 69.6 39.5-35 30.1-80.4 48.4-130.1 48.4zm162.7-84.1c-24.4-31.4-62.1-51.9-105.1-51.9-10.2 0-26 9.6-57.6 9.6-31.5 0-47.4-9.6-57.6-9.6-42.9 0-80.6 20.5-105.1 51.9C61.9 339.2 48 299.2 48 256c0-110.3 89.7-200 200-200s200 89.7 200 200c0 43.2-13.9 83.2-37.3 115.9z\"><\/path><\/svg>\t\t\t<\/span>\n\t\t\t\t\t\t\t\t\t<span class=\"elementor-button-text\">REKRUTACJA<\/span>\n\t\t\t\t\t<\/span>\n\t\t\t\t\t<\/a>\n\t\t\t\t<\/div>\n\t\t\t\t\t\t\t\t<\/div>\n\t\t\t\t<\/div>\n\t\t\t\t<\/div>\n\t\t<div class=\"elementor-element elementor-element-560d434 e-con-full e-flex e-con e-child\" data-id=\"560d434\" data-element_type=\"container\" data-e-type=\"container\">\n\t\t\t\t<div class=\"elementor-element elementor-element-dbf4c15 elementor-widget elementor-widget-image\" data-id=\"dbf4c15\" data-element_type=\"widget\" data-e-type=\"widget\" data-widget_type=\"image.default\">\n\t\t\t\t<div class=\"elementor-widget-container\">\n\t\t\t\t\t\t\t\t\t\t\t\t\t\t\t<img decoding=\"async\" width=\"640\" height=\"427\" src=\"https:\/\/przedszkole.olesnica.pl\/ne\/wp-content\/uploads\/2025\/05\/matka-z-mala-corka-w-kuchni-1024x683.jpg\" class=\"attachment-large size-large wp-image-603\" alt=\"\" srcset=\"https:\/\/przedszkole.olesnica.pl\/ne\/wp-content\/uploads\/2025\/05\/matka-z-mala-corka-w-kuchni-1024x683.jpg 1024w, https:\/\/przedszkole.olesnica.pl\/ne\/wp-content\/uploads\/2025\/05\/matka-z-mala-corka-w-kuchni-300x200.jpg 300w, https:\/\/przedszkole.olesnica.pl\/ne\/wp-content\/uploads\/2025\/05\/matka-z-mala-corka-w-kuchni-768x512.jpg 768w, https:\/\/przedszkole.olesnica.pl\/ne\/wp-content\/uploads\/2025\/05\/matka-z-mala-corka-w-kuchni-1536x1024.jpg 1536w, https:\/\/przedszkole.olesnica.pl\/ne\/wp-content\/uploads\/2025\/05\/matka-z-mala-corka-w-kuchni-2048x1365.jpg 2048w\" sizes=\"(max-width: 640px) 100vw, 640px\" \/>\t\t\t\t\t\t\t\t\t\t\t\t\t\t\t<\/div>\n\t\t\t\t<\/div>\n\t\t\t\t<\/div>\n\t\t<div class=\"elementor-element elementor-element-21e4236 e-con-full e-flex e-con e-child\" data-id=\"21e4236\" data-element_type=\"container\" data-e-type=\"container\">\n\t\t\t\t<div class=\"elementor-element elementor-element-67174f0 elementor-align-center elementor-icon-list--layout-traditional elementor-list-item-link-full_width elementor-widget elementor-widget-icon-list\" data-id=\"67174f0\" data-element_type=\"widget\" data-e-type=\"widget\" data-widget_type=\"icon-list.default\">\n\t\t\t\t<div class=\"elementor-widget-container\">\n\t\t\t\t\t\t\t<ul class=\"elementor-icon-list-items\">\n\t\t\t\t\t\t\t<li class=\"elementor-icon-list-item\">\n\t\t\t\t\t\t\t\t\t\t\t<span class=\"elementor-icon-list-icon\">\n\t\t\t\t\t\t\t<svg aria-hidden=\"true\" class=\"e-font-icon-svg e-fas-share\" viewBox=\"0 0 512 512\" xmlns=\"http:\/\/www.w3.org\/2000\/svg\"><path d=\"M503.691 189.836L327.687 37.851C312.281 24.546 288 35.347 288 56.015v80.053C127.371 137.907 0 170.1 0 322.326c0 61.441 39.581 122.309 83.333 154.132 13.653 9.931 33.111-2.533 28.077-18.631C66.066 312.814 132.917 274.316 288 272.085V360c0 20.7 24.3 31.453 39.687 18.164l176.004-152c11.071-9.562 11.086-26.753 0-36.328z\"><\/path><\/svg>\t\t\t\t\t\t<\/span>\n\t\t\t\t\t\t\t\t\t\t<span class=\"elementor-icon-list-text\">kameralne grupy<\/span>\n\t\t\t\t\t\t\t\t\t<\/li>\n\t\t\t\t\t\t\t\t<li class=\"elementor-icon-list-item\">\n\t\t\t\t\t\t\t\t\t\t\t<span class=\"elementor-icon-list-icon\">\n\t\t\t\t\t\t\t<svg aria-hidden=\"true\" class=\"e-font-icon-svg e-fas-share\" viewBox=\"0 0 512 512\" xmlns=\"http:\/\/www.w3.org\/2000\/svg\"><path d=\"M503.691 189.836L327.687 37.851C312.281 24.546 288 35.347 288 56.015v80.053C127.371 137.907 0 170.1 0 322.326c0 61.441 39.581 122.309 83.333 154.132 13.653 9.931 33.111-2.533 28.077-18.631C66.066 312.814 132.917 274.316 288 272.085V360c0 20.7 24.3 31.453 39.687 18.164l176.004-152c11.071-9.562 11.086-26.753 0-36.328z\"><\/path><\/svg>\t\t\t\t\t\t<\/span>\n\t\t\t\t\t\t\t\t\t\t<span class=\"elementor-icon-list-text\">nowa, komfortowa, dobrze wyposa\u017cona plac\u00f3wka<\/span>\n\t\t\t\t\t\t\t\t\t<\/li>\n\t\t\t\t\t\t\t\t<li class=\"elementor-icon-list-item\">\n\t\t\t\t\t\t\t\t\t\t\t<span class=\"elementor-icon-list-icon\">\n\t\t\t\t\t\t\t<svg aria-hidden=\"true\" class=\"e-font-icon-svg e-fas-share\" viewBox=\"0 0 512 512\" xmlns=\"http:\/\/www.w3.org\/2000\/svg\"><path d=\"M503.691 189.836L327.687 37.851C312.281 24.546 288 35.347 288 56.015v80.053C127.371 137.907 0 170.1 0 322.326c0 61.441 39.581 122.309 83.333 154.132 13.653 9.931 33.111-2.533 28.077-18.631C66.066 312.814 132.917 274.316 288 272.085V360c0 20.7 24.3 31.453 39.687 18.164l176.004-152c11.071-9.562 11.086-26.753 0-36.328z\"><\/path><\/svg>\t\t\t\t\t\t<\/span>\n\t\t\t\t\t\t\t\t\t\t<span class=\"elementor-icon-list-text\">op\u0142aty - <b>1,44 z\u0142 \/ godzin\u0119<\/b><\/span>\n\t\t\t\t\t\t\t\t\t<\/li>\n\t\t\t\t\t\t\t\t<li class=\"elementor-icon-list-item\">\n\t\t\t\t\t\t\t\t\t\t\t<span class=\"elementor-icon-list-icon\">\n\t\t\t\t\t\t\t<svg aria-hidden=\"true\" class=\"e-font-icon-svg e-fas-share\" viewBox=\"0 0 512 512\" xmlns=\"http:\/\/www.w3.org\/2000\/svg\"><path d=\"M503.691 189.836L327.687 37.851C312.281 24.546 288 35.347 288 56.015v80.053C127.371 137.907 0 170.1 0 322.326c0 61.441 39.581 122.309 83.333 154.132 13.653 9.931 33.111-2.533 28.077-18.631C66.066 312.814 132.917 274.316 288 272.085V360c0 20.7 24.3 31.453 39.687 18.164l176.004-152c11.071-9.562 11.086-26.753 0-36.328z\"><\/path><\/svg>\t\t\t\t\t\t<\/span>\n\t\t\t\t\t\t\t\t\t\t<span class=\"elementor-icon-list-text\"><u>op\u0142ata sta\u0142a zawiera zaj\u0119cia z podstawy programowej, zaj\u0119cia dodatkowe i wy\u017cywienie<\/u><\/span>\n\t\t\t\t\t\t\t\t\t<\/li>\n\t\t\t\t\t\t\t\t<li class=\"elementor-icon-list-item\">\n\t\t\t\t\t\t\t\t\t\t\t<span class=\"elementor-icon-list-icon\">\n\t\t\t\t\t\t\t<svg aria-hidden=\"true\" class=\"e-font-icon-svg e-fas-share\" viewBox=\"0 0 512 512\" xmlns=\"http:\/\/www.w3.org\/2000\/svg\"><path d=\"M503.691 189.836L327.687 37.851C312.281 24.546 288 35.347 288 56.015v80.053C127.371 137.907 0 170.1 0 322.326c0 61.441 39.581 122.309 83.333 154.132 13.653 9.931 33.111-2.533 28.077-18.631C66.066 312.814 132.917 274.316 288 272.085V360c0 20.7 24.3 31.453 39.687 18.164l176.004-152c11.071-9.562 11.086-26.753 0-36.328z\"><\/path><\/svg>\t\t\t\t\t\t<\/span>\n\t\t\t\t\t\t\t\t\t\t<span class=\"elementor-icon-list-text\">w ramach zaj\u0119\u0107 dodatkowych: j\u0119zyk angielski, logorytmika, gimnastyka z elementami SI, zaj\u0119cia przyrodnicze, robotyka, alpakoterapia, zaj\u0119cia z logoped\u0105 i psychologiem<\/span>\n\t\t\t\t\t\t\t\t\t<\/li>\n\t\t\t\t\t\t\t\t<li class=\"elementor-icon-list-item\">\n\t\t\t\t\t\t\t\t\t\t\t<span class=\"elementor-icon-list-icon\">\n\t\t\t\t\t\t\t<svg aria-hidden=\"true\" class=\"e-font-icon-svg e-fas-share\" viewBox=\"0 0 512 512\" xmlns=\"http:\/\/www.w3.org\/2000\/svg\"><path d=\"M503.691 189.836L327.687 37.851C312.281 24.546 288 35.347 288 56.015v80.053C127.371 137.907 0 170.1 0 322.326c0 61.441 39.581 122.309 83.333 154.132 13.653 9.931 33.111-2.533 28.077-18.631C66.066 312.814 132.917 274.316 288 272.085V360c0 20.7 24.3 31.453 39.687 18.164l176.004-152c11.071-9.562 11.086-26.753 0-36.328z\"><\/path><\/svg>\t\t\t\t\t\t<\/span>\n\t\t\t\t\t\t\t\t\t\t<span class=\"elementor-icon-list-text\">przyjmujemy dzieci, kt\u00f3re uko\u0144czy\u0142y 2,5 roku<\/span>\n\t\t\t\t\t\t\t\t\t<\/li>\n\t\t\t\t\t\t<\/ul>\n\t\t\t\t\t\t<\/div>\n\t\t\t\t<\/div>\n\t\t\t\t<\/div>\n\t\t\t\t\t<\/div>\n\t\t\t\t<\/div>\n\t\t<div class=\"elementor-element elementor-element-ee66799 e-flex e-con-boxed e-con e-parent\" data-id=\"ee66799\" data-element_type=\"container\" data-e-type=\"container\">\n\t\t\t\t\t<div class=\"e-con-inner\">\n\t\t\t\t<div class=\"elementor-element elementor-element-fdaa39d elementor-widget-divider--separator-type-pattern elementor-widget-divider--no-spacing elementor-widget-divider--view-line elementor-widget elementor-widget-divider\" data-id=\"fdaa39d\" data-element_type=\"widget\" data-e-type=\"widget\" data-widget_type=\"divider.default\">\n\t\t\t\t<div class=\"elementor-widget-container\">\n\t\t\t\t\t\t\t<div class=\"elementor-divider\" style=\"--divider-pattern-url: url(&quot;data:image\/svg+xml,%3Csvg xmlns=&#039;http:\/\/www.w3.org\/2000\/svg&#039; preserveAspectRatio=&#039;xMidYMid meet&#039; overflow=&#039;visible&#039; height=&#039;100%&#039; viewBox=&#039;0 0 126 26&#039; fill=&#039;black&#039; stroke=&#039;none&#039;%3E%3Cpath d=&#039;M3,10.2c2.6,0,2.6,2,2.6,3.2S4.4,16.5,3,16.5s-3-1.4-3-3.2S0.4,10.2,3,10.2z M18.8,10.2c1.7,0,3.2,1.4,3.2,3.2s-1.4,3.2-3.2,3.2c-1.7,0-3.2-1.4-3.2-3.2S17,10.2,18.8,10.2z M34.6,10.2c1.5,0,2.6,1.4,2.6,3.2s-0.5,3.2-1.9,3.2c-1.5,0-3.4-1.4-3.4-3.2S33.1,10.2,34.6,10.2z M50.5,10.2c1.7,0,3.2,1.4,3.2,3.2s-1.4,3.2-3.2,3.2c-1.7,0-3.3-0.9-3.3-2.6S48.7,10.2,50.5,10.2z M66.2,10.2c1.5,0,3.4,1.4,3.4,3.2s-1.9,3.2-3.4,3.2c-1.5,0-2.6-0.4-2.6-2.1S64.8,10.2,66.2,10.2z M82.2,10.2c1.7,0.8,2.6,1.4,2.6,3.2s-0.1,3.2-1.6,3.2c-1.5,0-3.7-1.4-3.7-3.2S80.5,9.4,82.2,10.2zM98.6,10.2c1.5,0,2.6,0.4,2.6,2.1s-1.2,4.2-2.6,4.2c-1.5,0-3.7-0.4-3.7-2.1S97.1,10.2,98.6,10.2z M113.4,10.2c1.2,0,2.2,0.9,2.2,3.2s-0.1,3.2-1.3,3.2s-3.1-1.4-3.1-3.2S112.2,10.2,113.4,10.2z&#039;\/%3E%3C\/svg%3E&quot;);\">\n\t\t\t<span class=\"elementor-divider-separator\">\n\t\t\t\t\t\t<\/span>\n\t\t<\/div>\n\t\t\t\t\t\t<\/div>\n\t\t\t\t<\/div>\n\t\t\t\t<div class=\"elementor-element elementor-element-a4a9548 elementor-widget elementor-widget-heading\" data-id=\"a4a9548\" data-element_type=\"widget\" data-e-type=\"widget\" data-widget_type=\"heading.default\">\n\t\t\t\t<div class=\"elementor-widget-container\">\n\t\t\t\t\t<h4 class=\"elementor-heading-title elementor-size-default\">\n<\/h4>\t\t\t\t<\/div>\n\t\t\t\t<\/div>\n\t\t\t\t<div class=\"elementor-element elementor-element-e40f06c elementor-position-inline-start elementor-view-default elementor-mobile-position-block-start elementor-widget elementor-widget-icon-box\" data-id=\"e40f06c\" data-element_type=\"widget\" data-e-type=\"widget\" data-widget_type=\"icon-box.default\">\n\t\t\t\t<div class=\"elementor-widget-container\">\n\t\t\t\t\t\t\t<div class=\"elementor-icon-box-wrapper\">\n\n\t\t\t\t\t\t<div class=\"elementor-icon-box-icon\">\n\t\t\t\t<span  class=\"elementor-icon\">\n\t\t\t\t<svg aria-hidden=\"true\" class=\"e-font-icon-svg e-fas-star\" viewBox=\"0 0 576 512\" xmlns=\"http:\/\/www.w3.org\/2000\/svg\"><path d=\"M259.3 17.8L194 150.2 47.9 171.5c-26.2 3.8-36.7 36.1-17.7 54.6l105.7 103-25 145.5c-4.5 26.3 23.2 46 46.4 33.7L288 439.6l130.7 68.7c23.2 12.2 50.9-7.4 46.4-33.7l-25-145.5 105.7-103c19-18.5 8.5-50.8-17.7-54.6L382 150.2 316.7 17.8c-11.7-23.6-45.6-23.9-57.4 0z\"><\/path><\/svg>\t\t\t\t<\/span>\n\t\t\t<\/div>\n\t\t\t\n\t\t\t\t\t\t<div class=\"elementor-icon-box-content\">\n\n\t\t\t\t\t\t\t\t\t<span class=\"elementor-icon-box-title\">\n\t\t\t\t\t\t<span  >\n\t\t\t\t\t\t\tTERMINY REKRUTACJI\t\t\t\t\t\t<\/span>\n\t\t\t\t\t<\/span>\n\t\t\t\t\n\t\t\t\t\t\t\t\t\t<p class=\"elementor-icon-box-description\">\n\t\t\t\t\t\tI etap rekrutacji - 31.07.2025 - rekrutacja we wsp\u00f3\u0142pracy z Gmin\u0105 Czernica * \nII etap rekrutacji - po weryfikacji wolnych miejsc  *  rekrutacja ci\u0105g\u0142a - w miar\u0119 wolnych miejsc\t\t\t\t\t<\/p>\n\t\t\t\t\n\t\t\t<\/div>\n\t\t\t\n\t\t<\/div>\n\t\t\t\t\t\t<\/div>\n\t\t\t\t<\/div>\n\t\t\t\t<div class=\"elementor-element elementor-element-2836e4d elementor-widget-divider--separator-type-pattern elementor-widget-divider--no-spacing elementor-widget-divider--view-line elementor-widget elementor-widget-divider\" data-id=\"2836e4d\" data-element_type=\"widget\" data-e-type=\"widget\" data-widget_type=\"divider.default\">\n\t\t\t\t<div class=\"elementor-widget-container\">\n\t\t\t\t\t\t\t<div class=\"elementor-divider\" style=\"--divider-pattern-url: url(&quot;data:image\/svg+xml,%3Csvg xmlns=&#039;http:\/\/www.w3.org\/2000\/svg&#039; preserveAspectRatio=&#039;xMidYMid meet&#039; overflow=&#039;visible&#039; height=&#039;100%&#039; viewBox=&#039;0 0 126 26&#039; fill=&#039;black&#039; stroke=&#039;none&#039;%3E%3Cpath d=&#039;M3,10.2c2.6,0,2.6,2,2.6,3.2S4.4,16.5,3,16.5s-3-1.4-3-3.2S0.4,10.2,3,10.2z M18.8,10.2c1.7,0,3.2,1.4,3.2,3.2s-1.4,3.2-3.2,3.2c-1.7,0-3.2-1.4-3.2-3.2S17,10.2,18.8,10.2z M34.6,10.2c1.5,0,2.6,1.4,2.6,3.2s-0.5,3.2-1.9,3.2c-1.5,0-3.4-1.4-3.4-3.2S33.1,10.2,34.6,10.2z M50.5,10.2c1.7,0,3.2,1.4,3.2,3.2s-1.4,3.2-3.2,3.2c-1.7,0-3.3-0.9-3.3-2.6S48.7,10.2,50.5,10.2z M66.2,10.2c1.5,0,3.4,1.4,3.4,3.2s-1.9,3.2-3.4,3.2c-1.5,0-2.6-0.4-2.6-2.1S64.8,10.2,66.2,10.2z M82.2,10.2c1.7,0.8,2.6,1.4,2.6,3.2s-0.1,3.2-1.6,3.2c-1.5,0-3.7-1.4-3.7-3.2S80.5,9.4,82.2,10.2zM98.6,10.2c1.5,0,2.6,0.4,2.6,2.1s-1.2,4.2-2.6,4.2c-1.5,0-3.7-0.4-3.7-2.1S97.1,10.2,98.6,10.2z M113.4,10.2c1.2,0,2.2,0.9,2.2,3.2s-0.1,3.2-1.3,3.2s-3.1-1.4-3.1-3.2S112.2,10.2,113.4,10.2z&#039;\/%3E%3C\/svg%3E&quot;);\">\n\t\t\t<span class=\"elementor-divider-separator\">\n\t\t\t\t\t\t<\/span>\n\t\t<\/div>\n\t\t\t\t\t\t<\/div>\n\t\t\t\t<\/div>\n\t\t<div class=\"elementor-element elementor-element-21ac0f3 e-con-full e-flex e-con e-child\" data-id=\"21ac0f3\" data-element_type=\"container\" data-e-type=\"container\">\n\t\t\t\t<div class=\"elementor-element elementor-element-fb5310c elementor-widget elementor-widget-text-editor\" data-id=\"fb5310c\" data-element_type=\"widget\" data-e-type=\"widget\" data-widget_type=\"text-editor.default\">\n\t\t\t\t<div class=\"elementor-widget-container\">\n\t\t\t\t\t\t\t\t\t<p><span style=\"color: #333333;\">\u00a0 \u00a0 Firma EURO TREND uzyska\u0142a dotacj\u0119 z Unii Europejskiej na projekt <strong>\u201eKUBU\u015a PUCHATEK DLA WSZYSTKICH \u2013 nowe przedszkole dla 50 dzieci w Jeszkowicach, gm. Czernica\u201d<\/strong> w ramach Priorytetu 8 Fundusze Europejskie dla edukacji na Dolnym \u015al\u0105sku, Dzia\u0142ania nr FEDS.08.01 Dost\u0119p do edukacji Programu Fundusze Europejskie dla Dolnego \u015al\u0105ska 2021-2027.\u00a0<\/span><\/p><p><span style=\"color: #333333;\"><strong>\u00a0 \u00a0 Celem projektu<\/strong> jest wsparcie r\u00f3wnego dost\u0119pu do edukacji przedszkolnej wysokiej jako\u015bci poprzez utworzenie 50 nowych miejsc wychowania przedszkolnego w nowym Niepublicznym Przedszkolu \u201eU Kubusia Puchatka\u201d w Jeszkowicach, realizacj\u0119 dodatkowych zaj\u0119\u0107 edukacyjnych i pomocy psychologiczno-pedagogicznej dla 50 dzieci, a tak\u017ce doskonalenie kadry pedagogicznej.<\/span><\/p>\t\t\t\t\t\t\t\t<\/div>\n\t\t\t\t<\/div>\n\t\t\t\t<\/div>\n\t\t<div class=\"elementor-element elementor-element-3877a9e e-con-full e-flex e-con e-child\" data-id=\"3877a9e\" data-element_type=\"container\" data-e-type=\"container\">\n\t\t\t\t<div class=\"elementor-element elementor-element-6b0638a elementor-widget elementor-widget-text-editor\" data-id=\"6b0638a\" data-element_type=\"widget\" data-e-type=\"widget\" data-widget_type=\"text-editor.default\">\n\t\t\t\t<div class=\"elementor-widget-container\">\n\t\t\t\t\t\t\t\t\t<p style=\"text-align: center;\"><strong>Planowane dzia\u0142ania:<\/strong><\/p><p style=\"text-align: center;\">1. Utworzenie 50 nowych miejsc wychowania przedszkolnego w Jeszkowicach<\/p><p style=\"text-align: center;\">2. Wyposa\u017cenie OWP w pomoce dydaktyczne.<\/p><p style=\"text-align: center;\">3. Zapewnienie bie\u017c\u0105cego funkcjonowania OWP U Kubusia Puchatka przez okres 24 m-cy.<\/p><p style=\"text-align: center;\">4. Organizacja zaj\u0119\u0107 dodatkowych dla dzieci z OWP U Kubusia Puchatka.<\/p><p style=\"text-align: center;\">5. Podnoszenie kompetencji i kwalifikacji kadry OWP U Kubusia Puchatka.<\/p>\t\t\t\t\t\t\t\t<\/div>\n\t\t\t\t<\/div>\n\t\t\t\t<\/div>\n\t\t<div class=\"elementor-element elementor-element-5d711e8 e-con-full e-flex e-con e-child\" data-id=\"5d711e8\" data-element_type=\"container\" data-e-type=\"container\">\n\t\t\t\t<div class=\"elementor-element elementor-element-a88e989 elementor-widget elementor-widget-text-editor\" data-id=\"a88e989\" data-element_type=\"widget\" data-e-type=\"widget\" data-widget_type=\"text-editor.default\">\n\t\t\t\t<div class=\"elementor-widget-container\">\n\t\t\t\t\t\t\t\t\t<p style=\"text-align: center;\"><strong>Uczestnicy:<\/strong><\/p><p style=\"text-align: center;\">Dzieci w wieku 3-5 lat<\/p><p style=\"text-align: center;\">Kadra pedagogiczna i niepedagogiczna przedszkola<\/p>\t\t\t\t\t\t\t\t<\/div>\n\t\t\t\t<\/div>\n\t\t\t\t<div class=\"elementor-element elementor-element-2b23695 elementor-widget-divider--separator-type-pattern elementor-widget-divider--no-spacing elementor-widget-divider--view-line elementor-widget elementor-widget-divider\" data-id=\"2b23695\" data-element_type=\"widget\" data-e-type=\"widget\" data-widget_type=\"divider.default\">\n\t\t\t\t<div class=\"elementor-widget-container\">\n\t\t\t\t\t\t\t<div class=\"elementor-divider\" style=\"--divider-pattern-url: url(&quot;data:image\/svg+xml,%3Csvg xmlns=&#039;http:\/\/www.w3.org\/2000\/svg&#039; preserveAspectRatio=&#039;xMidYMid meet&#039; overflow=&#039;visible&#039; height=&#039;100%&#039; viewBox=&#039;0 0 120 26&#039; fill=&#039;black&#039; stroke=&#039;none&#039;%3E%3Cpath d=&#039;M54,1.6V26h-9V2.5L54,1.6z M69,1.6v23.3L60,26V1.6H69z M24,1.6v23.5l-9-0.6V1.6H24z M30,0l9,0.7v24.5h-9V0z M9,2.5v22H0V3.7L9,2.5z M75,1.6l9,0.9v22h-9V1.6z M99,2.7v21.7h-9V3.8L99,2.7z M114,3.8v20.7l-9-0.5V3.8L114,3.8z&#039;\/%3E%3C\/svg%3E&quot;);\">\n\t\t\t<span class=\"elementor-divider-separator\">\n\t\t\t\t\t\t<\/span>\n\t\t<\/div>\n\t\t\t\t\t\t<\/div>\n\t\t\t\t<\/div>\n\t\t\t\t<div class=\"elementor-element elementor-element-cbb046f elementor-widget elementor-widget-text-editor\" data-id=\"cbb046f\" data-element_type=\"widget\" data-e-type=\"widget\" data-widget_type=\"text-editor.default\">\n\t\t\t\t<div class=\"elementor-widget-container\">\n\t\t\t\t\t\t\t\t\t<p style=\"text-align: center;\"><strong>Termin realizacji projektu:<\/strong><\/p><p style=\"text-align: center;\">1.04.2025 &#8211; 31.12.2026<\/p><p style=\"text-align: center;\"><strong>Adres plac\u00f3wki:<\/strong><\/p><p style=\"text-align: center;\">ul. Nyska 57, 50-505 Wroc\u0142aw<\/p>\t\t\t\t\t\t\t\t<\/div>\n\t\t\t\t<\/div>\n\t\t\t\t<\/div>\n\t\t\t\t\t<\/div>\n\t\t\t\t<\/div>\n\t\t<div class=\"elementor-element elementor-element-7f794f9 e-flex e-con-boxed e-con e-parent\" data-id=\"7f794f9\" data-element_type=\"container\" data-e-type=\"container\">\n\t\t\t\t\t<div class=\"e-con-inner\">\n\t\t\t\t<div class=\"elementor-element elementor-element-1e4c60f elementor-widget elementor-widget-ucaddon_vertical_curve_timeline\" data-id=\"1e4c60f\" data-element_type=\"widget\" data-e-type=\"widget\" data-widget_type=\"ucaddon_vertical_curve_timeline.default\">\n\t\t\t\t<div class=\"elementor-widget-container\">\n\t\t\t\t\t\n<!-- start Vertical Curved Timeline -->\n<style>\/* widget: Vertical Curved Timeline *\/\n\n#uc_vertical_curve_timeline_elementor_1e4c60f.ue-container{\n    \twidth: 100%;\n    \tdisplay: flex;\n    \talign-items: center;\n  }\n\n  \/* Timeline Container *\/\n\n#uc_vertical_curve_timeline_elementor_1e4c60f .ue-timeline {\n    width:100%;\n    \/*margin: 20px auto;\n    padding: 20px;*\/\n  \tmargin: 0 auto;\n  \tpadding: 0 20px;\n  }\n\n#uc_vertical_curve_timeline_elementor_1e4c60f .ue-item-image{\n  overflow:hidden;\n  \/*border:solid 1px #000;*\/\n}\n\n#uc_vertical_curve_timeline_elementor_1e4c60f .ue-item-image img{\n  \/*object-fit: cover;*\/\n  width:100%;\n  height: 100%;\n  transition:0.3s;\n}\n\n\/*#uc_vertical_curve_timeline_elementor_1e4c60f .ue-item-image:nth-child(even) {\n    align-items: right;\n}*\/\n  \n  \/* Card container *\/\n#uc_vertical_curve_timeline_elementor_1e4c60f .ue-card {\n    position: relative;\n    display: flex;\n  }\n  \n#uc_vertical_curve_timeline_elementor_1e4c60f .ue-slno{\n    \/*height: 50px;\n    width: 50px;*\/\n    border-radius: 50%;\n    \/*background: #000;\n    color: #fff;*\/\n    position: absolute;\n    top: 50%;\n    left: 0;\n    transform: translate(-50%, -50%);\n    display: grid;\n    place-content: center;\n  }\n\n  \/* setting padding based on even or odd *\/\n#uc_vertical_curve_timeline_elementor_1e4c60f .ue-card:nth-child(odd) {\n    padding: 30px 0 30px 30px;\n  }\n#uc_vertical_curve_timeline_elementor_1e4c60f .ue-card:nth-child(even) {\n    padding: 30px 30px 30px 0;\n  }\n  \/* Global ::before *\/\n#uc_vertical_curve_timeline_elementor_1e4c60f .ue-card::before {\n    content: \"\";\n    position: absolute;\n    width: 50%;\n    \/*border: solid #000;*\/\n  }\n  \n  \/* Setting the border of top, bottom, left *\/\n#uc_vertical_curve_timeline_elementor_1e4c60f .ue-card:nth-child(odd)::before {\n    left: 0px;\n    top: -5px;\n    bottom: -5px;\n    border-width: 5px 0 5px 5px;\n    border-radius: 20px 0 0 20px;\n  }\n  \n  \/* Setting the top and bottom to \"-5px\" because earlier it was out of a pixel in mobile devices *\/\n  @media only screen and (max-width: 400px) {\n#uc_vertical_curve_timeline_elementor_1e4c60f .ue-card:nth-child(odd)::before {\n      top: -5px;\n      bottom: -5px;\n    }\n  }\n  \n  \/* Setting the border of top, bottom, right *\/\n#uc_vertical_curve_timeline_elementor_1e4c60f .ue-card:nth-child(even)::before {\n    right: 0;\n    top: 0;\n    bottom: 0;\n    border-width: 5px 5px 5px 0;\n    border-radius: 0 20px 20px 0;\n  }\n  \n  \/* Removing the border if it is the first card *\/\n#uc_vertical_curve_timeline_elementor_1e4c60f .ue-card:first-child::before {\n    border-top: 0;\n    border-top-left-radius: 0;\n  }\n  \n  \/* Removing the border if it is the last card  and it's odd *\/\n#uc_vertical_curve_timeline_elementor_1e4c60f .ue-card:last-child:nth-child(odd)::before {\n    border-bottom: 0;\n    border-bottom-left-radius: 0;\n  }\n  \n  \/* Removing the border if it is the last card  and it's even *\/\n#uc_vertical_curve_timeline_elementor_1e4c60f .ue-card:last-child:nth-child(even)::before {\n    border-bottom: 0;\n    border-bottom-right-radius: 0;\n  }\n  \n  \/* Information about the timeline *\/\n#uc_vertical_curve_timeline_elementor_1e4c60f .ue-info {\n    display: flex;\n    flex-direction: column;\n    \/*color: #000;*\/\n    border-radius: 10px;\n    padding: 10px;\n    width: 100%;\n  }\n  \n  \/* Title of the card *\/\n#uc_vertical_curve_timeline_elementor_1e4c60f .ue-title {\n    \/*color: #000;*\/\n    position: relative;\n  }\n  \n  \/* Timeline dot  *\/\n  \n  \/* text right if the card is even  *\/\n#uc_vertical_curve_timeline_elementor_1e4c60f .ue-card:nth-child(even) {\n    text-align: right;\n  }\n\n#uc_vertical_curve_timeline_elementor_1e4c60f .ue-card:nth-child(even) .ue-item-image{\n    margin-left: auto;\n  }\n  \n#uc_vertical_curve_timeline_elementor_1e4c60f .ue-card:nth-child(even) .ue-info{\n    padding-right: 20px;\n    margin-left: auto;\n  }\n  \n#uc_vertical_curve_timeline_elementor_1e4c60f .ue-card:nth-child(odd) .ue-info{\n    padding-left: 20px;\n  }\n\n  \/* setting dot to the left if the card is odd *\/\n#uc_vertical_curve_timeline_elementor_1e4c60f .ue-card:nth-child(odd) > .ue-info > .ue-title::before {\n    left: -45px;\n  }\n  \n#uc_vertical_curve_timeline_elementor_1e4c60f .ue-card:nth-child(even) > .ue-slno{\n    right: 0%;\n    left: auto;\n    transform: translate(50%, -50%);\n  \tmargin-right:2px;\n  }\n\n#uc_vertical_curve_timeline_elementor_1e4c60f .ue-card:nth-child(odd) > .ue-slno{\n  \tmargin-left:2px;\n  }\n\n#uc_vertical_curve_timeline_elementor_1e4c60f .ue-card:nth-child(1)::before{\n    height: 50%;\n    top: auto;\n  }\n\n#uc_vertical_curve_timeline_elementor_1e4c60f .ue-card:last-child::before{\n    height: 50%;\n  }\n\n#uc_vertical_curve_timeline_elementor_1e4c60f .ue-button-link{\n\twidth:fit-content;\n  \tz-index: 100;\n}\n\n#uc_vertical_curve_timeline_elementor_1e4c60f .ue-card:nth-child(even) .ue-button-link {\n    margin-left:auto;\n  }\n\n<\/style>\n\n<div class=\"ue-container\" id=\"uc_vertical_curve_timeline_elementor_1e4c60f\">\n        <div class=\"ue-timeline\">\n            <div class=\"ue-outer\">\n              \n               <div class=\"ue-card elementor-repeater-item-f1a0f74\">\n  \n\t<div class=\"ue-slno\">\n      1                  \n  \t<\/div>\n    <div class=\"ue-info\">\n      \n      \t      \t\t    \t      \t\n      \t<h4 class=\"ue-title\">04.2024 - 07.2025<\/h4>      \t        <div class=\"ue-description\"><p><span style=\"color: #333333;\">Utworzenie 50 nowych miejsc wychowania przedszkolnego Jeszkowicach. Adaptacja pomieszcze\u0144.<\/span><\/p><p><span style=\"color: #333333;\"> Wyposa\u017cenie w meble, zabawki i pomoce dydaktyczne.<\/span><\/p><\/div>      \t    <\/div>\n<\/div>\n<div class=\"ue-card elementor-repeater-item-c8a9c6f\">\n  \n\t<div class=\"ue-slno\">\n      2                  \n  \t<\/div>\n    <div class=\"ue-info\">\n      \n      \t      \t\t    \t      \t\n      \t<h4 class=\"ue-title\">08.2025 - 12.2026<\/h4>      \t        <div class=\"ue-description\"><p>Zapewnienie bie\u017c\u0105cego funkcjonowania przedszkola. Organizacja zaj\u0119\u0107 dodatkowych dla dzieci.<\/p><p>Rekrutacja ci\u0105g\u0142a do projektu - w miar\u0119 wolnych miejsc.<\/p><\/div>      \t    <\/div>\n<\/div>\n<div class=\"ue-card elementor-repeater-item-eeb033a\">\n  \n\t<div class=\"ue-slno\">\n      3                  \n  \t<\/div>\n    <div class=\"ue-info\">\n      \n      \t      \t\t    \t      \t\n      \t<h4 class=\"ue-title\">08.2025 - 12.2026<\/h4>      \t        <div class=\"ue-description\"><p>Podnoszenie kompetencji i kwalifikacji kadry przedszkola, poprzez udzia\u0142 w studiach podyplomowych i kursach.<\/p><\/div>      \t    <\/div>\n<\/div>\n\n\n            <\/div>\n          <\/div>\n    <\/div>\n<!-- end Vertical Curved Timeline -->\t\t\t\t<\/div>\n\t\t\t\t<\/div>\n\t\t\t\t\t<\/div>\n\t\t\t\t<\/div>\n\t\t<div class=\"elementor-element elementor-element-8b76204 e-flex e-con-boxed e-con e-parent\" data-id=\"8b76204\" data-element_type=\"container\" data-e-type=\"container\">\n\t\t\t\t\t<div class=\"e-con-inner\">\n\t\t\t\t<div class=\"elementor-element elementor-element-c6016fb elementor-widget-divider--separator-type-pattern elementor-widget-divider--no-spacing elementor-widget-divider--view-line elementor-widget elementor-widget-divider\" data-id=\"c6016fb\" data-element_type=\"widget\" data-e-type=\"widget\" data-widget_type=\"divider.default\">\n\t\t\t\t<div class=\"elementor-widget-container\">\n\t\t\t\t\t\t\t<div class=\"elementor-divider\" style=\"--divider-pattern-url: url(&quot;data:image\/svg+xml,%3Csvg xmlns=&#039;http:\/\/www.w3.org\/2000\/svg&#039; preserveAspectRatio=&#039;xMidYMid meet&#039; overflow=&#039;visible&#039; height=&#039;100%&#039; viewBox=&#039;0 0 126 26&#039; fill=&#039;black&#039; stroke=&#039;none&#039;%3E%3Cpath d=&#039;M3,10.2c2.6,0,2.6,2,2.6,3.2S4.4,16.5,3,16.5s-3-1.4-3-3.2S0.4,10.2,3,10.2z M18.8,10.2c1.7,0,3.2,1.4,3.2,3.2s-1.4,3.2-3.2,3.2c-1.7,0-3.2-1.4-3.2-3.2S17,10.2,18.8,10.2z M34.6,10.2c1.5,0,2.6,1.4,2.6,3.2s-0.5,3.2-1.9,3.2c-1.5,0-3.4-1.4-3.4-3.2S33.1,10.2,34.6,10.2z M50.5,10.2c1.7,0,3.2,1.4,3.2,3.2s-1.4,3.2-3.2,3.2c-1.7,0-3.3-0.9-3.3-2.6S48.7,10.2,50.5,10.2z M66.2,10.2c1.5,0,3.4,1.4,3.4,3.2s-1.9,3.2-3.4,3.2c-1.5,0-2.6-0.4-2.6-2.1S64.8,10.2,66.2,10.2z M82.2,10.2c1.7,0.8,2.6,1.4,2.6,3.2s-0.1,3.2-1.6,3.2c-1.5,0-3.7-1.4-3.7-3.2S80.5,9.4,82.2,10.2zM98.6,10.2c1.5,0,2.6,0.4,2.6,2.1s-1.2,4.2-2.6,4.2c-1.5,0-3.7-0.4-3.7-2.1S97.1,10.2,98.6,10.2z M113.4,10.2c1.2,0,2.2,0.9,2.2,3.2s-0.1,3.2-1.3,3.2s-3.1-1.4-3.1-3.2S112.2,10.2,113.4,10.2z&#039;\/%3E%3C\/svg%3E&quot;);\">\n\t\t\t<span class=\"elementor-divider-separator\">\n\t\t\t\t\t\t<\/span>\n\t\t<\/div>\n\t\t\t\t\t\t<\/div>\n\t\t\t\t<\/div>\n\t\t\t\t\t<\/div>\n\t\t\t\t<\/div>\n\t\t<div class=\"elementor-element elementor-element-e33caf3 e-flex e-con-boxed e-con e-parent\" data-id=\"e33caf3\" data-element_type=\"container\" data-e-type=\"container\">\n\t\t\t\t\t<div class=\"e-con-inner\">\n\t\t\t\t<div class=\"elementor-element elementor-element-b6397b1 elementor-widget elementor-widget-image\" data-id=\"b6397b1\" data-element_type=\"widget\" data-e-type=\"widget\" data-widget_type=\"image.default\">\n\t\t\t\t<div class=\"elementor-widget-container\">\n\t\t\t\t\t\t\t\t\t\t\t\t\t\t\t<img decoding=\"async\" width=\"640\" height=\"536\" src=\"https:\/\/przedszkole.olesnica.pl\/ne\/wp-content\/uploads\/2025\/08\/Niepubliczne-przedszkole-we-wroclawiu-2-1024x858.jpg\" class=\"attachment-large size-large wp-image-807\" alt=\"\" srcset=\"https:\/\/przedszkole.olesnica.pl\/ne\/wp-content\/uploads\/2025\/08\/Niepubliczne-przedszkole-we-wroclawiu-2-1024x858.jpg 1024w, https:\/\/przedszkole.olesnica.pl\/ne\/wp-content\/uploads\/2025\/08\/Niepubliczne-przedszkole-we-wroclawiu-2-300x251.jpg 300w, https:\/\/przedszkole.olesnica.pl\/ne\/wp-content\/uploads\/2025\/08\/Niepubliczne-przedszkole-we-wroclawiu-2-768x644.jpg 768w, https:\/\/przedszkole.olesnica.pl\/ne\/wp-content\/uploads\/2025\/08\/Niepubliczne-przedszkole-we-wroclawiu-2-1536x1288.jpg 1536w, https:\/\/przedszkole.olesnica.pl\/ne\/wp-content\/uploads\/2025\/08\/Niepubliczne-przedszkole-we-wroclawiu-2-2048x1717.jpg 2048w\" sizes=\"(max-width: 640px) 100vw, 640px\" \/>\t\t\t\t\t\t\t\t\t\t\t\t\t\t\t<\/div>\n\t\t\t\t<\/div>\n\t\t\t\t\t<\/div>\n\t\t\t\t<\/div>\n\t\t\t\t<\/div>\n\t\t","protected":false},"excerpt":{"rendered":"<p>Kubu\u015b Puchatek dla wszystkich ZAPRASZAMY DO NASZEGO PUBLICZNEGO PRZEDSZKOLA [&hellip;]<\/p>\n","protected":false},"author":1,"featured_media":217,"parent":0,"menu_order":0,"comment_status":"closed","ping_status":"closed","template":"","meta":{"footnotes":""},"class_list":["post-805","page","type-page","status-publish","has-post-thumbnail","hentry"],"_links":{"self":[{"href":"https:\/\/przedszkole.olesnica.pl\/ne\/index.php?rest_route=\/wp\/v2\/pages\/805","targetHints":{"allow":["GET"]}}],"collection":[{"href":"https:\/\/przedszkole.olesnica.pl\/ne\/index.php?rest_route=\/wp\/v2\/pages"}],"about":[{"href":"https:\/\/przedszkole.olesnica.pl\/ne\/index.php?rest_route=\/wp\/v2\/types\/page"}],"author":[{"embeddable":true,"href":"https:\/\/przedszkole.olesnica.pl\/ne\/index.php?rest_route=\/wp\/v2\/users\/1"}],"replies":[{"embeddable":true,"href":"https:\/\/przedszkole.olesnica.pl\/ne\/index.php?rest_route=%2Fwp%2Fv2%2Fcomments&post=805"}],"version-history":[{"count":8,"href":"https:\/\/przedszkole.olesnica.pl\/ne\/index.php?rest_route=\/wp\/v2\/pages\/805\/revisions"}],"predecessor-version":[{"id":857,"href":"https:\/\/przedszkole.olesnica.pl\/ne\/index.php?rest_route=\/wp\/v2\/pages\/805\/revisions\/857"}],"wp:featuredmedia":[{"embeddable":true,"href":"https:\/\/przedszkole.olesnica.pl\/ne\/index.php?rest_route=\/wp\/v2\/media\/217"}],"wp:attachment":[{"href":"https:\/\/przedszkole.olesnica.pl\/ne\/index.php?rest_route=%2Fwp%2Fv2%2Fmedia&parent=805"}],"curies":[{"name":"wp","href":"https:\/\/api.w.org\/{rel}","templated":true}]}}