{"id":480,"date":"2025-04-02T17:26:18","date_gmt":"2025-04-02T17:26:18","guid":{"rendered":"https:\/\/przedszkole.olesnica.pl\/ne\/?page_id=480"},"modified":"2025-08-20T15:46:06","modified_gmt":"2025-08-20T15:46:06","slug":"elementor-480","status":"publish","type":"page","link":"https:\/\/przedszkole.olesnica.pl\/ne\/?page_id=480","title":{"rendered":""},"content":{"rendered":"\t\t<div data-elementor-type=\"wp-page\" data-elementor-id=\"480\" class=\"elementor elementor-480\">\n\t\t\t\t<div class=\"elementor-element elementor-element-3db16a5 e-flex e-con-boxed e-con e-parent\" data-id=\"3db16a5\" data-element_type=\"container\" data-e-type=\"container\">\n\t\t\t\t\t<div class=\"e-con-inner\">\n\t\t\t\t<div class=\"elementor-element elementor-element-666a0b9 elementor-widget elementor-widget-image\" data-id=\"666a0b9\" data-element_type=\"widget\" data-e-type=\"widget\" data-widget_type=\"image.default\">\n\t\t\t\t<div class=\"elementor-widget-container\">\n\t\t\t\t\t\t\t\t\t\t\t\t\t\t\t<img fetchpriority=\"high\" decoding=\"async\" width=\"1536\" height=\"163\" src=\"https:\/\/przedszkole.olesnica.pl\/ne\/wp-content\/uploads\/2025\/04\/FEDDS-kolor-poziom-1536x163.jpg\" class=\"attachment-1536x1536 size-1536x1536 wp-image-484\" alt=\"\" srcset=\"https:\/\/przedszkole.olesnica.pl\/ne\/wp-content\/uploads\/2025\/04\/FEDDS-kolor-poziom-1536x163.jpg 1536w, https:\/\/przedszkole.olesnica.pl\/ne\/wp-content\/uploads\/2025\/04\/FEDDS-kolor-poziom-300x32.jpg 300w, https:\/\/przedszkole.olesnica.pl\/ne\/wp-content\/uploads\/2025\/04\/FEDDS-kolor-poziom-1024x108.jpg 1024w, https:\/\/przedszkole.olesnica.pl\/ne\/wp-content\/uploads\/2025\/04\/FEDDS-kolor-poziom-768x81.jpg 768w, https:\/\/przedszkole.olesnica.pl\/ne\/wp-content\/uploads\/2025\/04\/FEDDS-kolor-poziom-2048x217.jpg 2048w\" sizes=\"(max-width: 1536px) 100vw, 1536px\" \/>\t\t\t\t\t\t\t\t\t\t\t\t\t\t\t<\/div>\n\t\t\t\t<\/div>\n\t\t\t\t\t<\/div>\n\t\t\t\t<\/div>\n\t\t<div class=\"elementor-element elementor-element-39830f8 e-flex e-con-boxed e-con e-parent\" data-id=\"39830f8\" data-element_type=\"container\" data-e-type=\"container\">\n\t\t\t\t\t<div class=\"e-con-inner\">\n\t\t\t\t<div class=\"elementor-element elementor-element-96d6ca6 elementor-widget elementor-widget-n-accordion\" data-id=\"96d6ca6\" data-element_type=\"widget\" data-e-type=\"widget\" data-settings=\"{&quot;default_state&quot;:&quot;all_collapsed&quot;,&quot;max_items_expended&quot;:&quot;one&quot;,&quot;n_accordion_animation_duration&quot;:{&quot;unit&quot;:&quot;ms&quot;,&quot;size&quot;:400,&quot;sizes&quot;:[]}}\" data-widget_type=\"nested-accordion.default\">\n\t\t\t\t<div class=\"elementor-widget-container\">\n\t\t\t\t\t\t\t<div class=\"e-n-accordion\" aria-label=\"Accordion. Open links with Enter or Space, close with Escape, and navigate with Arrow Keys\">\n\t\t\t\t\t\t<details id=\"e-n-accordion-item-1580\" class=\"e-n-accordion-item\" >\n\t\t\t\t<summary class=\"e-n-accordion-item-title\" data-accordion-index=\"1\" tabindex=\"0\" aria-expanded=\"false\" aria-controls=\"e-n-accordion-item-1580\" >\n\t\t\t\t\t<span class='e-n-accordion-item-title-header'><div class=\"e-n-accordion-item-title-text\"> Kubu\u015b Puchatek dla wszystkich - nowe przedszkole dla 50 dzieci we Wroc\u0142awiu <\/div><\/span>\n\t\t\t\t\t\t\t<span class='e-n-accordion-item-title-icon'>\n\t\t\t<span class='e-opened' ><svg aria-hidden=\"true\" class=\"e-font-icon-svg e-fas-minus\" viewBox=\"0 0 448 512\" xmlns=\"http:\/\/www.w3.org\/2000\/svg\"><path d=\"M416 208H32c-17.67 0-32 14.33-32 32v32c0 17.67 14.33 32 32 32h384c17.67 0 32-14.33 32-32v-32c0-17.67-14.33-32-32-32z\"><\/path><\/svg><\/span>\n\t\t\t<span class='e-closed'><svg aria-hidden=\"true\" class=\"e-font-icon-svg e-fas-plus\" viewBox=\"0 0 448 512\" xmlns=\"http:\/\/www.w3.org\/2000\/svg\"><path d=\"M416 208H272V64c0-17.67-14.33-32-32-32h-32c-17.67 0-32 14.33-32 32v144H32c-17.67 0-32 14.33-32 32v32c0 17.67 14.33 32 32 32h144v144c0 17.67 14.33 32 32 32h32c17.67 0 32-14.33 32-32V304h144c17.67 0 32-14.33 32-32v-32c0-17.67-14.33-32-32-32z\"><\/path><\/svg><\/span>\n\t\t<\/span>\n\n\t\t\t\t\t\t<\/summary>\n\t\t\t\t<div role=\"region\" aria-labelledby=\"e-n-accordion-item-1580\" class=\"elementor-element elementor-element-f2d5bc7 e-con-full e-flex e-con e-child\" data-id=\"f2d5bc7\" data-element_type=\"container\" data-e-type=\"container\">\n\t\t\t\t<div class=\"elementor-element elementor-element-a428c54 elementor-widget elementor-widget-text-editor\" data-id=\"a428c54\" data-element_type=\"widget\" data-e-type=\"widget\" data-widget_type=\"text-editor.default\">\n\t\t\t\t<div class=\"elementor-widget-container\">\n\t\t\t\t\t\t\t\t\t<p style=\"text-align: center;\">Firma EURO TREND uzyska\u0142a dotacj\u0119 z Unii Europejskiej na projekt <strong>\u201eKUBU\u015a PUCHATEK DLA WSZYSTKICH &#8211; nowe przedszkole dla 50 dzieci we Wroc\u0142awiu\u201d<\/strong> w ramach Priorytetu 8 Fundusze Europejskie dla edukacji na Dolnym \u015al\u0105sku, Dzia\u0142ania nr FEDS.08.01 Dost\u0119p do edukacji Programu Fundusze Europejskie dla Dolnego \u015al\u0105ska 2021-2027.<\/p><p style=\"text-align: center;\">Celem projektu jest wsparcie r\u00f3wnego dost\u0119pu do edukacji przedszkolnej wysokiej jako\u015bci poprzez utworzenie 50 nowych miejsc wychowania przedszkolnego w nowym Niepublicznym Przedszkolu &#8222;U Kubusia Puchatka&#8221; we Wroc\u0142awiu, realizacj\u0119 dodatkowych zaj\u0119\u0107 edukacyjnych i pomocy psychologiczno-pedagogicznej dla 50 dzieci, a tak\u017ce doskonalenie kadry pedagogicznej.<\/p><p style=\"text-align: center;\">Planowane dzia\u0142ania:<\/p><p style=\"text-align: center;\">1. Utworzenie 50 nowych miejsc wychowania przedszkolnego we Wroc\u0142awiu<\/p><p style=\"text-align: center;\">2. Wyposa\u017cenie OWP w pomoce dydaktyczne<\/p><p style=\"text-align: center;\">3. Zapewnienie bie\u017c\u0105cego funkcjonowania OWP U Kubusia Puchatka przez okres 24 m-cy<\/p><p style=\"text-align: center;\">4. Organizacja zaj\u0119\u0107 dodatkowych dla dzieci z OWP U Kubusia Puchatka<\/p><p style=\"text-align: center;\">5. Podnoszenie kompetencji i kwalifikacji kadry OWP U Kubusia Puchatka<\/p><p style=\"text-align: center;\">Uczestnicy:<\/p><p style=\"text-align: center;\">Dzieci w wieku 3-5 lat<\/p><p style=\"text-align: center;\">Kadra pedagogiczna i niepedagogiczna przedszkola<\/p><p style=\"text-align: center;\">Termin realizacji projektu:<\/p><p style=\"text-align: center;\">1.04.2024 &#8211; 31.12.2026<\/p><p style=\"text-align: center;\"><img decoding=\"async\" class=\"aligncenter wp-image-484 size-full\" src=\"http:\/\/przedszkole.olesnica.pl\/ne\/wp-content\/uploads\/2025\/04\/FEDDS-kolor-poziom-scaled.jpg\" alt=\"\" width=\"2560\" height=\"271\" srcset=\"https:\/\/przedszkole.olesnica.pl\/ne\/wp-content\/uploads\/2025\/04\/FEDDS-kolor-poziom-scaled.jpg 2560w, https:\/\/przedszkole.olesnica.pl\/ne\/wp-content\/uploads\/2025\/04\/FEDDS-kolor-poziom-300x32.jpg 300w, https:\/\/przedszkole.olesnica.pl\/ne\/wp-content\/uploads\/2025\/04\/FEDDS-kolor-poziom-1024x108.jpg 1024w, https:\/\/przedszkole.olesnica.pl\/ne\/wp-content\/uploads\/2025\/04\/FEDDS-kolor-poziom-768x81.jpg 768w, https:\/\/przedszkole.olesnica.pl\/ne\/wp-content\/uploads\/2025\/04\/FEDDS-kolor-poziom-1536x163.jpg 1536w, https:\/\/przedszkole.olesnica.pl\/ne\/wp-content\/uploads\/2025\/04\/FEDDS-kolor-poziom-2048x217.jpg 2048w\" sizes=\"(max-width: 2560px) 100vw, 2560px\" \/><\/p><p style=\"text-align: center;\">#FunduszeUE #FunduszeEuropejskie<\/p><p style=\"text-align: center;\">Warto\u015b\u0107 projektu: 4 307 198,50 z\u0142<br \/>Wysoko\u015b\u0107 wk\u0142adu z Funduszy Europejskich: 3 445 758,80 z\u0142<\/p>\t\t\t\t\t\t\t\t<\/div>\n\t\t\t\t<\/div>\n\t\t\t\t<\/div>\n\t\t\t\t\t<\/details>\n\t\t\t\t\t\t<details id=\"e-n-accordion-item-1581\" class=\"e-n-accordion-item\" >\n\t\t\t\t<summary class=\"e-n-accordion-item-title\" data-accordion-index=\"2\" tabindex=\"-1\" aria-expanded=\"false\" aria-controls=\"e-n-accordion-item-1581\" >\n\t\t\t\t\t<span class='e-n-accordion-item-title-header'><div class=\"e-n-accordion-item-title-text\"> Kubu\u015b Puchatek dla wszystkich - nowe przedszkole dla 50 dzieci w Jeszkowicach, gm. Czernica <\/div><\/span>\n\t\t\t\t\t\t\t<span class='e-n-accordion-item-title-icon'>\n\t\t\t<span class='e-opened' ><svg aria-hidden=\"true\" class=\"e-font-icon-svg e-fas-minus\" viewBox=\"0 0 448 512\" xmlns=\"http:\/\/www.w3.org\/2000\/svg\"><path d=\"M416 208H32c-17.67 0-32 14.33-32 32v32c0 17.67 14.33 32 32 32h384c17.67 0 32-14.33 32-32v-32c0-17.67-14.33-32-32-32z\"><\/path><\/svg><\/span>\n\t\t\t<span class='e-closed'><svg aria-hidden=\"true\" class=\"e-font-icon-svg e-fas-plus\" viewBox=\"0 0 448 512\" xmlns=\"http:\/\/www.w3.org\/2000\/svg\"><path d=\"M416 208H272V64c0-17.67-14.33-32-32-32h-32c-17.67 0-32 14.33-32 32v144H32c-17.67 0-32 14.33-32 32v32c0 17.67 14.33 32 32 32h144v144c0 17.67 14.33 32 32 32h32c17.67 0 32-14.33 32-32V304h144c17.67 0 32-14.33 32-32v-32c0-17.67-14.33-32-32-32z\"><\/path><\/svg><\/span>\n\t\t<\/span>\n\n\t\t\t\t\t\t<\/summary>\n\t\t\t\t<div role=\"region\" aria-labelledby=\"e-n-accordion-item-1581\" class=\"elementor-element elementor-element-f80cb8c e-flex e-con-boxed e-con e-child\" data-id=\"f80cb8c\" data-element_type=\"container\" data-e-type=\"container\">\n\t\t\t\t\t<div class=\"e-con-inner\">\n\t\t\t\t<div class=\"elementor-element elementor-element-8e982de elementor-widget elementor-widget-text-editor\" data-id=\"8e982de\" data-element_type=\"widget\" data-e-type=\"widget\" data-widget_type=\"text-editor.default\">\n\t\t\t\t<div class=\"elementor-widget-container\">\n\t\t\t\t\t\t\t\t\t<p style=\"text-align: center;\">Firma EURO TREND uzyska\u0142a dotacj\u0119 z Unii Europejskiej na projekt <strong>\u201eKUBU\u015a PUCHATEK DLA WSZYSTKICH &#8211; nowe przedszkole dla 50 dzieci w Jeszkowicach, gm. Czernica\u201d<\/strong> w ramach Priorytetu 8 Fundusze Europejskie dla edukacji na Dolnym \u015al\u0105sku, Dzia\u0142ania nr FEDS.08.01 Dost\u0119p do edukacji Programu Fundusze Europejskie dla Dolnego \u015al\u0105ska 2021-2027.<\/p><p style=\"text-align: center;\">Celem projektu jest wsparcie r\u00f3wnego dost\u0119pu do edukacji przedszkolnej wysokiej jako\u015bci poprzez utworzenie 50 nowych miejsc wychowania przedszkolnego w nowym Niepublicznym Przedszkolu &#8222;U Kubusia Puchatka&#8221; w Jeszkowicach, realizacj\u0119 dodatkowych zaj\u0119\u0107 edukacyjnych i pomocy psychologiczno-pedagogicznej dla 50 dzieci, a tak\u017ce doskonalenie kadry pedagogicznej.<\/p><p style=\"text-align: center;\">Planowane dzia\u0142ania:<\/p><p style=\"text-align: center;\">1. Utworzenie 50 nowych miejsc wychowania przedszkolnego w Jeszkowicach<\/p><p style=\"text-align: center;\">2. Wyposa\u017cenie OWP w pomoce dydaktyczne<\/p><p style=\"text-align: center;\">3. Zapewnienie bie\u017c\u0105cego funkcjonowania OWP U Kubusia Puchatka przez okres 24 m-cy<\/p><p style=\"text-align: center;\">4. Organizacja zaj\u0119\u0107 dodatkowych dla dzieci z OWP U Kubusia Puchatka<\/p><p style=\"text-align: center;\">5. Podnoszenie kompetencji i kwalifikacji kadry OWP U Kubusia Puchatka<\/p><p style=\"text-align: center;\">Uczestnicy:<\/p><p style=\"text-align: center;\">Dzieci w wieku 3-5 lat<\/p><p style=\"text-align: center;\">Kadra pedagogiczna i niepedagogiczna przedszkola<\/p><p style=\"text-align: center;\">Termin realizacji projektu:<\/p><p style=\"text-align: center;\">1.04.2024 &#8211; 31.12.2026<\/p><p style=\"text-align: center;\"><img decoding=\"async\" class=\"aligncenter wp-image-484 size-full\" src=\"http:\/\/przedszkole.olesnica.pl\/ne\/wp-content\/uploads\/2025\/04\/FEDDS-kolor-poziom-scaled.jpg\" alt=\"\" width=\"2560\" height=\"271\" srcset=\"https:\/\/przedszkole.olesnica.pl\/ne\/wp-content\/uploads\/2025\/04\/FEDDS-kolor-poziom-scaled.jpg 2560w, https:\/\/przedszkole.olesnica.pl\/ne\/wp-content\/uploads\/2025\/04\/FEDDS-kolor-poziom-300x32.jpg 300w, https:\/\/przedszkole.olesnica.pl\/ne\/wp-content\/uploads\/2025\/04\/FEDDS-kolor-poziom-1024x108.jpg 1024w, https:\/\/przedszkole.olesnica.pl\/ne\/wp-content\/uploads\/2025\/04\/FEDDS-kolor-poziom-768x81.jpg 768w, https:\/\/przedszkole.olesnica.pl\/ne\/wp-content\/uploads\/2025\/04\/FEDDS-kolor-poziom-1536x163.jpg 1536w, https:\/\/przedszkole.olesnica.pl\/ne\/wp-content\/uploads\/2025\/04\/FEDDS-kolor-poziom-2048x217.jpg 2048w\" sizes=\"(max-width: 2560px) 100vw, 2560px\" \/><\/p><p style=\"text-align: center;\">#FunduszeUE #FunduszeEuropejskie<\/p><p style=\"text-align: center;\">Warto\u015b\u0107 projektu: 4 598 056,50 z\u0142<br \/>Wysoko\u015b\u0107 wk\u0142adu z Funduszy Europejskich: 3 678 445,20 z\u0142<\/p>\t\t\t\t\t\t\t\t<\/div>\n\t\t\t\t<\/div>\n\t\t\t\t\t<\/div>\n\t\t\t\t<\/div>\n\t\t\t\t\t<\/details>\n\t\t\t\t\t<\/div>\n\t\t\t\t\t\t<\/div>\n\t\t\t\t<\/div>\n\t\t\t\t\t<\/div>\n\t\t\t\t<\/div>\n\t\t<div class=\"elementor-element elementor-element-6a236bc e-flex e-con-boxed e-con e-parent\" data-id=\"6a236bc\" data-element_type=\"container\" data-e-type=\"container\">\n\t\t\t\t\t<div class=\"e-con-inner\">\n\t\t\t\t<div class=\"elementor-element elementor-element-c7e3ea6 elementor-arrows-position-inside elementor-pagination-position-outside elementor-widget elementor-widget-image-carousel\" data-id=\"c7e3ea6\" data-element_type=\"widget\" data-e-type=\"widget\" data-settings=\"{&quot;slides_to_show&quot;:&quot;2&quot;,&quot;slides_to_scroll&quot;:&quot;2&quot;,&quot;navigation&quot;:&quot;both&quot;,&quot;autoplay&quot;:&quot;yes&quot;,&quot;pause_on_hover&quot;:&quot;yes&quot;,&quot;pause_on_interaction&quot;:&quot;yes&quot;,&quot;autoplay_speed&quot;:5000,&quot;infinite&quot;:&quot;yes&quot;,&quot;speed&quot;:500}\" data-widget_type=\"image-carousel.default\">\n\t\t\t\t<div class=\"elementor-widget-container\">\n\t\t\t\t\t\t\t<div class=\"elementor-image-carousel-wrapper swiper\" role=\"region\" aria-roledescription=\"carousel\" aria-label=\"Karuzela obrazk\u00f3w\" dir=\"ltr\">\n\t\t\t<div class=\"elementor-image-carousel swiper-wrapper\" aria-live=\"off\">\n\t\t\t\t\t\t\t\t<div class=\"swiper-slide\" role=\"group\" aria-roledescription=\"slide\" aria-label=\"1 z 2\"><figure class=\"swiper-slide-inner\"><img decoding=\"async\" class=\"swiper-slide-image\" src=\"https:\/\/przedszkole.olesnica.pl\/ne\/wp-content\/uploads\/2025\/04\/IwO-tablica-pop-768x512.jpg\" alt=\"IwO - tablica - pop\" \/><\/figure><\/div><div class=\"swiper-slide\" role=\"group\" aria-roledescription=\"slide\" aria-label=\"2 z 2\"><figure class=\"swiper-slide-inner\"><img decoding=\"async\" class=\"swiper-slide-image\" src=\"https:\/\/przedszkole.olesnica.pl\/ne\/wp-content\/uploads\/2025\/04\/Maluch-2022-29-promocja-768x543.jpg\" alt=\"Maluch+ 2022-29 - promocja\" \/><\/figure><\/div>\t\t\t<\/div>\n\t\t\t\t\t\t\t\t\t\t\t\t<div class=\"elementor-swiper-button elementor-swiper-button-prev\" role=\"button\" tabindex=\"0\">\n\t\t\t\t\t\t<svg aria-hidden=\"true\" class=\"e-font-icon-svg e-eicon-chevron-left\" viewBox=\"0 0 1000 1000\" xmlns=\"http:\/\/www.w3.org\/2000\/svg\"><path d=\"M646 125C629 125 613 133 604 142L308 442C296 454 292 471 292 487 292 504 296 521 308 533L604 854C617 867 629 875 646 875 663 875 679 871 692 858 704 846 713 829 713 812 713 796 708 779 692 767L438 487 692 225C700 217 708 204 708 187 708 171 704 154 692 142 675 129 663 125 646 125Z\"><\/path><\/svg>\t\t\t\t\t<\/div>\n\t\t\t\t\t<div class=\"elementor-swiper-button elementor-swiper-button-next\" role=\"button\" tabindex=\"0\">\n\t\t\t\t\t\t<svg aria-hidden=\"true\" class=\"e-font-icon-svg e-eicon-chevron-right\" viewBox=\"0 0 1000 1000\" xmlns=\"http:\/\/www.w3.org\/2000\/svg\"><path d=\"M696 533C708 521 713 504 713 487 713 471 708 454 696 446L400 146C388 133 375 125 354 125 338 125 325 129 313 142 300 154 292 171 292 187 292 204 296 221 308 233L563 492 304 771C292 783 288 800 288 817 288 833 296 850 308 863 321 871 338 875 354 875 371 875 388 867 400 854L696 533Z\"><\/path><\/svg>\t\t\t\t\t<\/div>\n\t\t\t\t\n\t\t\t\t\t\t\t\t\t<div class=\"swiper-pagination\"><\/div>\n\t\t\t\t\t\t\t\t\t<\/div>\n\t\t\t\t\t\t<\/div>\n\t\t\t\t<\/div>\n\t\t\t\t\t<\/div>\n\t\t\t\t<\/div>\n\t\t\t\t<\/div>\n\t\t","protected":false},"excerpt":{"rendered":"<p>Kubu\u015b Puchatek dla wszystkich &#8211; nowe przedszkole dla 50 [&hellip;]<\/p>\n","protected":false},"author":1,"featured_media":110,"parent":0,"menu_order":0,"comment_status":"closed","ping_status":"closed","template":"","meta":{"footnotes":""},"class_list":["post-480","page","type-page","status-publish","has-post-thumbnail","hentry"],"_links":{"self":[{"href":"https:\/\/przedszkole.olesnica.pl\/ne\/index.php?rest_route=\/wp\/v2\/pages\/480","targetHints":{"allow":["GET"]}}],"collection":[{"href":"https:\/\/przedszkole.olesnica.pl\/ne\/index.php?rest_route=\/wp\/v2\/pages"}],"about":[{"href":"https:\/\/przedszkole.olesnica.pl\/ne\/index.php?rest_route=\/wp\/v2\/types\/page"}],"author":[{"embeddable":true,"href":"https:\/\/przedszkole.olesnica.pl\/ne\/index.php?rest_route=\/wp\/v2\/users\/1"}],"replies":[{"embeddable":true,"href":"https:\/\/przedszkole.olesnica.pl\/ne\/index.php?rest_route=%2Fwp%2Fv2%2Fcomments&post=480"}],"version-history":[{"count":16,"href":"https:\/\/przedszkole.olesnica.pl\/ne\/index.php?rest_route=\/wp\/v2\/pages\/480\/revisions"}],"predecessor-version":[{"id":824,"href":"https:\/\/przedszkole.olesnica.pl\/ne\/index.php?rest_route=\/wp\/v2\/pages\/480\/revisions\/824"}],"wp:featuredmedia":[{"embeddable":true,"href":"https:\/\/przedszkole.olesnica.pl\/ne\/index.php?rest_route=\/wp\/v2\/media\/110"}],"wp:attachment":[{"href":"https:\/\/przedszkole.olesnica.pl\/ne\/index.php?rest_route=%2Fwp%2Fv2%2Fmedia&parent=480"}],"curies":[{"name":"wp","href":"https:\/\/api.w.org\/{rel}","templated":true}]}}