{"id":239,"date":"2025-03-27T12:04:32","date_gmt":"2025-03-27T12:04:32","guid":{"rendered":"https:\/\/przedszkole.olesnica.pl\/ne\/?page_id=239"},"modified":"2026-03-10T13:31:58","modified_gmt":"2026-03-10T13:31:58","slug":"239-2","status":"publish","type":"page","link":"https:\/\/przedszkole.olesnica.pl\/ne\/?page_id=239","title":{"rendered":""},"content":{"rendered":"\t\t<div data-elementor-type=\"wp-page\" data-elementor-id=\"239\" class=\"elementor elementor-239\">\n\t\t\t\t<div class=\"elementor-element elementor-element-298fff19 e-con-full e-flex e-con e-parent\" data-id=\"298fff19\" data-element_type=\"container\" data-e-type=\"container\">\n\t\t\t\t<div class=\"elementor-element elementor-element-b0f6f2f elementor-widget elementor-widget-heading\" data-id=\"b0f6f2f\" data-element_type=\"widget\" data-e-type=\"widget\" data-widget_type=\"heading.default\">\n\t\t\t\t<div class=\"elementor-widget-container\">\n\t\t\t\t\t<h2 class=\"elementor-heading-title elementor-size-default\">Op\u0142aty za pobyt dziecka w \u017c\u0142obku lub przedszkolu<\/h2>\t\t\t\t<\/div>\n\t\t\t\t<\/div>\n\t\t\t\t<div class=\"elementor-element elementor-element-0c2e86b elementor-widget elementor-widget-heading\" data-id=\"0c2e86b\" data-element_type=\"widget\" data-e-type=\"widget\" data-widget_type=\"heading.default\">\n\t\t\t\t<div class=\"elementor-widget-container\">\n\t\t\t\t\t<h3 class=\"elementor-heading-title elementor-size-default\">w roku szkolnym 2026\/2027<\/h3>\t\t\t\t<\/div>\n\t\t\t\t<\/div>\n\t\t<div class=\"elementor-element elementor-element-c1bde2b e-con-full e-flex e-con e-child\" data-id=\"c1bde2b\" data-element_type=\"container\" data-e-type=\"container\">\n\t\t\t\t<div class=\"elementor-element elementor-element-edc67d9 elementor-widget elementor-widget-heading\" data-id=\"edc67d9\" data-element_type=\"widget\" data-e-type=\"widget\" data-widget_type=\"heading.default\">\n\t\t\t\t<div class=\"elementor-widget-container\">\n\t\t\t\t\t<div class=\"elementor-heading-title elementor-size-default\">przed wype\u0142nieniem formularza zg\u0142oszeniowego prosimy o zapoznanie si\u0119 z op\u0142atami oraz mo\u017cliwo\u015bciami dofinansowania<\/div>\t\t\t\t<\/div>\n\t\t\t\t<\/div>\n\t\t\t\t<\/div>\n\t\t\t\t<\/div>\n\t\t<div class=\"elementor-element elementor-element-4cc5f69 e-con-full e-flex e-con e-parent\" data-id=\"4cc5f69\" data-element_type=\"container\" data-e-type=\"container\">\n\t\t\t\t<div class=\"elementor-element elementor-element-f657809 e-n-tabs-mobile elementor-widget elementor-widget-n-tabs\" data-id=\"f657809\" data-element_type=\"widget\" data-e-type=\"widget\" data-settings=\"{&quot;horizontal_scroll&quot;:&quot;disable&quot;}\" data-widget_type=\"nested-tabs.default\">\n\t\t\t\t<div class=\"elementor-widget-container\">\n\t\t\t\t\t\t\t<div class=\"e-n-tabs\" data-widget-number=\"258308105\" aria-label=\"Karty. Otwieraj elementy za pomoc\u0105 Enter lub Spacji, zamykaj za pomoc\u0105 Escape i nawiguj za pomoc\u0105 klawiszy strza\u0142ek.\">\n\t\t\t<div class=\"e-n-tabs-heading\" role=\"tablist\">\n\t\t\t\t\t<button id=\"e-n-tab-title-2583081051\" data-tab-title-id=\"e-n-tab-title-2583081051\" class=\"e-n-tab-title\" aria-selected=\"true\" data-tab-index=\"1\" role=\"tab\" tabindex=\"0\" aria-controls=\"e-n-tab-content-2583081051\" style=\"--n-tabs-title-order: 1;\">\n\t\t\t\t\t\t<span class=\"e-n-tab-title-text\">\n\t\t\t\t\u017b\u0142obek w Ole\u015bnicy\t\t\t<\/span>\n\t\t<\/button>\n\t\t\t\t<button id=\"e-n-tab-title-2583081052\" data-tab-title-id=\"e-n-tab-title-2583081052\" class=\"e-n-tab-title\" aria-selected=\"false\" data-tab-index=\"2\" role=\"tab\" tabindex=\"-1\" aria-controls=\"e-n-tab-content-2583081052\" style=\"--n-tabs-title-order: 2;\">\n\t\t\t\t\t\t<span class=\"e-n-tab-title-text\">\n\t\t\t\t\u017b\u0142obek w Sycowie\t\t\t<\/span>\n\t\t<\/button>\n\t\t\t\t<button id=\"e-n-tab-title-2583081053\" data-tab-title-id=\"e-n-tab-title-2583081053\" class=\"e-n-tab-title\" aria-selected=\"false\" data-tab-index=\"3\" role=\"tab\" tabindex=\"-1\" aria-controls=\"e-n-tab-content-2583081053\" style=\"--n-tabs-title-order: 3;\">\n\t\t\t\t\t\t<span class=\"e-n-tab-title-text\">\n\t\t\t\t\u017b\u0142obek we Wroc\u0142awiu\t\t\t<\/span>\n\t\t<\/button>\n\t\t\t\t<button id=\"e-n-tab-title-2583081054\" data-tab-title-id=\"e-n-tab-title-2583081054\" class=\"e-n-tab-title\" aria-selected=\"false\" data-tab-index=\"4\" role=\"tab\" tabindex=\"-1\" aria-controls=\"e-n-tab-content-2583081054\" style=\"--n-tabs-title-order: 4;\">\n\t\t\t\t\t\t<span class=\"e-n-tab-title-text\">\n\t\t\t\tPRZEDSZKOLE WE WROC\u0141AWIU\t\t\t<\/span>\n\t\t<\/button>\n\t\t\t\t<button id=\"e-n-tab-title-2583081055\" data-tab-title-id=\"e-n-tab-title-2583081055\" class=\"e-n-tab-title\" aria-selected=\"false\" data-tab-index=\"5\" role=\"tab\" tabindex=\"-1\" aria-controls=\"e-n-tab-content-2583081055\" style=\"--n-tabs-title-order: 5;\">\n\t\t\t\t\t\t<span class=\"e-n-tab-title-text\">\n\t\t\t\tPRZEDSZKOLE W Jeszkowicach\t\t\t<\/span>\n\t\t<\/button>\n\t\t\t\t\t<\/div>\n\t\t\t<div class=\"e-n-tabs-content\">\n\t\t\t\t<div id=\"e-n-tab-content-2583081051\" role=\"tabpanel\" aria-labelledby=\"e-n-tab-title-2583081051\" data-tab-index=\"1\" style=\"--n-tabs-title-order: 1;\" class=\"e-active elementor-element elementor-element-28a7daa e-con-full e-flex e-con e-child\" data-id=\"28a7daa\" data-element_type=\"container\" data-e-type=\"container\">\n\t\t\t\t<div class=\"elementor-element elementor-element-1423f44 elementor-widget elementor-widget-ucaddon_icon_pricing_table\" data-id=\"1423f44\" data-element_type=\"widget\" data-e-type=\"widget\" data-widget_type=\"ucaddon_icon_pricing_table.default\">\n\t\t\t\t<div class=\"elementor-widget-container\">\n\t\t\t\t\t\n<!-- start Pricing Table -->\n\t\t<link id='font-awesome-css' href='https:\/\/przedszkole.olesnica.pl\/ne\/wp-content\/plugins\/unlimited-elements-for-elementor\/assets_libraries\/font-awesome6\/fontawesome-all.min.css' type='text\/css' rel='stylesheet' >\n\t\t<link id='font-awesome-4-shim-css' href='https:\/\/przedszkole.olesnica.pl\/ne\/wp-content\/plugins\/unlimited-elements-for-elementor\/assets_libraries\/font-awesome6\/fontawesome-v4-shims.min.css' type='text\/css' rel='stylesheet' >\n\n<style>\/* widget: Pricing Table *\/\n\n#uc_icon_pricing_table_elementor_1423f44 *{\n\tbox-sizing: border-box;\n}\n\n#uc_icon_pricing_table_elementor_1423f44\n{\n  overflow:hidden;\n  position:relative;\n}\n#uc_icon_pricing_table_elementor_1423f44 .ue_badge\n{\n  position: absolute;\n    top: 16px;\n    \t\n    left: -70px;transform: rotate(-45deg);    padding: 5px 0px;\n    width: 200px;\n    text-align: center;\n    box-sizing: border-box;\n    z-index:2;\n}\n\n.ue_badge\n{\n  font-size:10px;\n  line-height:1em;\n}\n#uc_icon_pricing_table_elementor_1423f44 .uc_ispt_container{\n}\n.uc_ispt_header_title{\n\tfont-size:18px;\n}\n#uc_icon_pricing_table_elementor_1423f44 .uc_ispt_container .uc_ispt_container_main{\n\tposition:relative;\n\tz-index:1;\n}\n\n\n#uc_icon_pricing_table_elementor_1423f44 .uc_ispt_container_icon{\n\tdisplay:flex;\n    align-items:center;\n    justify-content:center;\n\ttext-align:center;\n    line-height:1em;\n    overflow:hidden;\n}\n\n#uc_icon_pricing_table_elementor_1423f44 .uc_ispt_container_icon svg\n{\n  height:1em;\n  width:1em;\n}\n\n#uc_icon_pricing_table_elementor_1423f44 .uc_ispt_container_icon img\n{\n  \n}\n\n.uc_ispt_container_price{\n\tfont-size:35px;\n}\n\n.uc_ispt_container_price .uc_ispt_sub{\n\tfont-size:15px;\n\tdisplay:inline-block;\n}\n\n\t\n#uc_icon_pricing_table_elementor_1423f44 .uc_ispt_container .uc_ispt_container_main .uc_ispt_btn{\n\ttext-decoration:none;\n    text-align:center;\n\ttransition:all 0.3s ease;\n}\n\n.ue_old_price\n{\n  text-decoration: line-through;\n}\n\n#uc_icon_pricing_table_elementor_1423f44 .uc_ispt_header_content\n{\n  display:flex;\n}\n\n#uc_icon_pricing_table_elementor_1423f44 .ue_pricing_above_header\n{\n  display:flex;\n}\n\n\n#uc_icon_pricing_table_elementor_1423f44 .uc_ispt_container_list_row\n{\n  display:flex;\n  align-items:center;\n}\n\n#uc_icon_pricing_table_elementor_1423f44 .uc_ispt_container_list_row_spacing\n{\n  flex-grow:0;\n  flex-shrink:0;\n}\n\n#uc_icon_pricing_table_elementor_1423f44 .uc_ispt_container_list_row_icon\n{\n  flex-grow:0;\n  flex-shrink:0;\n}\n\n#uc_icon_pricing_table_elementor_1423f44 .uc_ispt_container_list_row_icon svg\n{\n  height:1em;\n  width:1em;\n}\n\n\n#uc_icon_pricing_table_elementor_1423f44 .ue_pricing_table_content\n{\n  display:flex;\n  flex-direction:column;\n}\n\n\n\n<\/style>\n\n<div class=\"uc_icon_solid_pricing_table\" id=\"uc_icon_pricing_table_elementor_1423f44\">\n  \n \n\t<div class=\"ue_badge\">350 z\u0142<\/div>  \n\t\n\n  \n  \n        <div class=\"uc_ispt_container\">\n          \n           <div class=\"ue_pricing_above_header\">\n                                            <div class=\"uc_ispt_container_icon\">\n                                                    <span class=\"ue-ge-image\"><img decoding=\"async\" src=\"https:\/\/przedszkole.olesnica.pl\/ne\/wp-content\/uploads\/2025\/03\/LOGO-oca.png\"><\/span>                         <\/div>\n                                 \n                                        <div class=\"uc_ispt_header_title\"> Dla dzieci zamieszka\u0142ych na terenie miasta Ole\u015bnicy <\/div>\n                                        \n                               <\/div>\n           \n            <div class=\"uc_ispt_header\">\n                \n                <div class=\"uc_ispt_header_content\">\n                    \n                    \t\n                    \n                    \t\n                  \n                                      \n                  \n                                                            <div class=\"uc_ispt_container_price\"> 1850 <div class=\"uc_ispt_sub ue_pricing_table_currency\">z\u0142<\/div><div class=\"uc_ispt_sub ue_pricing_table_duration\">\/miesi\u0105c<\/div><\/div>\n                                    <\/div>\n                \n            <\/div>         \n           \n           <div class=\"uc_ispt_container_main\">\n           \t\t\n             \t\t\n                    <div class=\"ue_pricing_table_content\">\n                                        \n                    \t\n                      \n                                        <div class=\"uc_ispt_header_subtitle\"> Po uzyskaniu dofinansowania z programu \"Aktywnie w \u017c\u0142obku\" (na wniosek rodzica) czesne wynosi 350 z\u0142\/miesi\u0105c <\/div>\n                                        \n                                        <\/div>\n             \n                <div class=\"uc_ispt_container_list\">\n\t\t\t\t\t<div class=\"uc_ispt_container_list_row elementor-repeater-item-e6333f2\">\n    <div class=\"uc_ispt_container_list_row_icon\"><i class='fas fa-check'><\/i><\/div>\n  <div class=\"uc_ispt_container_list_row_spacing\"><\/div>\n    <div class=\"uc_ispt_container_list_row_txt\">450 z\u0142\/rok - wpisowe<\/div>\n  <\/div>\n<div class=\"uc_ispt_container_list_row elementor-repeater-item-ffc5ff8\">\n    <div class=\"uc_ispt_container_list_row_icon\"><i class=''><\/i><\/div>\n  <div class=\"uc_ispt_container_list_row_spacing\"><\/div>\n    <div class=\"uc_ispt_container_list_row_txt\">wy\u017cywienie: <\/div>\n  <\/div>\n<div class=\"uc_ispt_container_list_row elementor-repeater-item-2c71026\">\n    <div class=\"uc_ispt_container_list_row_icon\"><i class='fas fa-utensils'><\/i><\/div>\n  <div class=\"uc_ispt_container_list_row_spacing\"><\/div>\n    <div class=\"uc_ispt_container_list_row_txt\">20 z\u0142\/dzie\u0144 - dieta podstawowa<\/div>\n  <\/div>\n<div class=\"uc_ispt_container_list_row elementor-repeater-item-85f51fa\">\n    <div class=\"uc_ispt_container_list_row_icon\"><i class='fas fa-utensils'><\/i><\/div>\n  <div class=\"uc_ispt_container_list_row_spacing\"><\/div>\n    <div class=\"uc_ispt_container_list_row_txt\">21 z\u0142\/dzie\u0144 - dieta bezmleczna<\/div>\n  <\/div>\n<div class=\"uc_ispt_container_list_row elementor-repeater-item-bb62cd7\">\n    <div class=\"uc_ispt_container_list_row_icon\"><i class='far fa-bell'><\/i><\/div>\n  <div class=\"uc_ispt_container_list_row_spacing\"><\/div>\n    <div class=\"uc_ispt_container_list_row_txt\">Dzieci zamieszka\u0142e poza terenem miasta Ole\u015bnicy - dop\u0142ata w wysoko\u015bci 450 z\u0142<\/div>\n  <\/div>\n\n                <\/div>\n                \n                \n           <\/div>\n          \n            <div class=\"ue_pricing_table_footer\">\n                <a href=\"\" class=\"uc_ispt_btn uc_more_btn\" >Formularz<\/a>                <div class=\"ue_pricing_table_footer_text\"><\/div>            <\/div>\n            \n        <\/div>\n    <\/div>\n<!-- end Pricing Table -->\t\t\t\t<\/div>\n\t\t\t\t<\/div>\n\t\t\t\t<div class=\"elementor-element elementor-element-1453223 elementor-widget-divider--separator-type-pattern elementor-widget-divider--no-spacing elementor-widget-divider--view-line elementor-widget elementor-widget-divider\" data-id=\"1453223\" data-element_type=\"widget\" data-e-type=\"widget\" data-widget_type=\"divider.default\">\n\t\t\t\t<div class=\"elementor-widget-container\">\n\t\t\t\t\t\t\t<div class=\"elementor-divider\" style=\"--divider-pattern-url: url(&quot;data:image\/svg+xml,%3Csvg xmlns=&#039;http:\/\/www.w3.org\/2000\/svg&#039; preserveAspectRatio=&#039;xMidYMid meet&#039; overflow=&#039;visible&#039; height=&#039;100%&#039; viewBox=&#039;0 0 126 26&#039; fill=&#039;black&#039; stroke=&#039;none&#039;%3E%3Cpath d=&#039;M3,10.2c2.6,0,2.6,2,2.6,3.2S4.4,16.5,3,16.5s-3-1.4-3-3.2S0.4,10.2,3,10.2z M18.8,10.2c1.7,0,3.2,1.4,3.2,3.2s-1.4,3.2-3.2,3.2c-1.7,0-3.2-1.4-3.2-3.2S17,10.2,18.8,10.2z M34.6,10.2c1.5,0,2.6,1.4,2.6,3.2s-0.5,3.2-1.9,3.2c-1.5,0-3.4-1.4-3.4-3.2S33.1,10.2,34.6,10.2z M50.5,10.2c1.7,0,3.2,1.4,3.2,3.2s-1.4,3.2-3.2,3.2c-1.7,0-3.3-0.9-3.3-2.6S48.7,10.2,50.5,10.2z M66.2,10.2c1.5,0,3.4,1.4,3.4,3.2s-1.9,3.2-3.4,3.2c-1.5,0-2.6-0.4-2.6-2.1S64.8,10.2,66.2,10.2z M82.2,10.2c1.7,0.8,2.6,1.4,2.6,3.2s-0.1,3.2-1.6,3.2c-1.5,0-3.7-1.4-3.7-3.2S80.5,9.4,82.2,10.2zM98.6,10.2c1.5,0,2.6,0.4,2.6,2.1s-1.2,4.2-2.6,4.2c-1.5,0-3.7-0.4-3.7-2.1S97.1,10.2,98.6,10.2z M113.4,10.2c1.2,0,2.2,0.9,2.2,3.2s-0.1,3.2-1.3,3.2s-3.1-1.4-3.1-3.2S112.2,10.2,113.4,10.2z&#039;\/%3E%3C\/svg%3E&quot;);\">\n\t\t\t<span class=\"elementor-divider-separator\">\n\t\t\t\t\t\t<\/span>\n\t\t<\/div>\n\t\t\t\t\t\t<\/div>\n\t\t\t\t<\/div>\n\t\t\t\t<\/div>\n\t\t<div id=\"e-n-tab-content-2583081052\" role=\"tabpanel\" aria-labelledby=\"e-n-tab-title-2583081052\" data-tab-index=\"2\" style=\"--n-tabs-title-order: 2;\" class=\" elementor-element elementor-element-660ba72 e-con-full e-flex e-con e-child\" data-id=\"660ba72\" data-element_type=\"container\" data-e-type=\"container\">\n\t\t\t\t<div class=\"elementor-element elementor-element-45c6e79 elementor-widget elementor-widget-ucaddon_icon_pricing_table\" data-id=\"45c6e79\" data-element_type=\"widget\" data-e-type=\"widget\" data-widget_type=\"ucaddon_icon_pricing_table.default\">\n\t\t\t\t<div class=\"elementor-widget-container\">\n\t\t\t\t\t\n<!-- start Pricing Table -->\n\n<style>\/* widget: Pricing Table *\/\n\n#uc_icon_pricing_table_elementor_45c6e79 *{\n\tbox-sizing: border-box;\n}\n\n#uc_icon_pricing_table_elementor_45c6e79\n{\n  overflow:hidden;\n  position:relative;\n}\n#uc_icon_pricing_table_elementor_45c6e79 .ue_badge\n{\n  position: absolute;\n    top: 16px;\n    \t\n    left: -70px;transform: rotate(-45deg);    padding: 5px 0px;\n    width: 200px;\n    text-align: center;\n    box-sizing: border-box;\n    z-index:2;\n}\n\n.ue_badge\n{\n  font-size:10px;\n  line-height:1em;\n}\n#uc_icon_pricing_table_elementor_45c6e79 .uc_ispt_container{\n}\n.uc_ispt_header_title{\n\tfont-size:18px;\n}\n#uc_icon_pricing_table_elementor_45c6e79 .uc_ispt_container .uc_ispt_container_main{\n\tposition:relative;\n\tz-index:1;\n}\n\n\n#uc_icon_pricing_table_elementor_45c6e79 .uc_ispt_container_icon{\n\tdisplay:flex;\n    align-items:center;\n    justify-content:center;\n\ttext-align:center;\n    line-height:1em;\n    overflow:hidden;\n}\n\n#uc_icon_pricing_table_elementor_45c6e79 .uc_ispt_container_icon svg\n{\n  height:1em;\n  width:1em;\n}\n\n#uc_icon_pricing_table_elementor_45c6e79 .uc_ispt_container_icon img\n{\n  \n}\n\n.uc_ispt_container_price{\n\tfont-size:35px;\n}\n\n.uc_ispt_container_price .uc_ispt_sub{\n\tfont-size:15px;\n\tdisplay:inline-block;\n}\n\n\t\n#uc_icon_pricing_table_elementor_45c6e79 .uc_ispt_container .uc_ispt_container_main .uc_ispt_btn{\n\ttext-decoration:none;\n    text-align:center;\n\ttransition:all 0.3s ease;\n}\n\n.ue_old_price\n{\n  text-decoration: line-through;\n}\n\n#uc_icon_pricing_table_elementor_45c6e79 .uc_ispt_header_content\n{\n  display:flex;\n}\n\n#uc_icon_pricing_table_elementor_45c6e79 .ue_pricing_above_header\n{\n  display:flex;\n}\n\n\n#uc_icon_pricing_table_elementor_45c6e79 .uc_ispt_container_list_row\n{\n  display:flex;\n  align-items:center;\n}\n\n#uc_icon_pricing_table_elementor_45c6e79 .uc_ispt_container_list_row_spacing\n{\n  flex-grow:0;\n  flex-shrink:0;\n}\n\n#uc_icon_pricing_table_elementor_45c6e79 .uc_ispt_container_list_row_icon\n{\n  flex-grow:0;\n  flex-shrink:0;\n}\n\n#uc_icon_pricing_table_elementor_45c6e79 .uc_ispt_container_list_row_icon svg\n{\n  height:1em;\n  width:1em;\n}\n\n\n#uc_icon_pricing_table_elementor_45c6e79 .ue_pricing_table_content\n{\n  display:flex;\n  flex-direction:column;\n}\n\n\n\n<\/style>\n\n<div class=\"uc_icon_solid_pricing_table\" id=\"uc_icon_pricing_table_elementor_45c6e79\">\n  \n \n\t<div class=\"ue_badge\">400 z\u0142<\/div>  \n\t\n\n  \n  \n        <div class=\"uc_ispt_container\">\n          \n           <div class=\"ue_pricing_above_header\">\n                                            <div class=\"uc_ispt_container_icon\">\n                                                    <span class=\"ue-ge-image\"><img decoding=\"async\" src=\"https:\/\/przedszkole.olesnica.pl\/ne\/wp-content\/uploads\/2025\/03\/Zlobek-U-Kubusia-Puchatka-w-Sycowie.png\"><\/span>                         <\/div>\n                                 \n                                        <div class=\"uc_ispt_header_title\"> Dla dzieci zamieszka\u0142ych na terenie miasta i gminy Syc\u00f3w <\/div>\n                                        \n                               <\/div>\n           \n            <div class=\"uc_ispt_header\">\n                \n                <div class=\"uc_ispt_header_content\">\n                    \n                    \t\n                    \n                    \t\n                  \n                                      \n                  \n                                                            <div class=\"uc_ispt_container_price\"> 1900 <div class=\"uc_ispt_sub ue_pricing_table_currency\">z\u0142<\/div><div class=\"uc_ispt_sub ue_pricing_table_duration\">\/miesi\u0105c<\/div><\/div>\n                                    <\/div>\n                \n            <\/div>         \n           \n           <div class=\"uc_ispt_container_main\">\n           \t\t\n             \t\t\n                    <div class=\"ue_pricing_table_content\">\n                                        \n                    \t\n                      \n                                        <div class=\"uc_ispt_header_subtitle\"> Po uzyskaniu dofinansowania z programu \"Aktywnie w \u017c\u0142obku\" (na wniosek rodzica) czesne wynosi 400 z\u0142\/miesi\u0105c <\/div>\n                                        \n                                        <\/div>\n             \n                <div class=\"uc_ispt_container_list\">\n\t\t\t\t\t<div class=\"uc_ispt_container_list_row elementor-repeater-item-e6333f2\">\n    <div class=\"uc_ispt_container_list_row_icon\"><i class='fas fa-check'><\/i><\/div>\n  <div class=\"uc_ispt_container_list_row_spacing\"><\/div>\n    <div class=\"uc_ispt_container_list_row_txt\">450 z\u0142\/rok - wpisowe<\/div>\n  <\/div>\n<div class=\"uc_ispt_container_list_row elementor-repeater-item-ffc5ff8\">\n    <div class=\"uc_ispt_container_list_row_icon\"><i class=''><\/i><\/div>\n  <div class=\"uc_ispt_container_list_row_spacing\"><\/div>\n    <div class=\"uc_ispt_container_list_row_txt\">wy\u017cywienie: <\/div>\n  <\/div>\n<div class=\"uc_ispt_container_list_row elementor-repeater-item-2c71026\">\n    <div class=\"uc_ispt_container_list_row_icon\"><i class='fas fa-utensils'><\/i><\/div>\n  <div class=\"uc_ispt_container_list_row_spacing\"><\/div>\n    <div class=\"uc_ispt_container_list_row_txt\">21 z\u0142\/dzie\u0144 - dieta podstawowa<\/div>\n  <\/div>\n<div class=\"uc_ispt_container_list_row elementor-repeater-item-85f51fa\">\n    <div class=\"uc_ispt_container_list_row_icon\"><i class='fas fa-utensils'><\/i><\/div>\n  <div class=\"uc_ispt_container_list_row_spacing\"><\/div>\n    <div class=\"uc_ispt_container_list_row_txt\">22 z\u0142\/dzie\u0144 - dieta bezmleczna<\/div>\n  <\/div>\n<div class=\"uc_ispt_container_list_row elementor-repeater-item-bb62cd7\">\n    <div class=\"uc_ispt_container_list_row_icon\"><i class='far fa-bell'><\/i><\/div>\n  <div class=\"uc_ispt_container_list_row_spacing\"><\/div>\n    <div class=\"uc_ispt_container_list_row_txt\">Dzieci zamieszka\u0142e poza terenem miasta i gminy Syc\u00f3w  - dop\u0142ata w wysoko\u015bci 400 z\u0142<\/div>\n  <\/div>\n\n                <\/div>\n                \n                \n           <\/div>\n          \n            <div class=\"ue_pricing_table_footer\">\n                <a href=\"https:\/\/web-proxy.livekid.com\/apply\/64493466\/74ce0d74-1de7-481e-8415-3c90376023da\" class=\"uc_ispt_btn uc_more_btn\" >Formularz<\/a>                <div class=\"ue_pricing_table_footer_text\"><\/div>            <\/div>\n            \n        <\/div>\n    <\/div>\n<!-- end Pricing Table -->\t\t\t\t<\/div>\n\t\t\t\t<\/div>\n\t\t\t\t<\/div>\n\t\t<div id=\"e-n-tab-content-2583081053\" role=\"tabpanel\" aria-labelledby=\"e-n-tab-title-2583081053\" data-tab-index=\"3\" style=\"--n-tabs-title-order: 3;\" class=\" elementor-element elementor-element-5e2b793 e-con-full e-flex e-con e-child\" data-id=\"5e2b793\" data-element_type=\"container\" data-e-type=\"container\">\n\t\t\t\t<div class=\"elementor-element elementor-element-7d2e883 elementor-widget elementor-widget-ucaddon_icon_pricing_table\" data-id=\"7d2e883\" data-element_type=\"widget\" data-e-type=\"widget\" data-widget_type=\"ucaddon_icon_pricing_table.default\">\n\t\t\t\t<div class=\"elementor-widget-container\">\n\t\t\t\t\t\n<!-- start Pricing Table -->\n\n<style>\/* widget: Pricing Table *\/\n\n#uc_icon_pricing_table_elementor_7d2e883 *{\n\tbox-sizing: border-box;\n}\n\n#uc_icon_pricing_table_elementor_7d2e883\n{\n  overflow:hidden;\n  position:relative;\n}\n#uc_icon_pricing_table_elementor_7d2e883 .ue_badge\n{\n  position: absolute;\n    top: 16px;\n    \t\n    left: -70px;transform: rotate(-45deg);    padding: 5px 0px;\n    width: 200px;\n    text-align: center;\n    box-sizing: border-box;\n    z-index:2;\n}\n\n.ue_badge\n{\n  font-size:10px;\n  line-height:1em;\n}\n#uc_icon_pricing_table_elementor_7d2e883 .uc_ispt_container{\n}\n.uc_ispt_header_title{\n\tfont-size:18px;\n}\n#uc_icon_pricing_table_elementor_7d2e883 .uc_ispt_container .uc_ispt_container_main{\n\tposition:relative;\n\tz-index:1;\n}\n\n\n#uc_icon_pricing_table_elementor_7d2e883 .uc_ispt_container_icon{\n\tdisplay:flex;\n    align-items:center;\n    justify-content:center;\n\ttext-align:center;\n    line-height:1em;\n    overflow:hidden;\n}\n\n#uc_icon_pricing_table_elementor_7d2e883 .uc_ispt_container_icon svg\n{\n  height:1em;\n  width:1em;\n}\n\n#uc_icon_pricing_table_elementor_7d2e883 .uc_ispt_container_icon img\n{\n  \n}\n\n.uc_ispt_container_price{\n\tfont-size:35px;\n}\n\n.uc_ispt_container_price .uc_ispt_sub{\n\tfont-size:15px;\n\tdisplay:inline-block;\n}\n\n\t\n#uc_icon_pricing_table_elementor_7d2e883 .uc_ispt_container .uc_ispt_container_main .uc_ispt_btn{\n\ttext-decoration:none;\n    text-align:center;\n\ttransition:all 0.3s ease;\n}\n\n.ue_old_price\n{\n  text-decoration: line-through;\n}\n\n#uc_icon_pricing_table_elementor_7d2e883 .uc_ispt_header_content\n{\n  display:flex;\n}\n\n#uc_icon_pricing_table_elementor_7d2e883 .ue_pricing_above_header\n{\n  display:flex;\n}\n\n\n#uc_icon_pricing_table_elementor_7d2e883 .uc_ispt_container_list_row\n{\n  display:flex;\n  align-items:center;\n}\n\n#uc_icon_pricing_table_elementor_7d2e883 .uc_ispt_container_list_row_spacing\n{\n  flex-grow:0;\n  flex-shrink:0;\n}\n\n#uc_icon_pricing_table_elementor_7d2e883 .uc_ispt_container_list_row_icon\n{\n  flex-grow:0;\n  flex-shrink:0;\n}\n\n#uc_icon_pricing_table_elementor_7d2e883 .uc_ispt_container_list_row_icon svg\n{\n  height:1em;\n  width:1em;\n}\n\n\n#uc_icon_pricing_table_elementor_7d2e883 .ue_pricing_table_content\n{\n  display:flex;\n  flex-direction:column;\n}\n\n\n\n<\/style>\n\n<div class=\"uc_icon_solid_pricing_table\" id=\"uc_icon_pricing_table_elementor_7d2e883\">\n  \n \n\t<div class=\"ue_badge\">0 z\u0142<\/div>  \n\t\n\n  \n  \n        <div class=\"uc_ispt_container\">\n          \n           <div class=\"ue_pricing_above_header\">\n                                            <div class=\"uc_ispt_container_icon\">\n                                                    <span class=\"ue-ge-image\"><img decoding=\"async\" src=\"https:\/\/przedszkole.olesnica.pl\/ne\/wp-content\/uploads\/2025\/04\/LOGO-zlobkow.png\"><\/span>                         <\/div>\n                                 \n                                        <div class=\"uc_ispt_header_title\"> Niezale\u017cnie od miejsca zamieszkania - mo\u017cliwo\u015bci dofinansowania poni\u017cej <\/div>\n                                        \n                               <\/div>\n           \n            <div class=\"uc_ispt_header\">\n                \n                <div class=\"uc_ispt_header_content\">\n                    \n                    \t\n                    \n                    \t\n                  \n                                      \n                  \n                                                            <div class=\"uc_ispt_container_price\"> 2300 <div class=\"uc_ispt_sub ue_pricing_table_currency\">z\u0142<\/div><div class=\"uc_ispt_sub ue_pricing_table_duration\">\/miesi\u0105c<\/div><\/div>\n                                    <\/div>\n                \n            <\/div>         \n           \n           <div class=\"uc_ispt_container_main\">\n           \t\t\n             \t\t\n                    <div class=\"ue_pricing_table_content\">\n                                        \n                    \t\n                      \n                                        <div class=\"uc_ispt_header_subtitle\"> Po uzyskaniu dofinansowania z programu \"Aktywnie w \u017c\u0142obku\" (na wniosek rodzica) czesne mo\u017ce wynie\u015b\u0107 0 z\u0142 <\/div>\n                                        \n                                        <\/div>\n             \n                <div class=\"uc_ispt_container_list\">\n\t\t\t\t\t<div class=\"uc_ispt_container_list_row elementor-repeater-item-e6333f2\">\n    <div class=\"uc_ispt_container_list_row_icon\"><i class='fas fa-check'><\/i><\/div>\n  <div class=\"uc_ispt_container_list_row_spacing\"><\/div>\n    <div class=\"uc_ispt_container_list_row_txt\">550 z\u0142\/rok - wpisowe<\/div>\n  <\/div>\n<div class=\"uc_ispt_container_list_row elementor-repeater-item-ffc5ff8\">\n    <div class=\"uc_ispt_container_list_row_icon\"><i class=''><\/i><\/div>\n  <div class=\"uc_ispt_container_list_row_spacing\"><\/div>\n    <div class=\"uc_ispt_container_list_row_txt\">wy\u017cywienie: <\/div>\n  <\/div>\n<div class=\"uc_ispt_container_list_row elementor-repeater-item-2c71026\">\n    <div class=\"uc_ispt_container_list_row_icon\"><i class='fas fa-utensils'><\/i><\/div>\n  <div class=\"uc_ispt_container_list_row_spacing\"><\/div>\n    <div class=\"uc_ispt_container_list_row_txt\">27 z\u0142\/dzie\u0144 - dieta podstawowa<\/div>\n  <\/div>\n<div class=\"uc_ispt_container_list_row elementor-repeater-item-d0e591c\">\n    <div class=\"uc_ispt_container_list_row_icon\"><i class='fas fa-utensils'><\/i><\/div>\n  <div class=\"uc_ispt_container_list_row_spacing\"><\/div>\n    <div class=\"uc_ispt_container_list_row_txt\">28 z\u0142\/dzie\u0144 - dieta bezmleczna<\/div>\n  <\/div>\n<div class=\"uc_ispt_container_list_row elementor-repeater-item-85f51fa\">\n    <div class=\"uc_ispt_container_list_row_icon\"><i class='fas fa-utensils'><\/i><\/div>\n  <div class=\"uc_ispt_container_list_row_spacing\"><\/div>\n    <div class=\"uc_ispt_container_list_row_txt\">28 z\u0142\/dzie\u0144 - dieta wegetaria\u0144ska<\/div>\n  <\/div>\n<div class=\"uc_ispt_container_list_row elementor-repeater-item-8bb0a07\">\n    <div class=\"uc_ispt_container_list_row_icon\"><i class='fas fa-utensils'><\/i><\/div>\n  <div class=\"uc_ispt_container_list_row_spacing\"><\/div>\n    <div class=\"uc_ispt_container_list_row_txt\">29 z\u0142\/dzie\u0144 - dieta wega\u0144ska<\/div>\n  <\/div>\n<div class=\"uc_ispt_container_list_row elementor-repeater-item-0390340\">\n    <div class=\"uc_ispt_container_list_row_icon\"><i class='fas fa-utensils'><\/i><\/div>\n  <div class=\"uc_ispt_container_list_row_spacing\"><\/div>\n    <div class=\"uc_ispt_container_list_row_txt\">29 z\u0142\/dzie\u0144 - dieta bezglutenowa<\/div>\n  <\/div>\n\n                <\/div>\n                \n                \n           <\/div>\n          \n            <div class=\"ue_pricing_table_footer\">\n                <a href=\"https:\/\/web-proxy.livekid.com\/\/apply\/64493574\/13f89997-87ce-41cd-b62e-fc82f4309a1b?region=pl&amp;#038;lang=pl\" class=\"uc_ispt_btn uc_more_btn\" >Formularz<\/a>                <div class=\"ue_pricing_table_footer_text\"><\/div>            <\/div>\n            \n        <\/div>\n    <\/div>\n<!-- end Pricing Table -->\t\t\t\t<\/div>\n\t\t\t\t<\/div>\n\t\t\t\t<div class=\"elementor-element elementor-element-87f91c0 elementor-widget elementor-widget-n-accordion\" data-id=\"87f91c0\" data-element_type=\"widget\" data-e-type=\"widget\" data-settings=\"{&quot;default_state&quot;:&quot;all_collapsed&quot;,&quot;max_items_expended&quot;:&quot;one&quot;,&quot;n_accordion_animation_duration&quot;:{&quot;unit&quot;:&quot;ms&quot;,&quot;size&quot;:400,&quot;sizes&quot;:[]}}\" data-widget_type=\"nested-accordion.default\">\n\t\t\t\t<div class=\"elementor-widget-container\">\n\t\t\t\t\t\t\t<div class=\"e-n-accordion\" aria-label=\"Accordion. Open links with Enter or Space, close with Escape, and navigate with Arrow Keys\">\n\t\t\t\t\t\t<details id=\"e-n-accordion-item-1420\" class=\"e-n-accordion-item\" >\n\t\t\t\t<summary class=\"e-n-accordion-item-title\" data-accordion-index=\"1\" tabindex=\"0\" aria-expanded=\"false\" aria-controls=\"e-n-accordion-item-1420\" >\n\t\t\t\t\t<span class='e-n-accordion-item-title-header'><div class=\"e-n-accordion-item-title-text\"> Dotacja z Miasta Wroc\u0142awia <\/div><\/span>\n\t\t\t\t\t\t\t<span class='e-n-accordion-item-title-icon'>\n\t\t\t<span class='e-opened' ><svg aria-hidden=\"true\" class=\"e-font-icon-svg e-fas-minus\" viewBox=\"0 0 448 512\" xmlns=\"http:\/\/www.w3.org\/2000\/svg\"><path d=\"M416 208H32c-17.67 0-32 14.33-32 32v32c0 17.67 14.33 32 32 32h384c17.67 0 32-14.33 32-32v-32c0-17.67-14.33-32-32-32z\"><\/path><\/svg><\/span>\n\t\t\t<span class='e-closed'><svg aria-hidden=\"true\" class=\"e-font-icon-svg e-fas-plus\" viewBox=\"0 0 448 512\" xmlns=\"http:\/\/www.w3.org\/2000\/svg\"><path d=\"M416 208H272V64c0-17.67-14.33-32-32-32h-32c-17.67 0-32 14.33-32 32v144H32c-17.67 0-32 14.33-32 32v32c0 17.67 14.33 32 32 32h144v144c0 17.67 14.33 32 32 32h32c17.67 0 32-14.33 32-32V304h144c17.67 0 32-14.33 32-32v-32c0-17.67-14.33-32-32-32z\"><\/path><\/svg><\/span>\n\t\t<\/span>\n\n\t\t\t\t\t\t<\/summary>\n\t\t\t\t<div role=\"region\" aria-labelledby=\"e-n-accordion-item-1420\" class=\"elementor-element elementor-element-22c29bc e-con-full e-flex e-con e-child\" data-id=\"22c29bc\" data-element_type=\"container\" data-e-type=\"container\">\n\t\t\t\t<div class=\"elementor-element elementor-element-e7a2b0a elementor-position-inline-start elementor-view-default elementor-mobile-position-block-start elementor-widget elementor-widget-icon-box\" data-id=\"e7a2b0a\" data-element_type=\"widget\" data-e-type=\"widget\" data-widget_type=\"icon-box.default\">\n\t\t\t\t<div class=\"elementor-widget-container\">\n\t\t\t\t\t\t\t<div class=\"elementor-icon-box-wrapper\">\n\n\t\t\t\t\t\t<div class=\"elementor-icon-box-icon\">\n\t\t\t\t<span  class=\"elementor-icon\">\n\t\t\t\t<svg aria-hidden=\"true\" class=\"e-font-icon-svg e-fas-star\" viewBox=\"0 0 576 512\" xmlns=\"http:\/\/www.w3.org\/2000\/svg\"><path d=\"M259.3 17.8L194 150.2 47.9 171.5c-26.2 3.8-36.7 36.1-17.7 54.6l105.7 103-25 145.5c-4.5 26.3 23.2 46 46.4 33.7L288 439.6l130.7 68.7c23.2 12.2 50.9-7.4 46.4-33.7l-25-145.5 105.7-103c19-18.5 8.5-50.8-17.7-54.6L382 150.2 316.7 17.8c-11.7-23.6-45.6-23.9-57.4 0z\"><\/path><\/svg>\t\t\t\t<\/span>\n\t\t\t<\/div>\n\t\t\t\n\t\t\t\t\t\t<div class=\"elementor-icon-box-content\">\n\n\t\t\t\t\t\t\t\t\t<h3 class=\"elementor-icon-box-title\">\n\t\t\t\t\t\t<span  >\n\t\t\t\t\t\t\t400 z\u0142 miesi\u0119cznie\t\t\t\t\t\t<\/span>\n\t\t\t\t\t<\/h3>\n\t\t\t\t\n\t\t\t\t\t\t\t\t\t<p class=\"elementor-icon-box-description\">\n\t\t\t\t\t\tOd 1 wrze\u015bnia 2025 roku zmieniaj\u0105 si\u0119 zasady dotowania dzieci w \u017c\u0142obku przez Miasto Wroc\u0142aw. 400 z\u0142 miesi\u0119cznie otrzyma ka\u017cde dziecko zamieszka\u0142e na terenie Wroc\u0142awia i zaszczepione wg kalendarza szczepie\u0144.\nNie trzeba rekrutowa\u0107 si\u0119 do \u017c\u0142obka poprzez system miejski.\t\t\t\t\t<\/p>\n\t\t\t\t\n\t\t\t<\/div>\n\t\t\t\n\t\t<\/div>\n\t\t\t\t\t\t<\/div>\n\t\t\t\t<\/div>\n\t\t\t\t<\/div>\n\t\t\t\t\t<\/details>\n\t\t\t\t\t\t<details id=\"e-n-accordion-item-1421\" class=\"e-n-accordion-item\" >\n\t\t\t\t<summary class=\"e-n-accordion-item-title\" data-accordion-index=\"2\" tabindex=\"-1\" aria-expanded=\"false\" aria-controls=\"e-n-accordion-item-1421\" >\n\t\t\t\t\t<span class='e-n-accordion-item-title-header'><div class=\"e-n-accordion-item-title-text\"> Aktywy Maluch <\/div><\/span>\n\t\t\t\t\t\t\t<span class='e-n-accordion-item-title-icon'>\n\t\t\t<span class='e-opened' ><svg aria-hidden=\"true\" class=\"e-font-icon-svg e-fas-minus\" viewBox=\"0 0 448 512\" xmlns=\"http:\/\/www.w3.org\/2000\/svg\"><path d=\"M416 208H32c-17.67 0-32 14.33-32 32v32c0 17.67 14.33 32 32 32h384c17.67 0 32-14.33 32-32v-32c0-17.67-14.33-32-32-32z\"><\/path><\/svg><\/span>\n\t\t\t<span class='e-closed'><svg aria-hidden=\"true\" class=\"e-font-icon-svg e-fas-plus\" viewBox=\"0 0 448 512\" xmlns=\"http:\/\/www.w3.org\/2000\/svg\"><path d=\"M416 208H272V64c0-17.67-14.33-32-32-32h-32c-17.67 0-32 14.33-32 32v144H32c-17.67 0-32 14.33-32 32v32c0 17.67 14.33 32 32 32h144v144c0 17.67 14.33 32 32 32h32c17.67 0 32-14.33 32-32V304h144c17.67 0 32-14.33 32-32v-32c0-17.67-14.33-32-32-32z\"><\/path><\/svg><\/span>\n\t\t<\/span>\n\n\t\t\t\t\t\t<\/summary>\n\t\t\t\t<div role=\"region\" aria-labelledby=\"e-n-accordion-item-1421\" class=\"elementor-element elementor-element-6a65359 e-con-full e-flex e-con e-child\" data-id=\"6a65359\" data-element_type=\"container\" data-e-type=\"container\">\n\t\t\t\t<div class=\"elementor-element elementor-element-8e8f9b3 elementor-position-inline-start elementor-view-default elementor-mobile-position-block-start elementor-widget elementor-widget-icon-box\" data-id=\"8e8f9b3\" data-element_type=\"widget\" data-e-type=\"widget\" data-widget_type=\"icon-box.default\">\n\t\t\t\t<div class=\"elementor-widget-container\">\n\t\t\t\t\t\t\t<div class=\"elementor-icon-box-wrapper\">\n\n\t\t\t\t\t\t<div class=\"elementor-icon-box-icon\">\n\t\t\t\t<span  class=\"elementor-icon\">\n\t\t\t\t<svg aria-hidden=\"true\" class=\"e-font-icon-svg e-fas-star\" viewBox=\"0 0 576 512\" xmlns=\"http:\/\/www.w3.org\/2000\/svg\"><path d=\"M259.3 17.8L194 150.2 47.9 171.5c-26.2 3.8-36.7 36.1-17.7 54.6l105.7 103-25 145.5c-4.5 26.3 23.2 46 46.4 33.7L288 439.6l130.7 68.7c23.2 12.2 50.9-7.4 46.4-33.7l-25-145.5 105.7-103c19-18.5 8.5-50.8-17.7-54.6L382 150.2 316.7 17.8c-11.7-23.6-45.6-23.9-57.4 0z\"><\/path><\/svg>\t\t\t\t<\/span>\n\t\t\t<\/div>\n\t\t\t\n\t\t\t\t\t\t<div class=\"elementor-icon-box-content\">\n\n\t\t\t\t\t\t\t\t\t<h3 class=\"elementor-icon-box-title\">\n\t\t\t\t\t\t<span  >\n\t\t\t\t\t\t\t836 z\u0142 miesi\u0119cznie\t\t\t\t\t\t<\/span>\n\t\t\t\t\t<\/h3>\n\t\t\t\t\n\t\t\t\t\t\t\t\t\t<p class=\"elementor-icon-box-description\">\n\t\t\t\t\t\tW naszym \u017c\u0142obku mamy 50 miejsc dofinansowanych z programu  Aktywny Maluch. W pierwszej kolejno\u015bci dofinansowanie to otrzymaj\u0105 dzieci kontynuuj\u0105ce pobyt w naszej plac\u00f3wce w kolejnym roku szkolnym, je\u015bli zg\u0142osz\u0105 si\u0119 do 15 kwietnia br. Po tymm terminie obowi\u0105zywa\u0107 b\u0119dzie kolejno\u015b\u0107 zg\u0142osze\u0144.\t\t\t\t\t<\/p>\n\t\t\t\t\n\t\t\t<\/div>\n\t\t\t\n\t\t<\/div>\n\t\t\t\t\t\t<\/div>\n\t\t\t\t<\/div>\n\t\t\t\t<\/div>\n\t\t\t\t\t<\/details>\n\t\t\t\t\t\t<details id=\"e-n-accordion-item-1422\" class=\"e-n-accordion-item\" >\n\t\t\t\t<summary class=\"e-n-accordion-item-title\" data-accordion-index=\"3\" tabindex=\"-1\" aria-expanded=\"false\" aria-controls=\"e-n-accordion-item-1422\" >\n\t\t\t\t\t<span class='e-n-accordion-item-title-header'><div class=\"e-n-accordion-item-title-text\"> Aktywnie w \u017c\u0142obku <\/div><\/span>\n\t\t\t\t\t\t\t<span class='e-n-accordion-item-title-icon'>\n\t\t\t<span class='e-opened' ><svg aria-hidden=\"true\" class=\"e-font-icon-svg e-fas-minus\" viewBox=\"0 0 448 512\" xmlns=\"http:\/\/www.w3.org\/2000\/svg\"><path d=\"M416 208H32c-17.67 0-32 14.33-32 32v32c0 17.67 14.33 32 32 32h384c17.67 0 32-14.33 32-32v-32c0-17.67-14.33-32-32-32z\"><\/path><\/svg><\/span>\n\t\t\t<span class='e-closed'><svg aria-hidden=\"true\" class=\"e-font-icon-svg e-fas-plus\" viewBox=\"0 0 448 512\" xmlns=\"http:\/\/www.w3.org\/2000\/svg\"><path d=\"M416 208H272V64c0-17.67-14.33-32-32-32h-32c-17.67 0-32 14.33-32 32v144H32c-17.67 0-32 14.33-32 32v32c0 17.67 14.33 32 32 32h144v144c0 17.67 14.33 32 32 32h32c17.67 0 32-14.33 32-32V304h144c17.67 0 32-14.33 32-32v-32c0-17.67-14.33-32-32-32z\"><\/path><\/svg><\/span>\n\t\t<\/span>\n\n\t\t\t\t\t\t<\/summary>\n\t\t\t\t<div role=\"region\" aria-labelledby=\"e-n-accordion-item-1422\" class=\"elementor-element elementor-element-76d3109 e-flex e-con-boxed e-con e-child\" data-id=\"76d3109\" data-element_type=\"container\" data-e-type=\"container\">\n\t\t\t\t\t<div class=\"e-con-inner\">\n\t\t\t\t<div class=\"elementor-element elementor-element-ba2ea5f elementor-position-inline-start elementor-view-default elementor-mobile-position-block-start elementor-widget elementor-widget-icon-box\" data-id=\"ba2ea5f\" data-element_type=\"widget\" data-e-type=\"widget\" data-widget_type=\"icon-box.default\">\n\t\t\t\t<div class=\"elementor-widget-container\">\n\t\t\t\t\t\t\t<div class=\"elementor-icon-box-wrapper\">\n\n\t\t\t\t\t\t<div class=\"elementor-icon-box-icon\">\n\t\t\t\t<span  class=\"elementor-icon\">\n\t\t\t\t<svg aria-hidden=\"true\" class=\"e-font-icon-svg e-fas-star\" viewBox=\"0 0 576 512\" xmlns=\"http:\/\/www.w3.org\/2000\/svg\"><path d=\"M259.3 17.8L194 150.2 47.9 171.5c-26.2 3.8-36.7 36.1-17.7 54.6l105.7 103-25 145.5c-4.5 26.3 23.2 46 46.4 33.7L288 439.6l130.7 68.7c23.2 12.2 50.9-7.4 46.4-33.7l-25-145.5 105.7-103c19-18.5 8.5-50.8-17.7-54.6L382 150.2 316.7 17.8c-11.7-23.6-45.6-23.9-57.4 0z\"><\/path><\/svg>\t\t\t\t<\/span>\n\t\t\t<\/div>\n\t\t\t\n\t\t\t\t\t\t<div class=\"elementor-icon-box-content\">\n\n\t\t\t\t\t\t\t\t\t<h3 class=\"elementor-icon-box-title\">\n\t\t\t\t\t\t<span  >\n\t\t\t\t\t\t\tdo 1500 z\u0142 miesi\u0119cznie\t\t\t\t\t\t<\/span>\n\t\t\t\t\t<\/h3>\n\t\t\t\t\n\t\t\t\t\n\t\t\t<\/div>\n\t\t\t\n\t\t<\/div>\n\t\t\t\t\t\t<\/div>\n\t\t\t\t<\/div>\n\t\t\t\t<div class=\"elementor-element elementor-element-0d63d72 elementor-position-right elementor-vertical-align-top elementor-widget elementor-widget-image-box\" data-id=\"0d63d72\" data-element_type=\"widget\" data-e-type=\"widget\" data-widget_type=\"image-box.default\">\n\t\t\t\t<div class=\"elementor-widget-container\">\n\t\t\t\t\t<div class=\"elementor-image-box-wrapper\"><figure class=\"elementor-image-box-img\"><img fetchpriority=\"high\" decoding=\"async\" width=\"1460\" height=\"616\" src=\"https:\/\/przedszkole.olesnica.pl\/ne\/wp-content\/uploads\/2025\/03\/1460x616.png\" class=\"attachment-full size-full wp-image-312\" alt=\"\" srcset=\"https:\/\/przedszkole.olesnica.pl\/ne\/wp-content\/uploads\/2025\/03\/1460x616.png 1460w, https:\/\/przedszkole.olesnica.pl\/ne\/wp-content\/uploads\/2025\/03\/1460x616-300x127.png 300w, https:\/\/przedszkole.olesnica.pl\/ne\/wp-content\/uploads\/2025\/03\/1460x616-1024x432.png 1024w, https:\/\/przedszkole.olesnica.pl\/ne\/wp-content\/uploads\/2025\/03\/1460x616-768x324.png 768w\" sizes=\"(max-width: 1460px) 100vw, 1460px\" \/><\/figure><div class=\"elementor-image-box-content\"><p class=\"elementor-image-box-description\">Na stronie ZUS znajduj\u0105 si\u0119 informacje dotycz\u0105ce \u015bwiadczenia \u201eAktywnie w \u017c\u0142obku\u201d. Link do strony: https:\/\/www.zus.pl\/aktywnyrodzic\/wiadczenie-aktywnie-w-zlobku S\u0105 tam zawarte najwa\u017cniejsze informacje komu przys\u0142uguje \u015bwiadczenie, jaka jest jego wysoko\u015b\u0107 i warunki otrzymania.\nWnioski do ZUS o \u015bwiadczenie \u201eAktywnie w \u017c\u0142obku\u201d mo\u017cna sk\u0142ada\u0107 - najwcze\u015bniej w dniu, w kt\u00f3rym dziecko zacznie ucz\u0119szcza\u0107 do \u017c\u0142obka - wy\u0142\u0105cznie drog\u0105 elektroniczn\u0105. Istniej\u0105 cztery kana\u0142y przez kt\u00f3re rodzice mog\u0105 sk\u0142ada\u0107 wnioski: PUE ZUS, aplikacja mobilna mZUS, bankowo\u015b\u0107 elektroniczna, portal Emp@tia.<\/p><\/div><\/div>\t\t\t\t<\/div>\n\t\t\t\t<\/div>\n\t\t\t\t<div class=\"elementor-element elementor-element-c7f7501 elementor-position-left elementor-vertical-align-top elementor-widget elementor-widget-image-box\" data-id=\"c7f7501\" data-element_type=\"widget\" data-e-type=\"widget\" data-widget_type=\"image-box.default\">\n\t\t\t\t<div class=\"elementor-widget-container\">\n\t\t\t\t\t<div class=\"elementor-image-box-wrapper\"><figure class=\"elementor-image-box-img\"><img decoding=\"async\" width=\"2456\" height=\"1323\" src=\"https:\/\/przedszkole.olesnica.pl\/ne\/wp-content\/uploads\/2025\/03\/67d30061-fbd8-4976-8c66-9dd7e8c456b2.png\" class=\"attachment-full size-full wp-image-313\" alt=\"\" srcset=\"https:\/\/przedszkole.olesnica.pl\/ne\/wp-content\/uploads\/2025\/03\/67d30061-fbd8-4976-8c66-9dd7e8c456b2.png 2456w, https:\/\/przedszkole.olesnica.pl\/ne\/wp-content\/uploads\/2025\/03\/67d30061-fbd8-4976-8c66-9dd7e8c456b2-300x162.png 300w, https:\/\/przedszkole.olesnica.pl\/ne\/wp-content\/uploads\/2025\/03\/67d30061-fbd8-4976-8c66-9dd7e8c456b2-1024x552.png 1024w, https:\/\/przedszkole.olesnica.pl\/ne\/wp-content\/uploads\/2025\/03\/67d30061-fbd8-4976-8c66-9dd7e8c456b2-768x414.png 768w, https:\/\/przedszkole.olesnica.pl\/ne\/wp-content\/uploads\/2025\/03\/67d30061-fbd8-4976-8c66-9dd7e8c456b2-1536x827.png 1536w, https:\/\/przedszkole.olesnica.pl\/ne\/wp-content\/uploads\/2025\/03\/67d30061-fbd8-4976-8c66-9dd7e8c456b2-2048x1103.png 2048w\" sizes=\"(max-width: 2456px) 100vw, 2456px\" \/><\/figure><div class=\"elementor-image-box-content\"><p class=\"elementor-image-box-description\">\u015awiadczenie \u201eAktywnie w \u017c\u0142obku\u201d zast\u0105pi\u0142o dotychczas funkcjonuj\u0105ce dofinansowanie obni\u017cenia op\u0142aty za pobyt dziecka w \u017c\u0142obku 400 + i jest kierowane do rodzic\u00f3w dzieci ucz\u0119szczaj\u0105cych do instytucji opieki nad dzieci do lat 3, tj. \u017c\u0142obka, klubu dzieci\u0119cego albo dziennego opiekuna. Przys\u0142uguje w wysoko\u015bci do 1500 z\u0142 miesi\u0119cznie na dziecko lub do 1900 z\u0142 miesi\u0119cznie na dziecko z niepe\u0142nosprawno\u015bci\u0105, jednak nie wi\u0119cej ni\u017c wysoko\u015b\u0107 op\u0142aty, jak\u0105 rodzic ponosi za pobyt dziecka w instytucji opieki. \n\nW przypadku \u015bwiadczenia \u201eAktywnie w \u017c\u0142obku\u201d rodzic nadal uiszcza op\u0142at\u0119 za czesne (przynajmniej w kwocie, jaka obowi\u0105zywa\u0142a dotychczas). W momencie, kiedy wp\u0142ynie \u015bwiadczenie z ZUS  (wyp\u0142ata nowego \u015bwiadczenia jest op\u00f3\u017aniona o dwa miesi\u0105ce) nast\u0105pi rozliczenie z rodzicem. \u015awiadczenie z programu \u201eAktywnie w \u017c\u0142obku\u201d  zostanie zaliczone na poczet zaleg\u0142ych oraz przysz\u0142ych nale\u017cno\u015bci wobec \u017b\u0142obka.\n\nOstateczne rozliczenie kwot z rodzicem nast\u0105pi po zako\u0144czeniu\/ wypowiedzeniu umowy. Rodzice, kt\u00f3rzy wypowiedz\u0105 b\u0105d\u017a zako\u0144cz\u0105 umow\u0119 sk\u0142adaj\u0105 wniosek o rozliczenie \u015bwiadczenia (wg wzoru za\u0142\u0105czonego do umowy). Bardzo wa\u017cne, \u017ceby zwrot \u201enadp\u0142aconych\u201d \u015brodk\u00f3w by\u0142 na konto tego samego rodzica, kt\u00f3ry sk\u0142ada\u0142 wniosek do ZUS o \u015bwiadczenie \u201eAktywnie w \u017c\u0142obku\u201d i zawiera\u0142 z nami umow\u0119 o opiek\u0119 dziecka w \u017c\u0142obku.<\/p><\/div><\/div>\t\t\t\t<\/div>\n\t\t\t\t<\/div>\n\t\t\t\t\t<\/div>\n\t\t\t\t<\/div>\n\t\t\t\t\t<\/details>\n\t\t\t\t\t<\/div>\n\t\t\t\t\t\t<\/div>\n\t\t\t\t<\/div>\n\t\t\t\t<\/div>\n\t\t<div id=\"e-n-tab-content-2583081054\" role=\"tabpanel\" aria-labelledby=\"e-n-tab-title-2583081054\" data-tab-index=\"4\" style=\"--n-tabs-title-order: 4;\" class=\" elementor-element elementor-element-6a51a51 e-flex e-con-boxed e-con e-child\" data-id=\"6a51a51\" data-element_type=\"container\" data-e-type=\"container\">\n\t\t\t\t\t<div class=\"e-con-inner\">\n\t\t\t\t<div class=\"elementor-element elementor-element-9a8cf8a elementor-widget elementor-widget-ucaddon_icon_pricing_table\" data-id=\"9a8cf8a\" data-element_type=\"widget\" data-e-type=\"widget\" data-widget_type=\"ucaddon_icon_pricing_table.default\">\n\t\t\t\t<div class=\"elementor-widget-container\">\n\t\t\t\t\t\n<!-- start Pricing Table -->\n\n<style>\/* widget: Pricing Table *\/\n\n#uc_icon_pricing_table_elementor_9a8cf8a *{\n\tbox-sizing: border-box;\n}\n\n#uc_icon_pricing_table_elementor_9a8cf8a\n{\n  overflow:hidden;\n  position:relative;\n}\n#uc_icon_pricing_table_elementor_9a8cf8a .ue_badge\n{\n  position: absolute;\n    top: 16px;\n    \t\n    left: -70px;transform: rotate(-45deg);    padding: 5px 0px;\n    width: 200px;\n    text-align: center;\n    box-sizing: border-box;\n    z-index:2;\n}\n\n.ue_badge\n{\n  font-size:10px;\n  line-height:1em;\n}\n#uc_icon_pricing_table_elementor_9a8cf8a .uc_ispt_container{\n}\n.uc_ispt_header_title{\n\tfont-size:18px;\n}\n#uc_icon_pricing_table_elementor_9a8cf8a .uc_ispt_container .uc_ispt_container_main{\n\tposition:relative;\n\tz-index:1;\n}\n\n\n#uc_icon_pricing_table_elementor_9a8cf8a .uc_ispt_container_icon{\n\tdisplay:flex;\n    align-items:center;\n    justify-content:center;\n\ttext-align:center;\n    line-height:1em;\n    overflow:hidden;\n}\n\n#uc_icon_pricing_table_elementor_9a8cf8a .uc_ispt_container_icon svg\n{\n  height:1em;\n  width:1em;\n}\n\n#uc_icon_pricing_table_elementor_9a8cf8a .uc_ispt_container_icon img\n{\n  \n}\n\n.uc_ispt_container_price{\n\tfont-size:35px;\n}\n\n.uc_ispt_container_price .uc_ispt_sub{\n\tfont-size:15px;\n\tdisplay:inline-block;\n}\n\n\t\n#uc_icon_pricing_table_elementor_9a8cf8a .uc_ispt_container .uc_ispt_container_main .uc_ispt_btn{\n\ttext-decoration:none;\n    text-align:center;\n\ttransition:all 0.3s ease;\n}\n\n.ue_old_price\n{\n  text-decoration: line-through;\n}\n\n#uc_icon_pricing_table_elementor_9a8cf8a .uc_ispt_header_content\n{\n  display:flex;\n}\n\n#uc_icon_pricing_table_elementor_9a8cf8a .ue_pricing_above_header\n{\n  display:flex;\n}\n\n\n#uc_icon_pricing_table_elementor_9a8cf8a .uc_ispt_container_list_row\n{\n  display:flex;\n  align-items:center;\n}\n\n#uc_icon_pricing_table_elementor_9a8cf8a .uc_ispt_container_list_row_spacing\n{\n  flex-grow:0;\n  flex-shrink:0;\n}\n\n#uc_icon_pricing_table_elementor_9a8cf8a .uc_ispt_container_list_row_icon\n{\n  flex-grow:0;\n  flex-shrink:0;\n}\n\n#uc_icon_pricing_table_elementor_9a8cf8a .uc_ispt_container_list_row_icon svg\n{\n  height:1em;\n  width:1em;\n}\n\n\n#uc_icon_pricing_table_elementor_9a8cf8a .ue_pricing_table_content\n{\n  display:flex;\n  flex-direction:column;\n}\n\n\n\n<\/style>\n\n<div class=\"uc_icon_solid_pricing_table\" id=\"uc_icon_pricing_table_elementor_9a8cf8a\">\n  \n\t\n\n  \n  \n        <div class=\"uc_ispt_container\">\n          \n           <div class=\"ue_pricing_above_header\">\n                                            <div class=\"uc_ispt_container_icon\">\n                                                    <span class=\"ue-ge-image\"><img decoding=\"async\" src=\"https:\/\/przedszkole.olesnica.pl\/ne\/wp-content\/uploads\/2025\/03\/LOGO-zlobkow-1.png\"><\/span>                         <\/div>\n                                 \n                                        <div class=\"uc_ispt_header_title\"> Dla dzieci w wieku 3-5 lat <\/div>\n                                        \n                               <\/div>\n           \n            <div class=\"uc_ispt_header\">\n                \n                <div class=\"uc_ispt_header_content\">\n                    \n                    \t\n                    \n                    \t\n                  \n                                      \n                  \n                                                            <div class=\"uc_ispt_container_price\"> 450 <div class=\"uc_ispt_sub ue_pricing_table_currency\">z\u0142<\/div><div class=\"uc_ispt_sub ue_pricing_table_duration\">\/miesi\u0105c do 31.12.2026<\/div><\/div>\n                                    <\/div>\n                \n            <\/div>         \n           \n           <div class=\"uc_ispt_container_main\">\n           \t\t\n             \t\t\n                    <div class=\"ue_pricing_table_content\">\n                                        \n                    \t\n                      \n                                        <div class=\"uc_ispt_header_subtitle\"> w ramach projektu dofinansowanego z funduszy europejskich <\/div>\n                                        \n                                        <\/div>\n             \n                <div class=\"uc_ispt_container_list\">\n\t\t\t\t\t<div class=\"uc_ispt_container_list_row elementor-repeater-item-e6333f2\">\n    <div class=\"uc_ispt_container_list_row_icon\"><i class='fas fa-check'><\/i><\/div>\n  <div class=\"uc_ispt_container_list_row_spacing\"><\/div>\n    <div class=\"uc_ispt_container_list_row_txt\">brak wpisowego<\/div>\n  <\/div>\n<div class=\"uc_ispt_container_list_row elementor-repeater-item-2c71026\">\n    <div class=\"uc_ispt_container_list_row_icon\"><i class='fas fa-utensils'><\/i><\/div>\n  <div class=\"uc_ispt_container_list_row_spacing\"><\/div>\n    <div class=\"uc_ispt_container_list_row_txt\">wy\u017cywienie wliczone w cen\u0119<\/div>\n  <\/div>\n\n                <\/div>\n                \n                \n           <\/div>\n          \n            <div class=\"ue_pricing_table_footer\">\n                <a href=\"https:\/\/przedszkole.olesnica.pl\/ne\/?page_id=115\" class=\"uc_ispt_btn uc_more_btn\" >Formularz<\/a>                <div class=\"ue_pricing_table_footer_text\"><\/div>            <\/div>\n            \n        <\/div>\n    <\/div>\n<!-- end Pricing Table -->\t\t\t\t<\/div>\n\t\t\t\t<\/div>\n\t\t\t\t<div class=\"elementor-element elementor-element-1ce8cf0 elementor-widget elementor-widget-image\" data-id=\"1ce8cf0\" data-element_type=\"widget\" data-e-type=\"widget\" data-widget_type=\"image.default\">\n\t\t\t\t<div class=\"elementor-widget-container\">\n\t\t\t\t\t\t\t\t\t\t\t\t\t\t\t<img decoding=\"async\" width=\"640\" height=\"66\" src=\"https:\/\/przedszkole.olesnica.pl\/ne\/wp-content\/uploads\/2025\/05\/FEDDS-kolor-poziom.pdf-1024x106.png\" class=\"attachment-large size-large wp-image-528\" alt=\"\" srcset=\"https:\/\/przedszkole.olesnica.pl\/ne\/wp-content\/uploads\/2025\/05\/FEDDS-kolor-poziom.pdf-1024x106.png 1024w, https:\/\/przedszkole.olesnica.pl\/ne\/wp-content\/uploads\/2025\/05\/FEDDS-kolor-poziom.pdf-300x31.png 300w, https:\/\/przedszkole.olesnica.pl\/ne\/wp-content\/uploads\/2025\/05\/FEDDS-kolor-poziom.pdf-768x80.png 768w, https:\/\/przedszkole.olesnica.pl\/ne\/wp-content\/uploads\/2025\/05\/FEDDS-kolor-poziom.pdf-1536x159.png 1536w, https:\/\/przedszkole.olesnica.pl\/ne\/wp-content\/uploads\/2025\/05\/FEDDS-kolor-poziom.pdf-2048x213.png 2048w\" sizes=\"(max-width: 640px) 100vw, 640px\" \/>\t\t\t\t\t\t\t\t\t\t\t\t\t\t\t<\/div>\n\t\t\t\t<\/div>\n\t\t\t\t\t<\/div>\n\t\t\t\t<\/div>\n\t\t<div id=\"e-n-tab-content-2583081055\" role=\"tabpanel\" aria-labelledby=\"e-n-tab-title-2583081055\" data-tab-index=\"5\" style=\"--n-tabs-title-order: 5;\" class=\" elementor-element elementor-element-e82dfab e-flex e-con-boxed e-con e-child\" data-id=\"e82dfab\" data-element_type=\"container\" data-e-type=\"container\">\n\t\t\t\t\t<div class=\"e-con-inner\">\n\t\t\t\t<div class=\"elementor-element elementor-element-3c3ea75 elementor-widget elementor-widget-ucaddon_icon_pricing_table\" data-id=\"3c3ea75\" data-element_type=\"widget\" data-e-type=\"widget\" data-widget_type=\"ucaddon_icon_pricing_table.default\">\n\t\t\t\t<div class=\"elementor-widget-container\">\n\t\t\t\t\t\n<!-- start Pricing Table -->\n\n<style>\/* widget: Pricing Table *\/\n\n#uc_icon_pricing_table_elementor_3c3ea75 *{\n\tbox-sizing: border-box;\n}\n\n#uc_icon_pricing_table_elementor_3c3ea75\n{\n  overflow:hidden;\n  position:relative;\n}\n#uc_icon_pricing_table_elementor_3c3ea75 .ue_badge\n{\n  position: absolute;\n    top: 16px;\n    \t\n    left: -70px;transform: rotate(-45deg);    padding: 5px 0px;\n    width: 200px;\n    text-align: center;\n    box-sizing: border-box;\n    z-index:2;\n}\n\n.ue_badge\n{\n  font-size:10px;\n  line-height:1em;\n}\n#uc_icon_pricing_table_elementor_3c3ea75 .uc_ispt_container{\n}\n.uc_ispt_header_title{\n\tfont-size:18px;\n}\n#uc_icon_pricing_table_elementor_3c3ea75 .uc_ispt_container .uc_ispt_container_main{\n\tposition:relative;\n\tz-index:1;\n}\n\n\n#uc_icon_pricing_table_elementor_3c3ea75 .uc_ispt_container_icon{\n\tdisplay:flex;\n    align-items:center;\n    justify-content:center;\n\ttext-align:center;\n    line-height:1em;\n    overflow:hidden;\n}\n\n#uc_icon_pricing_table_elementor_3c3ea75 .uc_ispt_container_icon svg\n{\n  height:1em;\n  width:1em;\n}\n\n#uc_icon_pricing_table_elementor_3c3ea75 .uc_ispt_container_icon img\n{\n  \n}\n\n.uc_ispt_container_price{\n\tfont-size:35px;\n}\n\n.uc_ispt_container_price .uc_ispt_sub{\n\tfont-size:15px;\n\tdisplay:inline-block;\n}\n\n\t\n#uc_icon_pricing_table_elementor_3c3ea75 .uc_ispt_container .uc_ispt_container_main .uc_ispt_btn{\n\ttext-decoration:none;\n    text-align:center;\n\ttransition:all 0.3s ease;\n}\n\n.ue_old_price\n{\n  text-decoration: line-through;\n}\n\n#uc_icon_pricing_table_elementor_3c3ea75 .uc_ispt_header_content\n{\n  display:flex;\n}\n\n#uc_icon_pricing_table_elementor_3c3ea75 .ue_pricing_above_header\n{\n  display:flex;\n}\n\n\n#uc_icon_pricing_table_elementor_3c3ea75 .uc_ispt_container_list_row\n{\n  display:flex;\n  align-items:center;\n}\n\n#uc_icon_pricing_table_elementor_3c3ea75 .uc_ispt_container_list_row_spacing\n{\n  flex-grow:0;\n  flex-shrink:0;\n}\n\n#uc_icon_pricing_table_elementor_3c3ea75 .uc_ispt_container_list_row_icon\n{\n  flex-grow:0;\n  flex-shrink:0;\n}\n\n#uc_icon_pricing_table_elementor_3c3ea75 .uc_ispt_container_list_row_icon svg\n{\n  height:1em;\n  width:1em;\n}\n\n\n#uc_icon_pricing_table_elementor_3c3ea75 .ue_pricing_table_content\n{\n  display:flex;\n  flex-direction:column;\n}\n\n\n\n<\/style>\n\n<div class=\"uc_icon_solid_pricing_table\" id=\"uc_icon_pricing_table_elementor_3c3ea75\">\n  \n\t\n\n  \n  \n        <div class=\"uc_ispt_container\">\n          \n           <div class=\"ue_pricing_above_header\">\n                                            <div class=\"uc_ispt_container_icon\">\n                                                    <span class=\"ue-ge-image\"><img decoding=\"async\" src=\"https:\/\/przedszkole.olesnica.pl\/ne\/wp-content\/uploads\/2026\/03\/LOGO-zlobkow-3.png\"><\/span>                         <\/div>\n                                 \n                                        <div class=\"uc_ispt_header_title\"> Dla dzieci w wieku 3-5 lat <\/div>\n                                        \n                               <\/div>\n           \n            <div class=\"uc_ispt_header\">\n                \n                <div class=\"uc_ispt_header_content\">\n                    \n                    \t\n                    \n                    \t\n                  \n                                      \n                  \n                                                            <div class=\"uc_ispt_container_price\"> 1,44 <div class=\"uc_ispt_sub ue_pricing_table_currency\">z\u0142<\/div><div class=\"uc_ispt_sub ue_pricing_table_duration\">\/godz. ponad czas bezp\u0142atny<\/div><\/div>\n                                    <\/div>\n                \n            <\/div>         \n           \n           <div class=\"uc_ispt_container_main\">\n           \t\t\n             \t\t\n                    <div class=\"ue_pricing_table_content\">\n                                        \n                    \t\n                      \n                                        <div class=\"uc_ispt_header_subtitle\"> w ramach projektu dofinansowanego z funduszy europejskich <\/div>\n                                        \n                                        <\/div>\n             \n                <div class=\"uc_ispt_container_list\">\n\t\t\t\t\t<div class=\"uc_ispt_container_list_row elementor-repeater-item-e6333f2\">\n    <div class=\"uc_ispt_container_list_row_icon\"><i class='fas fa-check'><\/i><\/div>\n  <div class=\"uc_ispt_container_list_row_spacing\"><\/div>\n    <div class=\"uc_ispt_container_list_row_txt\">brak wpisowego<\/div>\n  <\/div>\n<div class=\"uc_ispt_container_list_row elementor-repeater-item-2c71026\">\n    <div class=\"uc_ispt_container_list_row_icon\"><i class='fas fa-utensils'><\/i><\/div>\n  <div class=\"uc_ispt_container_list_row_spacing\"><\/div>\n    <div class=\"uc_ispt_container_list_row_txt\">wy\u017cywienie wliczone w cen\u0119<\/div>\n  <\/div>\n\n                <\/div>\n                \n                \n           <\/div>\n          \n            <div class=\"ue_pricing_table_footer\">\n                <a href=\"https:\/\/przedszkole.olesnica.pl\/ne\/?page_id=115\" class=\"uc_ispt_btn uc_more_btn\" >Formularz<\/a>                <div class=\"ue_pricing_table_footer_text\">do 31.12.2026<\/div>            <\/div>\n            \n        <\/div>\n    <\/div>\n<!-- end Pricing Table -->\t\t\t\t<\/div>\n\t\t\t\t<\/div>\n\t\t\t\t<div class=\"elementor-element elementor-element-d08cec0 elementor-widget elementor-widget-image\" data-id=\"d08cec0\" data-element_type=\"widget\" data-e-type=\"widget\" data-widget_type=\"image.default\">\n\t\t\t\t<div class=\"elementor-widget-container\">\n\t\t\t\t\t\t\t\t\t\t\t\t\t\t\t<img decoding=\"async\" width=\"640\" height=\"66\" src=\"https:\/\/przedszkole.olesnica.pl\/ne\/wp-content\/uploads\/2025\/05\/FEDDS-kolor-poziom.pdf-1024x106.png\" class=\"attachment-large size-large wp-image-528\" alt=\"\" srcset=\"https:\/\/przedszkole.olesnica.pl\/ne\/wp-content\/uploads\/2025\/05\/FEDDS-kolor-poziom.pdf-1024x106.png 1024w, https:\/\/przedszkole.olesnica.pl\/ne\/wp-content\/uploads\/2025\/05\/FEDDS-kolor-poziom.pdf-300x31.png 300w, https:\/\/przedszkole.olesnica.pl\/ne\/wp-content\/uploads\/2025\/05\/FEDDS-kolor-poziom.pdf-768x80.png 768w, https:\/\/przedszkole.olesnica.pl\/ne\/wp-content\/uploads\/2025\/05\/FEDDS-kolor-poziom.pdf-1536x159.png 1536w, https:\/\/przedszkole.olesnica.pl\/ne\/wp-content\/uploads\/2025\/05\/FEDDS-kolor-poziom.pdf-2048x213.png 2048w\" sizes=\"(max-width: 640px) 100vw, 640px\" \/>\t\t\t\t\t\t\t\t\t\t\t\t\t\t\t<\/div>\n\t\t\t\t<\/div>\n\t\t\t\t\t<\/div>\n\t\t\t\t<\/div>\n\t\t\t\t\t<\/div>\n\t\t<\/div>\n\t\t\t\t\t\t<\/div>\n\t\t\t\t<\/div>\n\t\t\t\t<\/div>\n\t\t<div class=\"elementor-element elementor-element-1f641c0 e-con-full e-flex e-con e-parent\" data-id=\"1f641c0\" data-element_type=\"container\" data-e-type=\"container\">\n\t\t\t\t<div class=\"elementor-element elementor-element-6e4c202 elementor-widget elementor-widget-heading\" data-id=\"6e4c202\" data-element_type=\"widget\" data-e-type=\"widget\" data-widget_type=\"heading.default\">\n\t\t\t\t<div class=\"elementor-widget-container\">\n\t\t\t\t\t<h2 class=\"elementor-heading-title elementor-size-default\">Op\u0142aty za pobyt dziecka w \u017c\u0142obku lub przedszkolu<\/h2>\t\t\t\t<\/div>\n\t\t\t\t<\/div>\n\t\t\t\t<div class=\"elementor-element elementor-element-4464421 elementor-widget elementor-widget-heading\" data-id=\"4464421\" data-element_type=\"widget\" data-e-type=\"widget\" data-widget_type=\"heading.default\">\n\t\t\t\t<div class=\"elementor-widget-container\">\n\t\t\t\t\t<h3 class=\"elementor-heading-title elementor-size-default\">w roku szkolnym 2025\/2026<\/h3>\t\t\t\t<\/div>\n\t\t\t\t<\/div>\n\t\t<div class=\"elementor-element elementor-element-3d44554 e-con-full e-flex e-con e-child\" data-id=\"3d44554\" data-element_type=\"container\" data-e-type=\"container\">\n\t\t\t\t<div class=\"elementor-element elementor-element-b44d938 elementor-widget elementor-widget-heading\" data-id=\"b44d938\" data-element_type=\"widget\" data-e-type=\"widget\" data-widget_type=\"heading.default\">\n\t\t\t\t<div class=\"elementor-widget-container\">\n\t\t\t\t\t<div class=\"elementor-heading-title elementor-size-default\">przed wype\u0142nieniem formularza zg\u0142oszeniowego prosimy o zapoznanie si\u0119 z op\u0142atami oraz mo\u017cliwo\u015bciami dofinansowania<\/div>\t\t\t\t<\/div>\n\t\t\t\t<\/div>\n\t\t\t\t<\/div>\n\t\t\t\t<\/div>\n\t\t<div class=\"elementor-element elementor-element-2e1a65d e-flex e-con-boxed e-con e-parent\" data-id=\"2e1a65d\" data-element_type=\"container\" data-e-type=\"container\">\n\t\t\t\t\t<div class=\"e-con-inner\">\n\t\t\t\t<div class=\"elementor-element elementor-element-35ccb68 e-n-tabs-mobile elementor-widget elementor-widget-n-tabs\" data-id=\"35ccb68\" data-element_type=\"widget\" data-e-type=\"widget\" data-settings=\"{&quot;horizontal_scroll&quot;:&quot;disable&quot;}\" data-widget_type=\"nested-tabs.default\">\n\t\t\t\t<div class=\"elementor-widget-container\">\n\t\t\t\t\t\t\t<div class=\"e-n-tabs\" data-widget-number=\"56413032\" aria-label=\"Karty. Otwieraj elementy za pomoc\u0105 Enter lub Spacji, zamykaj za pomoc\u0105 Escape i nawiguj za pomoc\u0105 klawiszy strza\u0142ek.\">\n\t\t\t<div class=\"e-n-tabs-heading\" role=\"tablist\">\n\t\t\t\t\t<button id=\"e-n-tab-title-564130321\" data-tab-title-id=\"e-n-tab-title-564130321\" class=\"e-n-tab-title\" aria-selected=\"true\" data-tab-index=\"1\" role=\"tab\" tabindex=\"0\" aria-controls=\"e-n-tab-content-564130321\" style=\"--n-tabs-title-order: 1;\">\n\t\t\t\t\t\t<span class=\"e-n-tab-title-text\">\n\t\t\t\t\u017b\u0142obek w Ole\u015bnicy\t\t\t<\/span>\n\t\t<\/button>\n\t\t\t\t<button id=\"e-n-tab-title-564130322\" data-tab-title-id=\"e-n-tab-title-564130322\" class=\"e-n-tab-title\" aria-selected=\"false\" data-tab-index=\"2\" role=\"tab\" tabindex=\"-1\" aria-controls=\"e-n-tab-content-564130322\" style=\"--n-tabs-title-order: 2;\">\n\t\t\t\t\t\t<span class=\"e-n-tab-title-text\">\n\t\t\t\t\u017b\u0142obek w Sycowie\t\t\t<\/span>\n\t\t<\/button>\n\t\t\t\t<button id=\"e-n-tab-title-564130323\" data-tab-title-id=\"e-n-tab-title-564130323\" class=\"e-n-tab-title\" aria-selected=\"false\" data-tab-index=\"3\" role=\"tab\" tabindex=\"-1\" aria-controls=\"e-n-tab-content-564130323\" style=\"--n-tabs-title-order: 3;\">\n\t\t\t\t\t\t<span class=\"e-n-tab-title-text\">\n\t\t\t\t\u017b\u0142obek we Wroc\u0142awiu\t\t\t<\/span>\n\t\t<\/button>\n\t\t\t\t<button id=\"e-n-tab-title-564130324\" data-tab-title-id=\"e-n-tab-title-564130324\" class=\"e-n-tab-title\" aria-selected=\"false\" data-tab-index=\"4\" role=\"tab\" tabindex=\"-1\" aria-controls=\"e-n-tab-content-564130324\" style=\"--n-tabs-title-order: 4;\">\n\t\t\t\t\t\t<span class=\"e-n-tab-title-text\">\n\t\t\t\tPrzedszkole w Ole\u015bnicy\t\t\t<\/span>\n\t\t<\/button>\n\t\t\t\t<button id=\"e-n-tab-title-564130325\" data-tab-title-id=\"e-n-tab-title-564130325\" class=\"e-n-tab-title\" aria-selected=\"false\" data-tab-index=\"5\" role=\"tab\" tabindex=\"-1\" aria-controls=\"e-n-tab-content-564130325\" style=\"--n-tabs-title-order: 5;\">\n\t\t\t\t\t\t<span class=\"e-n-tab-title-text\">\n\t\t\t\tPRZEDSZKOLE WE WROC\u0141AWIU\t\t\t<\/span>\n\t\t<\/button>\n\t\t\t\t<button id=\"e-n-tab-title-564130326\" data-tab-title-id=\"e-n-tab-title-564130326\" class=\"e-n-tab-title\" aria-selected=\"false\" data-tab-index=\"6\" role=\"tab\" tabindex=\"-1\" aria-controls=\"e-n-tab-content-564130326\" style=\"--n-tabs-title-order: 6;\">\n\t\t\t\t\t\t<span class=\"e-n-tab-title-text\">\n\t\t\t\tPRZEDSZKOLE W Jeszkowicach\t\t\t<\/span>\n\t\t<\/button>\n\t\t\t\t\t<\/div>\n\t\t\t<div class=\"e-n-tabs-content\">\n\t\t\t\t<div id=\"e-n-tab-content-564130321\" role=\"tabpanel\" aria-labelledby=\"e-n-tab-title-564130321\" data-tab-index=\"1\" style=\"--n-tabs-title-order: 1;\" class=\"e-active elementor-element elementor-element-546c328 e-con-full e-flex e-con e-child\" data-id=\"546c328\" data-element_type=\"container\" data-e-type=\"container\">\n\t\t\t\t<div class=\"elementor-element elementor-element-cac9315 elementor-widget elementor-widget-ucaddon_icon_pricing_table\" data-id=\"cac9315\" data-element_type=\"widget\" data-e-type=\"widget\" data-widget_type=\"ucaddon_icon_pricing_table.default\">\n\t\t\t\t<div class=\"elementor-widget-container\">\n\t\t\t\t\t\n<!-- start Pricing Table -->\n\n<style>\/* widget: Pricing Table *\/\n\n#uc_icon_pricing_table_elementor_cac9315 *{\n\tbox-sizing: border-box;\n}\n\n#uc_icon_pricing_table_elementor_cac9315\n{\n  overflow:hidden;\n  position:relative;\n}\n#uc_icon_pricing_table_elementor_cac9315 .ue_badge\n{\n  position: absolute;\n    top: 16px;\n    \t\n    left: -70px;transform: rotate(-45deg);    padding: 5px 0px;\n    width: 200px;\n    text-align: center;\n    box-sizing: border-box;\n    z-index:2;\n}\n\n.ue_badge\n{\n  font-size:10px;\n  line-height:1em;\n}\n#uc_icon_pricing_table_elementor_cac9315 .uc_ispt_container{\n}\n.uc_ispt_header_title{\n\tfont-size:18px;\n}\n#uc_icon_pricing_table_elementor_cac9315 .uc_ispt_container .uc_ispt_container_main{\n\tposition:relative;\n\tz-index:1;\n}\n\n\n#uc_icon_pricing_table_elementor_cac9315 .uc_ispt_container_icon{\n\tdisplay:flex;\n    align-items:center;\n    justify-content:center;\n\ttext-align:center;\n    line-height:1em;\n    overflow:hidden;\n}\n\n#uc_icon_pricing_table_elementor_cac9315 .uc_ispt_container_icon svg\n{\n  height:1em;\n  width:1em;\n}\n\n#uc_icon_pricing_table_elementor_cac9315 .uc_ispt_container_icon img\n{\n  \n}\n\n.uc_ispt_container_price{\n\tfont-size:35px;\n}\n\n.uc_ispt_container_price .uc_ispt_sub{\n\tfont-size:15px;\n\tdisplay:inline-block;\n}\n\n\t\n#uc_icon_pricing_table_elementor_cac9315 .uc_ispt_container .uc_ispt_container_main .uc_ispt_btn{\n\ttext-decoration:none;\n    text-align:center;\n\ttransition:all 0.3s ease;\n}\n\n.ue_old_price\n{\n  text-decoration: line-through;\n}\n\n#uc_icon_pricing_table_elementor_cac9315 .uc_ispt_header_content\n{\n  display:flex;\n}\n\n#uc_icon_pricing_table_elementor_cac9315 .ue_pricing_above_header\n{\n  display:flex;\n}\n\n\n#uc_icon_pricing_table_elementor_cac9315 .uc_ispt_container_list_row\n{\n  display:flex;\n  align-items:center;\n}\n\n#uc_icon_pricing_table_elementor_cac9315 .uc_ispt_container_list_row_spacing\n{\n  flex-grow:0;\n  flex-shrink:0;\n}\n\n#uc_icon_pricing_table_elementor_cac9315 .uc_ispt_container_list_row_icon\n{\n  flex-grow:0;\n  flex-shrink:0;\n}\n\n#uc_icon_pricing_table_elementor_cac9315 .uc_ispt_container_list_row_icon svg\n{\n  height:1em;\n  width:1em;\n}\n\n\n#uc_icon_pricing_table_elementor_cac9315 .ue_pricing_table_content\n{\n  display:flex;\n  flex-direction:column;\n}\n\n\n\n<\/style>\n\n<div class=\"uc_icon_solid_pricing_table\" id=\"uc_icon_pricing_table_elementor_cac9315\">\n  \n \n\t<div class=\"ue_badge\">150 z\u0142<\/div>  \n\t\n\n  \n  \n        <div class=\"uc_ispt_container\">\n          \n           <div class=\"ue_pricing_above_header\">\n                                            <div class=\"uc_ispt_container_icon\">\n                                                    <span class=\"ue-ge-image\"><img decoding=\"async\" src=\"https:\/\/przedszkole.olesnica.pl\/ne\/wp-content\/uploads\/2025\/03\/LOGO-oca.png\"><\/span>                         <\/div>\n                                 \n                                        <div class=\"uc_ispt_header_title\"> Dla dzieci zamieszka\u0142ych na terenie miasta Ole\u015bnicy <\/div>\n                                        \n                               <\/div>\n           \n            <div class=\"uc_ispt_header\">\n                \n                <div class=\"uc_ispt_header_content\">\n                    \n                    \t\n                    \n                    \t\n                  \n                                      \n                  \n                                                            <div class=\"uc_ispt_container_price\"> 1650 <div class=\"uc_ispt_sub ue_pricing_table_currency\">z\u0142<\/div><div class=\"uc_ispt_sub ue_pricing_table_duration\">\/miesi\u0105c<\/div><\/div>\n                                    <\/div>\n                \n            <\/div>         \n           \n           <div class=\"uc_ispt_container_main\">\n           \t\t\n             \t\t\n                    <div class=\"ue_pricing_table_content\">\n                                        \n                    \t\n                      \n                                        <div class=\"uc_ispt_header_subtitle\"> Po uzyskaniu dofinansowania z programu \"Aktywnie w \u017c\u0142obku\" (na wniosek rodzica) czesne wynosi 150 z\u0142\/miesi\u0105c <\/div>\n                                        \n                                        <\/div>\n             \n                <div class=\"uc_ispt_container_list\">\n\t\t\t\t\t<div class=\"uc_ispt_container_list_row elementor-repeater-item-e6333f2\">\n    <div class=\"uc_ispt_container_list_row_icon\"><i class='fas fa-check'><\/i><\/div>\n  <div class=\"uc_ispt_container_list_row_spacing\"><\/div>\n    <div class=\"uc_ispt_container_list_row_txt\">450 z\u0142\/rok - wpisowe<\/div>\n  <\/div>\n<div class=\"uc_ispt_container_list_row elementor-repeater-item-ffc5ff8\">\n    <div class=\"uc_ispt_container_list_row_icon\"><i class=''><\/i><\/div>\n  <div class=\"uc_ispt_container_list_row_spacing\"><\/div>\n    <div class=\"uc_ispt_container_list_row_txt\">wy\u017cywienie: <\/div>\n  <\/div>\n<div class=\"uc_ispt_container_list_row elementor-repeater-item-2c71026\">\n    <div class=\"uc_ispt_container_list_row_icon\"><i class='fas fa-utensils'><\/i><\/div>\n  <div class=\"uc_ispt_container_list_row_spacing\"><\/div>\n    <div class=\"uc_ispt_container_list_row_txt\">19 z\u0142\/dzie\u0144 - dieta podstawowa<\/div>\n  <\/div>\n<div class=\"uc_ispt_container_list_row elementor-repeater-item-85f51fa\">\n    <div class=\"uc_ispt_container_list_row_icon\"><i class='fas fa-utensils'><\/i><\/div>\n  <div class=\"uc_ispt_container_list_row_spacing\"><\/div>\n    <div class=\"uc_ispt_container_list_row_txt\">20 z\u0142\/dzie\u0144 - dieta bezmleczna<\/div>\n  <\/div>\n<div class=\"uc_ispt_container_list_row elementor-repeater-item-bb62cd7\">\n    <div class=\"uc_ispt_container_list_row_icon\"><i class='far fa-bell'><\/i><\/div>\n  <div class=\"uc_ispt_container_list_row_spacing\"><\/div>\n    <div class=\"uc_ispt_container_list_row_txt\">Dzieci zamieszka\u0142e poza terenem miasta Ole\u015bnicy - dop\u0142ata w wysoko\u015bci 450 z\u0142<\/div>\n  <\/div>\n\n                <\/div>\n                \n                \n           <\/div>\n          \n            <div class=\"ue_pricing_table_footer\">\n                <a href=\"https:\/\/web-proxy.livekid.com\/\/apply\/1541190\/7bb837fd-0bcc-4e79-8277-005d1815a4b5?region=pl&amp;#038;lang=pl\" class=\"uc_ispt_btn uc_more_btn\" >Formularz<\/a>                <div class=\"ue_pricing_table_footer_text\"><\/div>            <\/div>\n            \n        <\/div>\n    <\/div>\n<!-- end Pricing Table -->\t\t\t\t<\/div>\n\t\t\t\t<\/div>\n\t\t\t\t<\/div>\n\t\t<div id=\"e-n-tab-content-564130322\" role=\"tabpanel\" aria-labelledby=\"e-n-tab-title-564130322\" data-tab-index=\"2\" style=\"--n-tabs-title-order: 2;\" class=\" elementor-element elementor-element-84078fd e-con-full e-flex e-con e-child\" data-id=\"84078fd\" data-element_type=\"container\" data-e-type=\"container\">\n\t\t\t\t<div class=\"elementor-element elementor-element-ad57242 elementor-widget elementor-widget-ucaddon_icon_pricing_table\" data-id=\"ad57242\" data-element_type=\"widget\" data-e-type=\"widget\" data-widget_type=\"ucaddon_icon_pricing_table.default\">\n\t\t\t\t<div class=\"elementor-widget-container\">\n\t\t\t\t\t\n<!-- start Pricing Table -->\n\n<style>\/* widget: Pricing Table *\/\n\n#uc_icon_pricing_table_elementor_ad57242 *{\n\tbox-sizing: border-box;\n}\n\n#uc_icon_pricing_table_elementor_ad57242\n{\n  overflow:hidden;\n  position:relative;\n}\n#uc_icon_pricing_table_elementor_ad57242 .ue_badge\n{\n  position: absolute;\n    top: 16px;\n    \t\n    left: -70px;transform: rotate(-45deg);    padding: 5px 0px;\n    width: 200px;\n    text-align: center;\n    box-sizing: border-box;\n    z-index:2;\n}\n\n.ue_badge\n{\n  font-size:10px;\n  line-height:1em;\n}\n#uc_icon_pricing_table_elementor_ad57242 .uc_ispt_container{\n}\n.uc_ispt_header_title{\n\tfont-size:18px;\n}\n#uc_icon_pricing_table_elementor_ad57242 .uc_ispt_container .uc_ispt_container_main{\n\tposition:relative;\n\tz-index:1;\n}\n\n\n#uc_icon_pricing_table_elementor_ad57242 .uc_ispt_container_icon{\n\tdisplay:flex;\n    align-items:center;\n    justify-content:center;\n\ttext-align:center;\n    line-height:1em;\n    overflow:hidden;\n}\n\n#uc_icon_pricing_table_elementor_ad57242 .uc_ispt_container_icon svg\n{\n  height:1em;\n  width:1em;\n}\n\n#uc_icon_pricing_table_elementor_ad57242 .uc_ispt_container_icon img\n{\n  \n}\n\n.uc_ispt_container_price{\n\tfont-size:35px;\n}\n\n.uc_ispt_container_price .uc_ispt_sub{\n\tfont-size:15px;\n\tdisplay:inline-block;\n}\n\n\t\n#uc_icon_pricing_table_elementor_ad57242 .uc_ispt_container .uc_ispt_container_main .uc_ispt_btn{\n\ttext-decoration:none;\n    text-align:center;\n\ttransition:all 0.3s ease;\n}\n\n.ue_old_price\n{\n  text-decoration: line-through;\n}\n\n#uc_icon_pricing_table_elementor_ad57242 .uc_ispt_header_content\n{\n  display:flex;\n}\n\n#uc_icon_pricing_table_elementor_ad57242 .ue_pricing_above_header\n{\n  display:flex;\n}\n\n\n#uc_icon_pricing_table_elementor_ad57242 .uc_ispt_container_list_row\n{\n  display:flex;\n  align-items:center;\n}\n\n#uc_icon_pricing_table_elementor_ad57242 .uc_ispt_container_list_row_spacing\n{\n  flex-grow:0;\n  flex-shrink:0;\n}\n\n#uc_icon_pricing_table_elementor_ad57242 .uc_ispt_container_list_row_icon\n{\n  flex-grow:0;\n  flex-shrink:0;\n}\n\n#uc_icon_pricing_table_elementor_ad57242 .uc_ispt_container_list_row_icon svg\n{\n  height:1em;\n  width:1em;\n}\n\n\n#uc_icon_pricing_table_elementor_ad57242 .ue_pricing_table_content\n{\n  display:flex;\n  flex-direction:column;\n}\n\n\n\n<\/style>\n\n<div class=\"uc_icon_solid_pricing_table\" id=\"uc_icon_pricing_table_elementor_ad57242\">\n  \n \n\t<div class=\"ue_badge\">300 z\u0142<\/div>  \n\t\n\n  \n  \n        <div class=\"uc_ispt_container\">\n          \n           <div class=\"ue_pricing_above_header\">\n                                            <div class=\"uc_ispt_container_icon\">\n                                                    <span class=\"ue-ge-image\"><img decoding=\"async\" src=\"https:\/\/przedszkole.olesnica.pl\/ne\/wp-content\/uploads\/2025\/03\/Zlobek-U-Kubusia-Puchatka-w-Sycowie.png\"><\/span>                         <\/div>\n                                 \n                                        <div class=\"uc_ispt_header_title\"> Dla dzieci zamieszka\u0142ych na terenie miasta i gminy Syc\u00f3w <\/div>\n                                        \n                               <\/div>\n           \n            <div class=\"uc_ispt_header\">\n                \n                <div class=\"uc_ispt_header_content\">\n                    \n                    \t\n                    \n                    \t\n                  \n                                      \n                  \n                                                            <div class=\"uc_ispt_container_price\"> 1800 <div class=\"uc_ispt_sub ue_pricing_table_currency\">z\u0142<\/div><div class=\"uc_ispt_sub ue_pricing_table_duration\">\/miesi\u0105c<\/div><\/div>\n                                    <\/div>\n                \n            <\/div>         \n           \n           <div class=\"uc_ispt_container_main\">\n           \t\t\n             \t\t\n                    <div class=\"ue_pricing_table_content\">\n                                        \n                    \t\n                      \n                                        <div class=\"uc_ispt_header_subtitle\"> Po uzyskaniu dofinansowania z programu \"Aktywnie w \u017c\u0142obku\" (na wniosek rodzica) czesne wynosi 300 z\u0142\/miesi\u0105c <\/div>\n                                        \n                                        <\/div>\n             \n                <div class=\"uc_ispt_container_list\">\n\t\t\t\t\t<div class=\"uc_ispt_container_list_row elementor-repeater-item-e6333f2\">\n    <div class=\"uc_ispt_container_list_row_icon\"><i class='fas fa-check'><\/i><\/div>\n  <div class=\"uc_ispt_container_list_row_spacing\"><\/div>\n    <div class=\"uc_ispt_container_list_row_txt\">450 z\u0142\/rok - wpisowe<\/div>\n  <\/div>\n<div class=\"uc_ispt_container_list_row elementor-repeater-item-ffc5ff8\">\n    <div class=\"uc_ispt_container_list_row_icon\"><i class=''><\/i><\/div>\n  <div class=\"uc_ispt_container_list_row_spacing\"><\/div>\n    <div class=\"uc_ispt_container_list_row_txt\">wy\u017cywienie: <\/div>\n  <\/div>\n<div class=\"uc_ispt_container_list_row elementor-repeater-item-2c71026\">\n    <div class=\"uc_ispt_container_list_row_icon\"><i class='fas fa-utensils'><\/i><\/div>\n  <div class=\"uc_ispt_container_list_row_spacing\"><\/div>\n    <div class=\"uc_ispt_container_list_row_txt\">20 z\u0142\/dzie\u0144 - dieta podstawowa<\/div>\n  <\/div>\n<div class=\"uc_ispt_container_list_row elementor-repeater-item-85f51fa\">\n    <div class=\"uc_ispt_container_list_row_icon\"><i class='fas fa-utensils'><\/i><\/div>\n  <div class=\"uc_ispt_container_list_row_spacing\"><\/div>\n    <div class=\"uc_ispt_container_list_row_txt\">21 z\u0142\/dzie\u0144 - dieta bezmleczna<\/div>\n  <\/div>\n<div class=\"uc_ispt_container_list_row elementor-repeater-item-bb62cd7\">\n    <div class=\"uc_ispt_container_list_row_icon\"><i class='far fa-bell'><\/i><\/div>\n  <div class=\"uc_ispt_container_list_row_spacing\"><\/div>\n    <div class=\"uc_ispt_container_list_row_txt\">Dzieci zamieszka\u0142e poza terenem miasta i gminy Syc\u00f3w  - dop\u0142ata w wysoko\u015bci 400 z\u0142<\/div>\n  <\/div>\n\n                <\/div>\n                \n                \n           <\/div>\n          \n            <div class=\"ue_pricing_table_footer\">\n                <a href=\"https:\/\/web-proxy.livekid.com\/\/apply\/1541190\/7bb837fd-0bcc-4e79-8277-005d1815a4b5?region=pl&amp;#038;lang=pl\" class=\"uc_ispt_btn uc_more_btn\" >Formularz<\/a>                <div class=\"ue_pricing_table_footer_text\"><\/div>            <\/div>\n            \n        <\/div>\n    <\/div>\n<!-- end Pricing Table -->\t\t\t\t<\/div>\n\t\t\t\t<\/div>\n\t\t\t\t<\/div>\n\t\t<div id=\"e-n-tab-content-564130323\" role=\"tabpanel\" aria-labelledby=\"e-n-tab-title-564130323\" data-tab-index=\"3\" style=\"--n-tabs-title-order: 3;\" class=\" elementor-element elementor-element-e858257 e-con-full e-flex e-con e-child\" data-id=\"e858257\" data-element_type=\"container\" data-e-type=\"container\">\n\t\t\t\t<div class=\"elementor-element elementor-element-e063acc elementor-widget elementor-widget-ucaddon_icon_pricing_table\" data-id=\"e063acc\" data-element_type=\"widget\" data-e-type=\"widget\" data-widget_type=\"ucaddon_icon_pricing_table.default\">\n\t\t\t\t<div class=\"elementor-widget-container\">\n\t\t\t\t\t\n<!-- start Pricing Table -->\n\n<style>\/* widget: Pricing Table *\/\n\n#uc_icon_pricing_table_elementor_e063acc *{\n\tbox-sizing: border-box;\n}\n\n#uc_icon_pricing_table_elementor_e063acc\n{\n  overflow:hidden;\n  position:relative;\n}\n#uc_icon_pricing_table_elementor_e063acc .ue_badge\n{\n  position: absolute;\n    top: 16px;\n    \t\n    left: -70px;transform: rotate(-45deg);    padding: 5px 0px;\n    width: 200px;\n    text-align: center;\n    box-sizing: border-box;\n    z-index:2;\n}\n\n.ue_badge\n{\n  font-size:10px;\n  line-height:1em;\n}\n#uc_icon_pricing_table_elementor_e063acc .uc_ispt_container{\n}\n.uc_ispt_header_title{\n\tfont-size:18px;\n}\n#uc_icon_pricing_table_elementor_e063acc .uc_ispt_container .uc_ispt_container_main{\n\tposition:relative;\n\tz-index:1;\n}\n\n\n#uc_icon_pricing_table_elementor_e063acc .uc_ispt_container_icon{\n\tdisplay:flex;\n    align-items:center;\n    justify-content:center;\n\ttext-align:center;\n    line-height:1em;\n    overflow:hidden;\n}\n\n#uc_icon_pricing_table_elementor_e063acc .uc_ispt_container_icon svg\n{\n  height:1em;\n  width:1em;\n}\n\n#uc_icon_pricing_table_elementor_e063acc .uc_ispt_container_icon img\n{\n  \n}\n\n.uc_ispt_container_price{\n\tfont-size:35px;\n}\n\n.uc_ispt_container_price .uc_ispt_sub{\n\tfont-size:15px;\n\tdisplay:inline-block;\n}\n\n\t\n#uc_icon_pricing_table_elementor_e063acc .uc_ispt_container .uc_ispt_container_main .uc_ispt_btn{\n\ttext-decoration:none;\n    text-align:center;\n\ttransition:all 0.3s ease;\n}\n\n.ue_old_price\n{\n  text-decoration: line-through;\n}\n\n#uc_icon_pricing_table_elementor_e063acc .uc_ispt_header_content\n{\n  display:flex;\n}\n\n#uc_icon_pricing_table_elementor_e063acc .ue_pricing_above_header\n{\n  display:flex;\n}\n\n\n#uc_icon_pricing_table_elementor_e063acc .uc_ispt_container_list_row\n{\n  display:flex;\n  align-items:center;\n}\n\n#uc_icon_pricing_table_elementor_e063acc .uc_ispt_container_list_row_spacing\n{\n  flex-grow:0;\n  flex-shrink:0;\n}\n\n#uc_icon_pricing_table_elementor_e063acc .uc_ispt_container_list_row_icon\n{\n  flex-grow:0;\n  flex-shrink:0;\n}\n\n#uc_icon_pricing_table_elementor_e063acc .uc_ispt_container_list_row_icon svg\n{\n  height:1em;\n  width:1em;\n}\n\n\n#uc_icon_pricing_table_elementor_e063acc .ue_pricing_table_content\n{\n  display:flex;\n  flex-direction:column;\n}\n\n\n\n<\/style>\n\n<div class=\"uc_icon_solid_pricing_table\" id=\"uc_icon_pricing_table_elementor_e063acc\">\n  \n \n\t<div class=\"ue_badge\">0 z\u0142<\/div>  \n\t\n\n  \n  \n        <div class=\"uc_ispt_container\">\n          \n           <div class=\"ue_pricing_above_header\">\n                                            <div class=\"uc_ispt_container_icon\">\n                                                    <span class=\"ue-ge-image\"><img decoding=\"async\" src=\"https:\/\/przedszkole.olesnica.pl\/ne\/wp-content\/uploads\/2025\/04\/LOGO-zlobkow.png\"><\/span>                         <\/div>\n                                 \n                                        <div class=\"uc_ispt_header_title\"> Niezale\u017cnie od miejsca zamieszkania - mo\u017cliwo\u015bci dofinansowania poni\u017cej <\/div>\n                                        \n                               <\/div>\n           \n            <div class=\"uc_ispt_header\">\n                \n                <div class=\"uc_ispt_header_content\">\n                    \n                    \t\n                    \n                    \t\n                  \n                                      \n                  \n                                                            <div class=\"uc_ispt_container_price\"> 2200 <div class=\"uc_ispt_sub ue_pricing_table_currency\">z\u0142<\/div><div class=\"uc_ispt_sub ue_pricing_table_duration\">\/miesi\u0105c<\/div><\/div>\n                                    <\/div>\n                \n            <\/div>         \n           \n           <div class=\"uc_ispt_container_main\">\n           \t\t\n             \t\t\n                    <div class=\"ue_pricing_table_content\">\n                                        \n                    \t\n                      \n                                        <div class=\"uc_ispt_header_subtitle\"> Po uzyskaniu dofinansowania z programu \"Aktywnie w \u017c\u0142obku\" (na wniosek rodzica) czesne mo\u017ce wynie\u015b\u0107 0 z\u0142 <\/div>\n                                        \n                                        <\/div>\n             \n                <div class=\"uc_ispt_container_list\">\n\t\t\t\t\t<div class=\"uc_ispt_container_list_row elementor-repeater-item-e6333f2\">\n    <div class=\"uc_ispt_container_list_row_icon\"><i class='fas fa-check'><\/i><\/div>\n  <div class=\"uc_ispt_container_list_row_spacing\"><\/div>\n    <div class=\"uc_ispt_container_list_row_txt\">550 z\u0142\/rok - wpisowe<\/div>\n  <\/div>\n<div class=\"uc_ispt_container_list_row elementor-repeater-item-ffc5ff8\">\n    <div class=\"uc_ispt_container_list_row_icon\"><i class=''><\/i><\/div>\n  <div class=\"uc_ispt_container_list_row_spacing\"><\/div>\n    <div class=\"uc_ispt_container_list_row_txt\">wy\u017cywienie: <\/div>\n  <\/div>\n<div class=\"uc_ispt_container_list_row elementor-repeater-item-2c71026\">\n    <div class=\"uc_ispt_container_list_row_icon\"><i class='fas fa-utensils'><\/i><\/div>\n  <div class=\"uc_ispt_container_list_row_spacing\"><\/div>\n    <div class=\"uc_ispt_container_list_row_txt\">25 z\u0142\/dzie\u0144 - dieta podstawowa<\/div>\n  <\/div>\n<div class=\"uc_ispt_container_list_row elementor-repeater-item-d0e591c\">\n    <div class=\"uc_ispt_container_list_row_icon\"><i class='fas fa-utensils'><\/i><\/div>\n  <div class=\"uc_ispt_container_list_row_spacing\"><\/div>\n    <div class=\"uc_ispt_container_list_row_txt\">27 z\u0142\/dzie\u0144 - dieta bezmleczna<\/div>\n  <\/div>\n<div class=\"uc_ispt_container_list_row elementor-repeater-item-85f51fa\">\n    <div class=\"uc_ispt_container_list_row_icon\"><i class='fas fa-utensils'><\/i><\/div>\n  <div class=\"uc_ispt_container_list_row_spacing\"><\/div>\n    <div class=\"uc_ispt_container_list_row_txt\">27 z\u0142\/dzie\u0144 - dieta wegetaria\u0144ska<\/div>\n  <\/div>\n<div class=\"uc_ispt_container_list_row elementor-repeater-item-8bb0a07\">\n    <div class=\"uc_ispt_container_list_row_icon\"><i class='fas fa-utensils'><\/i><\/div>\n  <div class=\"uc_ispt_container_list_row_spacing\"><\/div>\n    <div class=\"uc_ispt_container_list_row_txt\">28 z\u0142\/dzie\u0144 - dieta wega\u0144ska<\/div>\n  <\/div>\n<div class=\"uc_ispt_container_list_row elementor-repeater-item-0390340\">\n    <div class=\"uc_ispt_container_list_row_icon\"><i class='fas fa-utensils'><\/i><\/div>\n  <div class=\"uc_ispt_container_list_row_spacing\"><\/div>\n    <div class=\"uc_ispt_container_list_row_txt\">28 z\u0142\/dzie\u0144 - dieta bezglutenowa<\/div>\n  <\/div>\n\n                <\/div>\n                \n                \n           <\/div>\n          \n            <div class=\"ue_pricing_table_footer\">\n                <a href=\"https:\/\/web-proxy.livekid.com\/apply\/1541190\/2bf27ae8-4db8-4d90-8590-9a59c5ac70a2\" class=\"uc_ispt_btn uc_more_btn\" >Formularz<\/a>                <div class=\"ue_pricing_table_footer_text\"><\/div>            <\/div>\n            \n        <\/div>\n    <\/div>\n<!-- end Pricing Table -->\t\t\t\t<\/div>\n\t\t\t\t<\/div>\n\t\t\t\t<div class=\"elementor-element elementor-element-c4b313d elementor-widget elementor-widget-n-accordion\" data-id=\"c4b313d\" data-element_type=\"widget\" data-e-type=\"widget\" data-settings=\"{&quot;default_state&quot;:&quot;all_collapsed&quot;,&quot;max_items_expended&quot;:&quot;one&quot;,&quot;n_accordion_animation_duration&quot;:{&quot;unit&quot;:&quot;ms&quot;,&quot;size&quot;:400,&quot;sizes&quot;:[]}}\" data-widget_type=\"nested-accordion.default\">\n\t\t\t\t<div class=\"elementor-widget-container\">\n\t\t\t\t\t\t\t<div class=\"e-n-accordion\" aria-label=\"Accordion. Open links with Enter or Space, close with Escape, and navigate with Arrow Keys\">\n\t\t\t\t\t\t<details id=\"e-n-accordion-item-2060\" class=\"e-n-accordion-item\" >\n\t\t\t\t<summary class=\"e-n-accordion-item-title\" data-accordion-index=\"1\" tabindex=\"0\" aria-expanded=\"false\" aria-controls=\"e-n-accordion-item-2060\" >\n\t\t\t\t\t<span class='e-n-accordion-item-title-header'><div class=\"e-n-accordion-item-title-text\"> Dotacja z Miasta Wroc\u0142awia <\/div><\/span>\n\t\t\t\t\t\t\t<span class='e-n-accordion-item-title-icon'>\n\t\t\t<span class='e-opened' ><svg aria-hidden=\"true\" class=\"e-font-icon-svg e-fas-minus\" viewBox=\"0 0 448 512\" xmlns=\"http:\/\/www.w3.org\/2000\/svg\"><path d=\"M416 208H32c-17.67 0-32 14.33-32 32v32c0 17.67 14.33 32 32 32h384c17.67 0 32-14.33 32-32v-32c0-17.67-14.33-32-32-32z\"><\/path><\/svg><\/span>\n\t\t\t<span class='e-closed'><svg aria-hidden=\"true\" class=\"e-font-icon-svg e-fas-plus\" viewBox=\"0 0 448 512\" xmlns=\"http:\/\/www.w3.org\/2000\/svg\"><path d=\"M416 208H272V64c0-17.67-14.33-32-32-32h-32c-17.67 0-32 14.33-32 32v144H32c-17.67 0-32 14.33-32 32v32c0 17.67 14.33 32 32 32h144v144c0 17.67 14.33 32 32 32h32c17.67 0 32-14.33 32-32V304h144c17.67 0 32-14.33 32-32v-32c0-17.67-14.33-32-32-32z\"><\/path><\/svg><\/span>\n\t\t<\/span>\n\n\t\t\t\t\t\t<\/summary>\n\t\t\t\t<div role=\"region\" aria-labelledby=\"e-n-accordion-item-2060\" class=\"elementor-element elementor-element-18c18a6 e-con-full e-flex e-con e-child\" data-id=\"18c18a6\" data-element_type=\"container\" data-e-type=\"container\">\n\t\t\t\t<div class=\"elementor-element elementor-element-e4c7c8e elementor-position-inline-start elementor-view-default elementor-mobile-position-block-start elementor-widget elementor-widget-icon-box\" data-id=\"e4c7c8e\" data-element_type=\"widget\" data-e-type=\"widget\" data-widget_type=\"icon-box.default\">\n\t\t\t\t<div class=\"elementor-widget-container\">\n\t\t\t\t\t\t\t<div class=\"elementor-icon-box-wrapper\">\n\n\t\t\t\t\t\t<div class=\"elementor-icon-box-icon\">\n\t\t\t\t<span  class=\"elementor-icon\">\n\t\t\t\t<svg aria-hidden=\"true\" class=\"e-font-icon-svg e-fas-star\" viewBox=\"0 0 576 512\" xmlns=\"http:\/\/www.w3.org\/2000\/svg\"><path d=\"M259.3 17.8L194 150.2 47.9 171.5c-26.2 3.8-36.7 36.1-17.7 54.6l105.7 103-25 145.5c-4.5 26.3 23.2 46 46.4 33.7L288 439.6l130.7 68.7c23.2 12.2 50.9-7.4 46.4-33.7l-25-145.5 105.7-103c19-18.5 8.5-50.8-17.7-54.6L382 150.2 316.7 17.8c-11.7-23.6-45.6-23.9-57.4 0z\"><\/path><\/svg>\t\t\t\t<\/span>\n\t\t\t<\/div>\n\t\t\t\n\t\t\t\t\t\t<div class=\"elementor-icon-box-content\">\n\n\t\t\t\t\t\t\t\t\t<h3 class=\"elementor-icon-box-title\">\n\t\t\t\t\t\t<span  >\n\t\t\t\t\t\t\t400 z\u0142 miesi\u0119cznie\t\t\t\t\t\t<\/span>\n\t\t\t\t\t<\/h3>\n\t\t\t\t\n\t\t\t\t\t\t\t\t\t<p class=\"elementor-icon-box-description\">\n\t\t\t\t\t\tOd 1 wrze\u015bnia 2025 roku zmieniaj\u0105 si\u0119 zasady dotowania dzieci w \u017c\u0142obku przez Miasto Wroc\u0142aw. 400 z\u0142 miesi\u0119cznie otrzyma ka\u017cde dziecko zamieszka\u0142e na terenie Wroc\u0142awia i zaszczepione wg kalendarza szczepie\u0144.\nNie trzeba rekrutowa\u0107 si\u0119 do \u017c\u0142obka poprzez system miejski.\t\t\t\t\t<\/p>\n\t\t\t\t\n\t\t\t<\/div>\n\t\t\t\n\t\t<\/div>\n\t\t\t\t\t\t<\/div>\n\t\t\t\t<\/div>\n\t\t\t\t<\/div>\n\t\t\t\t\t<\/details>\n\t\t\t\t\t\t<details id=\"e-n-accordion-item-2061\" class=\"e-n-accordion-item\" >\n\t\t\t\t<summary class=\"e-n-accordion-item-title\" data-accordion-index=\"2\" tabindex=\"-1\" aria-expanded=\"false\" aria-controls=\"e-n-accordion-item-2061\" >\n\t\t\t\t\t<span class='e-n-accordion-item-title-header'><div class=\"e-n-accordion-item-title-text\"> Aktywy Maluch <\/div><\/span>\n\t\t\t\t\t\t\t<span class='e-n-accordion-item-title-icon'>\n\t\t\t<span class='e-opened' ><svg aria-hidden=\"true\" class=\"e-font-icon-svg e-fas-minus\" viewBox=\"0 0 448 512\" xmlns=\"http:\/\/www.w3.org\/2000\/svg\"><path d=\"M416 208H32c-17.67 0-32 14.33-32 32v32c0 17.67 14.33 32 32 32h384c17.67 0 32-14.33 32-32v-32c0-17.67-14.33-32-32-32z\"><\/path><\/svg><\/span>\n\t\t\t<span class='e-closed'><svg aria-hidden=\"true\" class=\"e-font-icon-svg e-fas-plus\" viewBox=\"0 0 448 512\" xmlns=\"http:\/\/www.w3.org\/2000\/svg\"><path d=\"M416 208H272V64c0-17.67-14.33-32-32-32h-32c-17.67 0-32 14.33-32 32v144H32c-17.67 0-32 14.33-32 32v32c0 17.67 14.33 32 32 32h144v144c0 17.67 14.33 32 32 32h32c17.67 0 32-14.33 32-32V304h144c17.67 0 32-14.33 32-32v-32c0-17.67-14.33-32-32-32z\"><\/path><\/svg><\/span>\n\t\t<\/span>\n\n\t\t\t\t\t\t<\/summary>\n\t\t\t\t<div role=\"region\" aria-labelledby=\"e-n-accordion-item-2061\" class=\"elementor-element elementor-element-366938e e-con-full e-flex e-con e-child\" data-id=\"366938e\" data-element_type=\"container\" data-e-type=\"container\">\n\t\t\t\t<div class=\"elementor-element elementor-element-5e7efbe elementor-position-inline-start elementor-view-default elementor-mobile-position-block-start elementor-widget elementor-widget-icon-box\" data-id=\"5e7efbe\" data-element_type=\"widget\" data-e-type=\"widget\" data-widget_type=\"icon-box.default\">\n\t\t\t\t<div class=\"elementor-widget-container\">\n\t\t\t\t\t\t\t<div class=\"elementor-icon-box-wrapper\">\n\n\t\t\t\t\t\t<div class=\"elementor-icon-box-icon\">\n\t\t\t\t<span  class=\"elementor-icon\">\n\t\t\t\t<svg aria-hidden=\"true\" class=\"e-font-icon-svg e-fas-star\" viewBox=\"0 0 576 512\" xmlns=\"http:\/\/www.w3.org\/2000\/svg\"><path d=\"M259.3 17.8L194 150.2 47.9 171.5c-26.2 3.8-36.7 36.1-17.7 54.6l105.7 103-25 145.5c-4.5 26.3 23.2 46 46.4 33.7L288 439.6l130.7 68.7c23.2 12.2 50.9-7.4 46.4-33.7l-25-145.5 105.7-103c19-18.5 8.5-50.8-17.7-54.6L382 150.2 316.7 17.8c-11.7-23.6-45.6-23.9-57.4 0z\"><\/path><\/svg>\t\t\t\t<\/span>\n\t\t\t<\/div>\n\t\t\t\n\t\t\t\t\t\t<div class=\"elementor-icon-box-content\">\n\n\t\t\t\t\t\t\t\t\t<h3 class=\"elementor-icon-box-title\">\n\t\t\t\t\t\t<span  >\n\t\t\t\t\t\t\t836 z\u0142 miesi\u0119cznie\t\t\t\t\t\t<\/span>\n\t\t\t\t\t<\/h3>\n\t\t\t\t\n\t\t\t\t\t\t\t\t\t<p class=\"elementor-icon-box-description\">\n\t\t\t\t\t\tW naszym \u017c\u0142obku mamy 50 miejsc dofinansowanych z programu  Aktywny Maluch. W pierwszej kolejno\u015bci dofinansowanie to otrzymaj\u0105 dzieci kontynuuj\u0105ce pobyt w naszej plac\u00f3wce w kolejnym roku szkolnym, je\u015bli zg\u0142osz\u0105 si\u0119 do 15 kwietnia br. Po tymm terminie obowi\u0105zywa\u0107 b\u0119dzie kolejno\u015b\u0107 zg\u0142osze\u0144.\t\t\t\t\t<\/p>\n\t\t\t\t\n\t\t\t<\/div>\n\t\t\t\n\t\t<\/div>\n\t\t\t\t\t\t<\/div>\n\t\t\t\t<\/div>\n\t\t\t\t<\/div>\n\t\t\t\t\t<\/details>\n\t\t\t\t\t\t<details id=\"e-n-accordion-item-2062\" class=\"e-n-accordion-item\" >\n\t\t\t\t<summary class=\"e-n-accordion-item-title\" data-accordion-index=\"3\" tabindex=\"-1\" aria-expanded=\"false\" aria-controls=\"e-n-accordion-item-2062\" >\n\t\t\t\t\t<span class='e-n-accordion-item-title-header'><div class=\"e-n-accordion-item-title-text\"> Aktywnie w \u017c\u0142obku <\/div><\/span>\n\t\t\t\t\t\t\t<span class='e-n-accordion-item-title-icon'>\n\t\t\t<span class='e-opened' ><svg aria-hidden=\"true\" class=\"e-font-icon-svg e-fas-minus\" viewBox=\"0 0 448 512\" xmlns=\"http:\/\/www.w3.org\/2000\/svg\"><path d=\"M416 208H32c-17.67 0-32 14.33-32 32v32c0 17.67 14.33 32 32 32h384c17.67 0 32-14.33 32-32v-32c0-17.67-14.33-32-32-32z\"><\/path><\/svg><\/span>\n\t\t\t<span class='e-closed'><svg aria-hidden=\"true\" class=\"e-font-icon-svg e-fas-plus\" viewBox=\"0 0 448 512\" xmlns=\"http:\/\/www.w3.org\/2000\/svg\"><path d=\"M416 208H272V64c0-17.67-14.33-32-32-32h-32c-17.67 0-32 14.33-32 32v144H32c-17.67 0-32 14.33-32 32v32c0 17.67 14.33 32 32 32h144v144c0 17.67 14.33 32 32 32h32c17.67 0 32-14.33 32-32V304h144c17.67 0 32-14.33 32-32v-32c0-17.67-14.33-32-32-32z\"><\/path><\/svg><\/span>\n\t\t<\/span>\n\n\t\t\t\t\t\t<\/summary>\n\t\t\t\t<div role=\"region\" aria-labelledby=\"e-n-accordion-item-2062\" class=\"elementor-element elementor-element-315d25e e-flex e-con-boxed e-con e-child\" data-id=\"315d25e\" data-element_type=\"container\" data-e-type=\"container\">\n\t\t\t\t\t<div class=\"e-con-inner\">\n\t\t\t\t<div class=\"elementor-element elementor-element-fcb9537 elementor-position-inline-start elementor-view-default elementor-mobile-position-block-start elementor-widget elementor-widget-icon-box\" data-id=\"fcb9537\" data-element_type=\"widget\" data-e-type=\"widget\" data-widget_type=\"icon-box.default\">\n\t\t\t\t<div class=\"elementor-widget-container\">\n\t\t\t\t\t\t\t<div class=\"elementor-icon-box-wrapper\">\n\n\t\t\t\t\t\t<div class=\"elementor-icon-box-icon\">\n\t\t\t\t<span  class=\"elementor-icon\">\n\t\t\t\t<svg aria-hidden=\"true\" class=\"e-font-icon-svg e-fas-star\" viewBox=\"0 0 576 512\" xmlns=\"http:\/\/www.w3.org\/2000\/svg\"><path d=\"M259.3 17.8L194 150.2 47.9 171.5c-26.2 3.8-36.7 36.1-17.7 54.6l105.7 103-25 145.5c-4.5 26.3 23.2 46 46.4 33.7L288 439.6l130.7 68.7c23.2 12.2 50.9-7.4 46.4-33.7l-25-145.5 105.7-103c19-18.5 8.5-50.8-17.7-54.6L382 150.2 316.7 17.8c-11.7-23.6-45.6-23.9-57.4 0z\"><\/path><\/svg>\t\t\t\t<\/span>\n\t\t\t<\/div>\n\t\t\t\n\t\t\t\t\t\t<div class=\"elementor-icon-box-content\">\n\n\t\t\t\t\t\t\t\t\t<h3 class=\"elementor-icon-box-title\">\n\t\t\t\t\t\t<span  >\n\t\t\t\t\t\t\tdo 1500 z\u0142 miesi\u0119cznie\t\t\t\t\t\t<\/span>\n\t\t\t\t\t<\/h3>\n\t\t\t\t\n\t\t\t\t\n\t\t\t<\/div>\n\t\t\t\n\t\t<\/div>\n\t\t\t\t\t\t<\/div>\n\t\t\t\t<\/div>\n\t\t\t\t<div class=\"elementor-element elementor-element-cb1c4bf elementor-position-right elementor-vertical-align-top elementor-widget elementor-widget-image-box\" data-id=\"cb1c4bf\" data-element_type=\"widget\" data-e-type=\"widget\" data-widget_type=\"image-box.default\">\n\t\t\t\t<div class=\"elementor-widget-container\">\n\t\t\t\t\t<div class=\"elementor-image-box-wrapper\"><figure class=\"elementor-image-box-img\"><img fetchpriority=\"high\" decoding=\"async\" width=\"1460\" height=\"616\" src=\"https:\/\/przedszkole.olesnica.pl\/ne\/wp-content\/uploads\/2025\/03\/1460x616.png\" class=\"attachment-full size-full wp-image-312\" alt=\"\" srcset=\"https:\/\/przedszkole.olesnica.pl\/ne\/wp-content\/uploads\/2025\/03\/1460x616.png 1460w, https:\/\/przedszkole.olesnica.pl\/ne\/wp-content\/uploads\/2025\/03\/1460x616-300x127.png 300w, https:\/\/przedszkole.olesnica.pl\/ne\/wp-content\/uploads\/2025\/03\/1460x616-1024x432.png 1024w, https:\/\/przedszkole.olesnica.pl\/ne\/wp-content\/uploads\/2025\/03\/1460x616-768x324.png 768w\" sizes=\"(max-width: 1460px) 100vw, 1460px\" \/><\/figure><div class=\"elementor-image-box-content\"><p class=\"elementor-image-box-description\">Na stronie ZUS znajduj\u0105 si\u0119 informacje dotycz\u0105ce \u015bwiadczenia \u201eAktywnie w \u017c\u0142obku\u201d. Link do strony: https:\/\/www.zus.pl\/aktywnyrodzic\/wiadczenie-aktywnie-w-zlobku S\u0105 tam zawarte najwa\u017cniejsze informacje komu przys\u0142uguje \u015bwiadczenie, jaka jest jego wysoko\u015b\u0107 i warunki otrzymania.\nWnioski do ZUS o \u015bwiadczenie \u201eAktywnie w \u017c\u0142obku\u201d mo\u017cna sk\u0142ada\u0107 - najwcze\u015bniej w dniu, w kt\u00f3rym dziecko zacznie ucz\u0119szcza\u0107 do \u017c\u0142obka - wy\u0142\u0105cznie drog\u0105 elektroniczn\u0105. Istniej\u0105 cztery kana\u0142y przez kt\u00f3re rodzice mog\u0105 sk\u0142ada\u0107 wnioski: PUE ZUS, aplikacja mobilna mZUS, bankowo\u015b\u0107 elektroniczna, portal Emp@tia.<\/p><\/div><\/div>\t\t\t\t<\/div>\n\t\t\t\t<\/div>\n\t\t\t\t<div class=\"elementor-element elementor-element-8c663e7 elementor-position-left elementor-vertical-align-top elementor-widget elementor-widget-image-box\" data-id=\"8c663e7\" data-element_type=\"widget\" data-e-type=\"widget\" data-widget_type=\"image-box.default\">\n\t\t\t\t<div class=\"elementor-widget-container\">\n\t\t\t\t\t<div class=\"elementor-image-box-wrapper\"><figure class=\"elementor-image-box-img\"><img decoding=\"async\" width=\"2456\" height=\"1323\" src=\"https:\/\/przedszkole.olesnica.pl\/ne\/wp-content\/uploads\/2025\/03\/67d30061-fbd8-4976-8c66-9dd7e8c456b2.png\" class=\"attachment-full size-full wp-image-313\" alt=\"\" srcset=\"https:\/\/przedszkole.olesnica.pl\/ne\/wp-content\/uploads\/2025\/03\/67d30061-fbd8-4976-8c66-9dd7e8c456b2.png 2456w, https:\/\/przedszkole.olesnica.pl\/ne\/wp-content\/uploads\/2025\/03\/67d30061-fbd8-4976-8c66-9dd7e8c456b2-300x162.png 300w, https:\/\/przedszkole.olesnica.pl\/ne\/wp-content\/uploads\/2025\/03\/67d30061-fbd8-4976-8c66-9dd7e8c456b2-1024x552.png 1024w, https:\/\/przedszkole.olesnica.pl\/ne\/wp-content\/uploads\/2025\/03\/67d30061-fbd8-4976-8c66-9dd7e8c456b2-768x414.png 768w, https:\/\/przedszkole.olesnica.pl\/ne\/wp-content\/uploads\/2025\/03\/67d30061-fbd8-4976-8c66-9dd7e8c456b2-1536x827.png 1536w, https:\/\/przedszkole.olesnica.pl\/ne\/wp-content\/uploads\/2025\/03\/67d30061-fbd8-4976-8c66-9dd7e8c456b2-2048x1103.png 2048w\" sizes=\"(max-width: 2456px) 100vw, 2456px\" \/><\/figure><div class=\"elementor-image-box-content\"><p class=\"elementor-image-box-description\">\u015awiadczenie \u201eAktywnie w \u017c\u0142obku\u201d zast\u0105pi\u0142o dotychczas funkcjonuj\u0105ce dofinansowanie obni\u017cenia op\u0142aty za pobyt dziecka w \u017c\u0142obku 400 + i jest kierowane do rodzic\u00f3w dzieci ucz\u0119szczaj\u0105cych do instytucji opieki nad dzieci do lat 3, tj. \u017c\u0142obka, klubu dzieci\u0119cego albo dziennego opiekuna. Przys\u0142uguje w wysoko\u015bci do 1500 z\u0142 miesi\u0119cznie na dziecko lub do 1900 z\u0142 miesi\u0119cznie na dziecko z niepe\u0142nosprawno\u015bci\u0105, jednak nie wi\u0119cej ni\u017c wysoko\u015b\u0107 op\u0142aty, jak\u0105 rodzic ponosi za pobyt dziecka w instytucji opieki. \n\nW przypadku \u015bwiadczenia \u201eAktywnie w \u017c\u0142obku\u201d rodzic nadal uiszcza op\u0142at\u0119 za czesne (przynajmniej w kwocie, jaka obowi\u0105zywa\u0142a dotychczas). W momencie, kiedy wp\u0142ynie \u015bwiadczenie z ZUS  (wyp\u0142ata nowego \u015bwiadczenia jest op\u00f3\u017aniona o dwa miesi\u0105ce) nast\u0105pi rozliczenie z rodzicem. \u015awiadczenie z programu \u201eAktywnie w \u017c\u0142obku\u201d  zostanie zaliczone na poczet zaleg\u0142ych oraz przysz\u0142ych nale\u017cno\u015bci wobec \u017b\u0142obka.\n\nOstateczne rozliczenie kwot z rodzicem nast\u0105pi po zako\u0144czeniu\/ wypowiedzeniu umowy. Rodzice, kt\u00f3rzy wypowiedz\u0105 b\u0105d\u017a zako\u0144cz\u0105 umow\u0119 sk\u0142adaj\u0105 wniosek o rozliczenie \u015bwiadczenia (wg wzoru za\u0142\u0105czonego do umowy). Bardzo wa\u017cne, \u017ceby zwrot \u201enadp\u0142aconych\u201d \u015brodk\u00f3w by\u0142 na konto tego samego rodzica, kt\u00f3ry sk\u0142ada\u0142 wniosek do ZUS o \u015bwiadczenie \u201eAktywnie w \u017c\u0142obku\u201d i zawiera\u0142 z nami umow\u0119 o opiek\u0119 dziecka w \u017c\u0142obku.<\/p><\/div><\/div>\t\t\t\t<\/div>\n\t\t\t\t<\/div>\n\t\t\t\t\t<\/div>\n\t\t\t\t<\/div>\n\t\t\t\t\t<\/details>\n\t\t\t\t\t<\/div>\n\t\t\t\t\t\t<\/div>\n\t\t\t\t<\/div>\n\t\t\t\t<\/div>\n\t\t<div id=\"e-n-tab-content-564130324\" role=\"tabpanel\" aria-labelledby=\"e-n-tab-title-564130324\" data-tab-index=\"4\" style=\"--n-tabs-title-order: 4;\" class=\" elementor-element elementor-element-f0d8107 e-flex e-con-boxed e-con e-child\" data-id=\"f0d8107\" data-element_type=\"container\" data-e-type=\"container\">\n\t\t\t\t\t<div class=\"e-con-inner\">\n\t\t\t\t<div class=\"elementor-element elementor-element-0fc8b86 elementor-widget elementor-widget-ucaddon_icon_pricing_table\" data-id=\"0fc8b86\" data-element_type=\"widget\" data-e-type=\"widget\" data-widget_type=\"ucaddon_icon_pricing_table.default\">\n\t\t\t\t<div class=\"elementor-widget-container\">\n\t\t\t\t\t\n<!-- start Pricing Table -->\n\n<style>\/* widget: Pricing Table *\/\n\n#uc_icon_pricing_table_elementor_0fc8b86 *{\n\tbox-sizing: border-box;\n}\n\n#uc_icon_pricing_table_elementor_0fc8b86\n{\n  overflow:hidden;\n  position:relative;\n}\n#uc_icon_pricing_table_elementor_0fc8b86 .ue_badge\n{\n  position: absolute;\n    top: 16px;\n    \t\n    left: -70px;transform: rotate(-45deg);    padding: 5px 0px;\n    width: 200px;\n    text-align: center;\n    box-sizing: border-box;\n    z-index:2;\n}\n\n.ue_badge\n{\n  font-size:10px;\n  line-height:1em;\n}\n#uc_icon_pricing_table_elementor_0fc8b86 .uc_ispt_container{\n}\n.uc_ispt_header_title{\n\tfont-size:18px;\n}\n#uc_icon_pricing_table_elementor_0fc8b86 .uc_ispt_container .uc_ispt_container_main{\n\tposition:relative;\n\tz-index:1;\n}\n\n\n#uc_icon_pricing_table_elementor_0fc8b86 .uc_ispt_container_icon{\n\tdisplay:flex;\n    align-items:center;\n    justify-content:center;\n\ttext-align:center;\n    line-height:1em;\n    overflow:hidden;\n}\n\n#uc_icon_pricing_table_elementor_0fc8b86 .uc_ispt_container_icon svg\n{\n  height:1em;\n  width:1em;\n}\n\n#uc_icon_pricing_table_elementor_0fc8b86 .uc_ispt_container_icon img\n{\n  \n}\n\n.uc_ispt_container_price{\n\tfont-size:35px;\n}\n\n.uc_ispt_container_price .uc_ispt_sub{\n\tfont-size:15px;\n\tdisplay:inline-block;\n}\n\n\t\n#uc_icon_pricing_table_elementor_0fc8b86 .uc_ispt_container .uc_ispt_container_main .uc_ispt_btn{\n\ttext-decoration:none;\n    text-align:center;\n\ttransition:all 0.3s ease;\n}\n\n.ue_old_price\n{\n  text-decoration: line-through;\n}\n\n#uc_icon_pricing_table_elementor_0fc8b86 .uc_ispt_header_content\n{\n  display:flex;\n}\n\n#uc_icon_pricing_table_elementor_0fc8b86 .ue_pricing_above_header\n{\n  display:flex;\n}\n\n\n#uc_icon_pricing_table_elementor_0fc8b86 .uc_ispt_container_list_row\n{\n  display:flex;\n  align-items:center;\n}\n\n#uc_icon_pricing_table_elementor_0fc8b86 .uc_ispt_container_list_row_spacing\n{\n  flex-grow:0;\n  flex-shrink:0;\n}\n\n#uc_icon_pricing_table_elementor_0fc8b86 .uc_ispt_container_list_row_icon\n{\n  flex-grow:0;\n  flex-shrink:0;\n}\n\n#uc_icon_pricing_table_elementor_0fc8b86 .uc_ispt_container_list_row_icon svg\n{\n  height:1em;\n  width:1em;\n}\n\n\n#uc_icon_pricing_table_elementor_0fc8b86 .ue_pricing_table_content\n{\n  display:flex;\n  flex-direction:column;\n}\n\n\n\n<\/style>\n\n<div class=\"uc_icon_solid_pricing_table\" id=\"uc_icon_pricing_table_elementor_0fc8b86\">\n  \n\t\n\n  \n  \n        <div class=\"uc_ispt_container\">\n          \n           <div class=\"ue_pricing_above_header\">\n                                            <div class=\"uc_ispt_container_icon\">\n                                                    <span class=\"ue-ge-image\"><img decoding=\"async\" src=\"https:\/\/przedszkole.olesnica.pl\/ne\/wp-content\/uploads\/2025\/03\/LOGO-zlobkow.png\"><\/span>                         <\/div>\n                                 \n                                        <div class=\"uc_ispt_header_title\"> Dla dzieci w wieku 4 i 5 lat <\/div>\n                                        \n                               <\/div>\n           \n            <div class=\"uc_ispt_header\">\n                \n                <div class=\"uc_ispt_header_content\">\n                    \n                    \t\n                    \n                    \t\n                  \n                                      \n                  \n                                                            <div class=\"uc_ispt_container_price\"> 850 <div class=\"uc_ispt_sub ue_pricing_table_currency\">z\u0142<\/div><div class=\"uc_ispt_sub ue_pricing_table_duration\">\/miesi\u0105c<\/div><\/div>\n                                    <\/div>\n                \n            <\/div>         \n           \n           <div class=\"uc_ispt_container_main\">\n           \t\t\n             \t\t\n                    <div class=\"ue_pricing_table_content\">\n                                        \n                    \t\n                      \n                                        <div class=\"uc_ispt_header_subtitle\">  <\/div>\n                                        \n                                        <\/div>\n             \n                <div class=\"uc_ispt_container_list\">\n\t\t\t\t\t<div class=\"uc_ispt_container_list_row elementor-repeater-item-e6333f2\">\n    <div class=\"uc_ispt_container_list_row_icon\"><i class='fas fa-check'><\/i><\/div>\n  <div class=\"uc_ispt_container_list_row_spacing\"><\/div>\n    <div class=\"uc_ispt_container_list_row_txt\">450 z\u0142\/rok - wpisowe<\/div>\n  <\/div>\n<div class=\"uc_ispt_container_list_row elementor-repeater-item-ffc5ff8\">\n    <div class=\"uc_ispt_container_list_row_icon\"><i class=''><\/i><\/div>\n  <div class=\"uc_ispt_container_list_row_spacing\"><\/div>\n    <div class=\"uc_ispt_container_list_row_txt\">wy\u017cywienie: <\/div>\n  <\/div>\n<div class=\"uc_ispt_container_list_row elementor-repeater-item-2c71026\">\n    <div class=\"uc_ispt_container_list_row_icon\"><i class='fas fa-utensils'><\/i><\/div>\n  <div class=\"uc_ispt_container_list_row_spacing\"><\/div>\n    <div class=\"uc_ispt_container_list_row_txt\">19 z\u0142\/dzie\u0144 - dieta podstawowa<\/div>\n  <\/div>\n<div class=\"uc_ispt_container_list_row elementor-repeater-item-85f51fa\">\n    <div class=\"uc_ispt_container_list_row_icon\"><i class='fas fa-utensils'><\/i><\/div>\n  <div class=\"uc_ispt_container_list_row_spacing\"><\/div>\n    <div class=\"uc_ispt_container_list_row_txt\">20 z\u0142\/dzie\u0144 - dieta bezmleczna<\/div>\n  <\/div>\n\n                <\/div>\n                \n                \n           <\/div>\n          \n            <div class=\"ue_pricing_table_footer\">\n                <a href=\"https:\/\/web-proxy.livekid.com\/\/apply\/1541190\/353ce8f9-c9b4-4819-9abd-7fe16f8a3b6d?region=pl&amp;#038;lang=pl\" class=\"uc_ispt_btn uc_more_btn\" >Formularz<\/a>                <div class=\"ue_pricing_table_footer_text\"><\/div>            <\/div>\n            \n        <\/div>\n    <\/div>\n<!-- end Pricing Table -->\t\t\t\t<\/div>\n\t\t\t\t<\/div>\n\t\t\t\t\t<\/div>\n\t\t\t\t<\/div>\n\t\t<div id=\"e-n-tab-content-564130325\" role=\"tabpanel\" aria-labelledby=\"e-n-tab-title-564130325\" data-tab-index=\"5\" style=\"--n-tabs-title-order: 5;\" class=\" elementor-element elementor-element-84751cb e-flex e-con-boxed e-con e-child\" data-id=\"84751cb\" data-element_type=\"container\" data-e-type=\"container\">\n\t\t\t\t\t<div class=\"e-con-inner\">\n\t\t\t\t<div class=\"elementor-element elementor-element-2aa2a29 elementor-widget elementor-widget-ucaddon_icon_pricing_table\" data-id=\"2aa2a29\" data-element_type=\"widget\" data-e-type=\"widget\" data-widget_type=\"ucaddon_icon_pricing_table.default\">\n\t\t\t\t<div class=\"elementor-widget-container\">\n\t\t\t\t\t\n<!-- start Pricing Table -->\n\n<style>\/* widget: Pricing Table *\/\n\n#uc_icon_pricing_table_elementor_2aa2a29 *{\n\tbox-sizing: border-box;\n}\n\n#uc_icon_pricing_table_elementor_2aa2a29\n{\n  overflow:hidden;\n  position:relative;\n}\n#uc_icon_pricing_table_elementor_2aa2a29 .ue_badge\n{\n  position: absolute;\n    top: 16px;\n    \t\n    left: -70px;transform: rotate(-45deg);    padding: 5px 0px;\n    width: 200px;\n    text-align: center;\n    box-sizing: border-box;\n    z-index:2;\n}\n\n.ue_badge\n{\n  font-size:10px;\n  line-height:1em;\n}\n#uc_icon_pricing_table_elementor_2aa2a29 .uc_ispt_container{\n}\n.uc_ispt_header_title{\n\tfont-size:18px;\n}\n#uc_icon_pricing_table_elementor_2aa2a29 .uc_ispt_container .uc_ispt_container_main{\n\tposition:relative;\n\tz-index:1;\n}\n\n\n#uc_icon_pricing_table_elementor_2aa2a29 .uc_ispt_container_icon{\n\tdisplay:flex;\n    align-items:center;\n    justify-content:center;\n\ttext-align:center;\n    line-height:1em;\n    overflow:hidden;\n}\n\n#uc_icon_pricing_table_elementor_2aa2a29 .uc_ispt_container_icon svg\n{\n  height:1em;\n  width:1em;\n}\n\n#uc_icon_pricing_table_elementor_2aa2a29 .uc_ispt_container_icon img\n{\n  \n}\n\n.uc_ispt_container_price{\n\tfont-size:35px;\n}\n\n.uc_ispt_container_price .uc_ispt_sub{\n\tfont-size:15px;\n\tdisplay:inline-block;\n}\n\n\t\n#uc_icon_pricing_table_elementor_2aa2a29 .uc_ispt_container .uc_ispt_container_main .uc_ispt_btn{\n\ttext-decoration:none;\n    text-align:center;\n\ttransition:all 0.3s ease;\n}\n\n.ue_old_price\n{\n  text-decoration: line-through;\n}\n\n#uc_icon_pricing_table_elementor_2aa2a29 .uc_ispt_header_content\n{\n  display:flex;\n}\n\n#uc_icon_pricing_table_elementor_2aa2a29 .ue_pricing_above_header\n{\n  display:flex;\n}\n\n\n#uc_icon_pricing_table_elementor_2aa2a29 .uc_ispt_container_list_row\n{\n  display:flex;\n  align-items:center;\n}\n\n#uc_icon_pricing_table_elementor_2aa2a29 .uc_ispt_container_list_row_spacing\n{\n  flex-grow:0;\n  flex-shrink:0;\n}\n\n#uc_icon_pricing_table_elementor_2aa2a29 .uc_ispt_container_list_row_icon\n{\n  flex-grow:0;\n  flex-shrink:0;\n}\n\n#uc_icon_pricing_table_elementor_2aa2a29 .uc_ispt_container_list_row_icon svg\n{\n  height:1em;\n  width:1em;\n}\n\n\n#uc_icon_pricing_table_elementor_2aa2a29 .ue_pricing_table_content\n{\n  display:flex;\n  flex-direction:column;\n}\n\n\n\n<\/style>\n\n<div class=\"uc_icon_solid_pricing_table\" id=\"uc_icon_pricing_table_elementor_2aa2a29\">\n  \n\t\n\n  \n  \n        <div class=\"uc_ispt_container\">\n          \n           <div class=\"ue_pricing_above_header\">\n                                            <div class=\"uc_ispt_container_icon\">\n                                                    <span class=\"ue-ge-image\"><img decoding=\"async\" src=\"https:\/\/przedszkole.olesnica.pl\/ne\/wp-content\/uploads\/2025\/03\/LOGO-zlobkow-1.png\"><\/span>                         <\/div>\n                                 \n                                        <div class=\"uc_ispt_header_title\"> Dla dzieci w wieku 3-5 lat <\/div>\n                                        \n                               <\/div>\n           \n            <div class=\"uc_ispt_header\">\n                \n                <div class=\"uc_ispt_header_content\">\n                    \n                    \t\n                    \n                    \t\n                  \n                                      \n                  \n                                                            <div class=\"uc_ispt_container_price\"> 450 <div class=\"uc_ispt_sub ue_pricing_table_currency\">z\u0142<\/div><div class=\"uc_ispt_sub ue_pricing_table_duration\">\/miesi\u0105c<\/div><\/div>\n                                    <\/div>\n                \n            <\/div>         \n           \n           <div class=\"uc_ispt_container_main\">\n           \t\t\n             \t\t\n                    <div class=\"ue_pricing_table_content\">\n                                        \n                    \t\n                      \n                                        <div class=\"uc_ispt_header_subtitle\"> w ramach projektu dofinansowanego z funduszy europejskich <\/div>\n                                        \n                                        <\/div>\n             \n                <div class=\"uc_ispt_container_list\">\n\t\t\t\t\t<div class=\"uc_ispt_container_list_row elementor-repeater-item-e6333f2\">\n    <div class=\"uc_ispt_container_list_row_icon\"><i class='fas fa-check'><\/i><\/div>\n  <div class=\"uc_ispt_container_list_row_spacing\"><\/div>\n    <div class=\"uc_ispt_container_list_row_txt\">brak wpisowego<\/div>\n  <\/div>\n<div class=\"uc_ispt_container_list_row elementor-repeater-item-2c71026\">\n    <div class=\"uc_ispt_container_list_row_icon\"><i class='fas fa-utensils'><\/i><\/div>\n  <div class=\"uc_ispt_container_list_row_spacing\"><\/div>\n    <div class=\"uc_ispt_container_list_row_txt\">wy\u017cywienie wliczone w cen\u0119<\/div>\n  <\/div>\n\n                <\/div>\n                \n                \n           <\/div>\n          \n            <div class=\"ue_pricing_table_footer\">\n                <a href=\"https:\/\/przedszkole.olesnica.pl\/ne\/?page_id=115\" class=\"uc_ispt_btn uc_more_btn\" >Formularz<\/a>                <div class=\"ue_pricing_table_footer_text\"><\/div>            <\/div>\n            \n        <\/div>\n    <\/div>\n<!-- end Pricing Table -->\t\t\t\t<\/div>\n\t\t\t\t<\/div>\n\t\t\t\t<div class=\"elementor-element elementor-element-81906fb elementor-widget elementor-widget-image\" data-id=\"81906fb\" data-element_type=\"widget\" data-e-type=\"widget\" data-widget_type=\"image.default\">\n\t\t\t\t<div class=\"elementor-widget-container\">\n\t\t\t\t\t\t\t\t\t\t\t\t\t\t\t<img decoding=\"async\" width=\"640\" height=\"66\" src=\"https:\/\/przedszkole.olesnica.pl\/ne\/wp-content\/uploads\/2025\/05\/FEDDS-kolor-poziom.pdf-1024x106.png\" class=\"attachment-large size-large wp-image-528\" alt=\"\" srcset=\"https:\/\/przedszkole.olesnica.pl\/ne\/wp-content\/uploads\/2025\/05\/FEDDS-kolor-poziom.pdf-1024x106.png 1024w, https:\/\/przedszkole.olesnica.pl\/ne\/wp-content\/uploads\/2025\/05\/FEDDS-kolor-poziom.pdf-300x31.png 300w, https:\/\/przedszkole.olesnica.pl\/ne\/wp-content\/uploads\/2025\/05\/FEDDS-kolor-poziom.pdf-768x80.png 768w, https:\/\/przedszkole.olesnica.pl\/ne\/wp-content\/uploads\/2025\/05\/FEDDS-kolor-poziom.pdf-1536x159.png 1536w, https:\/\/przedszkole.olesnica.pl\/ne\/wp-content\/uploads\/2025\/05\/FEDDS-kolor-poziom.pdf-2048x213.png 2048w\" sizes=\"(max-width: 640px) 100vw, 640px\" \/>\t\t\t\t\t\t\t\t\t\t\t\t\t\t\t<\/div>\n\t\t\t\t<\/div>\n\t\t\t\t\t<\/div>\n\t\t\t\t<\/div>\n\t\t<div id=\"e-n-tab-content-564130326\" role=\"tabpanel\" aria-labelledby=\"e-n-tab-title-564130326\" data-tab-index=\"6\" style=\"--n-tabs-title-order: 6;\" class=\" elementor-element elementor-element-41a3342 e-flex e-con-boxed e-con e-child\" data-id=\"41a3342\" data-element_type=\"container\" data-e-type=\"container\">\n\t\t\t\t\t<div class=\"e-con-inner\">\n\t\t\t\t<div class=\"elementor-element elementor-element-451e6ef elementor-widget elementor-widget-ucaddon_icon_pricing_table\" data-id=\"451e6ef\" data-element_type=\"widget\" data-e-type=\"widget\" data-widget_type=\"ucaddon_icon_pricing_table.default\">\n\t\t\t\t<div class=\"elementor-widget-container\">\n\t\t\t\t\t\n<!-- start Pricing Table -->\n\n<style>\/* widget: Pricing Table *\/\n\n#uc_icon_pricing_table_elementor_451e6ef *{\n\tbox-sizing: border-box;\n}\n\n#uc_icon_pricing_table_elementor_451e6ef\n{\n  overflow:hidden;\n  position:relative;\n}\n#uc_icon_pricing_table_elementor_451e6ef .ue_badge\n{\n  position: absolute;\n    top: 16px;\n    \t\n    left: -70px;transform: rotate(-45deg);    padding: 5px 0px;\n    width: 200px;\n    text-align: center;\n    box-sizing: border-box;\n    z-index:2;\n}\n\n.ue_badge\n{\n  font-size:10px;\n  line-height:1em;\n}\n#uc_icon_pricing_table_elementor_451e6ef .uc_ispt_container{\n}\n.uc_ispt_header_title{\n\tfont-size:18px;\n}\n#uc_icon_pricing_table_elementor_451e6ef .uc_ispt_container .uc_ispt_container_main{\n\tposition:relative;\n\tz-index:1;\n}\n\n\n#uc_icon_pricing_table_elementor_451e6ef .uc_ispt_container_icon{\n\tdisplay:flex;\n    align-items:center;\n    justify-content:center;\n\ttext-align:center;\n    line-height:1em;\n    overflow:hidden;\n}\n\n#uc_icon_pricing_table_elementor_451e6ef .uc_ispt_container_icon svg\n{\n  height:1em;\n  width:1em;\n}\n\n#uc_icon_pricing_table_elementor_451e6ef .uc_ispt_container_icon img\n{\n  \n}\n\n.uc_ispt_container_price{\n\tfont-size:35px;\n}\n\n.uc_ispt_container_price .uc_ispt_sub{\n\tfont-size:15px;\n\tdisplay:inline-block;\n}\n\n\t\n#uc_icon_pricing_table_elementor_451e6ef .uc_ispt_container .uc_ispt_container_main .uc_ispt_btn{\n\ttext-decoration:none;\n    text-align:center;\n\ttransition:all 0.3s ease;\n}\n\n.ue_old_price\n{\n  text-decoration: line-through;\n}\n\n#uc_icon_pricing_table_elementor_451e6ef .uc_ispt_header_content\n{\n  display:flex;\n}\n\n#uc_icon_pricing_table_elementor_451e6ef .ue_pricing_above_header\n{\n  display:flex;\n}\n\n\n#uc_icon_pricing_table_elementor_451e6ef .uc_ispt_container_list_row\n{\n  display:flex;\n  align-items:center;\n}\n\n#uc_icon_pricing_table_elementor_451e6ef .uc_ispt_container_list_row_spacing\n{\n  flex-grow:0;\n  flex-shrink:0;\n}\n\n#uc_icon_pricing_table_elementor_451e6ef .uc_ispt_container_list_row_icon\n{\n  flex-grow:0;\n  flex-shrink:0;\n}\n\n#uc_icon_pricing_table_elementor_451e6ef .uc_ispt_container_list_row_icon svg\n{\n  height:1em;\n  width:1em;\n}\n\n\n#uc_icon_pricing_table_elementor_451e6ef .ue_pricing_table_content\n{\n  display:flex;\n  flex-direction:column;\n}\n\n\n\n<\/style>\n\n<div class=\"uc_icon_solid_pricing_table\" id=\"uc_icon_pricing_table_elementor_451e6ef\">\n  \n\t\n\n  \n  \n        <div class=\"uc_ispt_container\">\n          \n           <div class=\"ue_pricing_above_header\">\n                                            <div class=\"uc_ispt_container_icon\">\n                                                    <span class=\"ue-ge-image\"><img decoding=\"async\" src=\"https:\/\/przedszkole.olesnica.pl\/ne\/wp-content\/uploads\/2025\/03\/LOGO-zlobkow-1.png\"><\/span>                         <\/div>\n                                 \n                                        <div class=\"uc_ispt_header_title\"> Dla dzieci w wieku 3-5 lat <\/div>\n                                        \n                               <\/div>\n           \n            <div class=\"uc_ispt_header\">\n                \n                <div class=\"uc_ispt_header_content\">\n                    \n                    \t\n                    \n                    \t\n                  \n                                      \n                  \n                                                            <div class=\"uc_ispt_container_price\"> 450 <div class=\"uc_ispt_sub ue_pricing_table_currency\">z\u0142<\/div><div class=\"uc_ispt_sub ue_pricing_table_duration\">\/miesi\u0105c<\/div><\/div>\n                                    <\/div>\n                \n            <\/div>         \n           \n           <div class=\"uc_ispt_container_main\">\n           \t\t\n             \t\t\n                    <div class=\"ue_pricing_table_content\">\n                                        \n                    \t\n                      \n                                        <div class=\"uc_ispt_header_subtitle\"> w ramach projektu dofinansowanego z funduszy europejskich <\/div>\n                                        \n                                        <\/div>\n             \n                <div class=\"uc_ispt_container_list\">\n\t\t\t\t\t<div class=\"uc_ispt_container_list_row elementor-repeater-item-e6333f2\">\n    <div class=\"uc_ispt_container_list_row_icon\"><i class='fas fa-check'><\/i><\/div>\n  <div class=\"uc_ispt_container_list_row_spacing\"><\/div>\n    <div class=\"uc_ispt_container_list_row_txt\">brak wpisowego<\/div>\n  <\/div>\n<div class=\"uc_ispt_container_list_row elementor-repeater-item-2c71026\">\n    <div class=\"uc_ispt_container_list_row_icon\"><i class='fas fa-utensils'><\/i><\/div>\n  <div class=\"uc_ispt_container_list_row_spacing\"><\/div>\n    <div class=\"uc_ispt_container_list_row_txt\">wy\u017cywienie wliczone w cen\u0119<\/div>\n  <\/div>\n\n                <\/div>\n                \n                \n           <\/div>\n          \n            <div class=\"ue_pricing_table_footer\">\n                <a href=\"https:\/\/przedszkole.olesnica.pl\/ne\/?page_id=115\" class=\"uc_ispt_btn uc_more_btn\" >Formularz<\/a>                <div class=\"ue_pricing_table_footer_text\"><\/div>            <\/div>\n            \n        <\/div>\n    <\/div>\n<!-- end Pricing Table -->\t\t\t\t<\/div>\n\t\t\t\t<\/div>\n\t\t\t\t<div class=\"elementor-element elementor-element-3724c68 elementor-widget elementor-widget-image\" data-id=\"3724c68\" data-element_type=\"widget\" data-e-type=\"widget\" data-widget_type=\"image.default\">\n\t\t\t\t<div class=\"elementor-widget-container\">\n\t\t\t\t\t\t\t\t\t\t\t\t\t\t\t<img decoding=\"async\" width=\"640\" height=\"66\" src=\"https:\/\/przedszkole.olesnica.pl\/ne\/wp-content\/uploads\/2025\/05\/FEDDS-kolor-poziom.pdf-1024x106.png\" class=\"attachment-large size-large wp-image-528\" alt=\"\" srcset=\"https:\/\/przedszkole.olesnica.pl\/ne\/wp-content\/uploads\/2025\/05\/FEDDS-kolor-poziom.pdf-1024x106.png 1024w, https:\/\/przedszkole.olesnica.pl\/ne\/wp-content\/uploads\/2025\/05\/FEDDS-kolor-poziom.pdf-300x31.png 300w, https:\/\/przedszkole.olesnica.pl\/ne\/wp-content\/uploads\/2025\/05\/FEDDS-kolor-poziom.pdf-768x80.png 768w, https:\/\/przedszkole.olesnica.pl\/ne\/wp-content\/uploads\/2025\/05\/FEDDS-kolor-poziom.pdf-1536x159.png 1536w, https:\/\/przedszkole.olesnica.pl\/ne\/wp-content\/uploads\/2025\/05\/FEDDS-kolor-poziom.pdf-2048x213.png 2048w\" sizes=\"(max-width: 640px) 100vw, 640px\" \/>\t\t\t\t\t\t\t\t\t\t\t\t\t\t\t<\/div>\n\t\t\t\t<\/div>\n\t\t\t\t\t<\/div>\n\t\t\t\t<\/div>\n\t\t\t\t\t<\/div>\n\t\t<\/div>\n\t\t\t\t\t\t<\/div>\n\t\t\t\t<\/div>\n\t\t\t\t\t<\/div>\n\t\t\t\t<\/div>\n\t\t\t\t<\/div>\n\t\t","protected":false},"excerpt":{"rendered":"<p>Op\u0142aty za pobyt dziecka w \u017c\u0142obku lub przedszkolu w [&hellip;]<\/p>\n","protected":false},"author":1,"featured_media":0,"parent":0,"menu_order":0,"comment_status":"closed","ping_status":"closed","template":"","meta":{"footnotes":""},"class_list":["post-239","page","type-page","status-publish","hentry"],"_links":{"self":[{"href":"https:\/\/przedszkole.olesnica.pl\/ne\/index.php?rest_route=\/wp\/v2\/pages\/239","targetHints":{"allow":["GET"]}}],"collection":[{"href":"https:\/\/przedszkole.olesnica.pl\/ne\/index.php?rest_route=\/wp\/v2\/pages"}],"about":[{"href":"https:\/\/przedszkole.olesnica.pl\/ne\/index.php?rest_route=\/wp\/v2\/types\/page"}],"author":[{"embeddable":true,"href":"https:\/\/przedszkole.olesnica.pl\/ne\/index.php?rest_route=\/wp\/v2\/users\/1"}],"replies":[{"embeddable":true,"href":"https:\/\/przedszkole.olesnica.pl\/ne\/index.php?rest_route=%2Fwp%2Fv2%2Fcomments&post=239"}],"version-history":[{"count":126,"href":"https:\/\/przedszkole.olesnica.pl\/ne\/index.php?rest_route=\/wp\/v2\/pages\/239\/revisions"}],"predecessor-version":[{"id":940,"href":"https:\/\/przedszkole.olesnica.pl\/ne\/index.php?rest_route=\/wp\/v2\/pages\/239\/revisions\/940"}],"wp:attachment":[{"href":"https:\/\/przedszkole.olesnica.pl\/ne\/index.php?rest_route=%2Fwp%2Fv2%2Fmedia&parent=239"}],"curies":[{"name":"wp","href":"https:\/\/api.w.org\/{rel}","templated":true}]}}