{"id":130,"date":"2025-03-27T07:05:33","date_gmt":"2025-03-27T07:05:33","guid":{"rendered":"https:\/\/przedszkole.olesnica.pl\/ne\/?page_id=130"},"modified":"2025-12-03T14:45:30","modified_gmt":"2025-12-03T14:45:30","slug":"o-nas-2","status":"publish","type":"page","link":"https:\/\/przedszkole.olesnica.pl\/ne\/?page_id=130","title":{"rendered":""},"content":{"rendered":"\t\t<div data-elementor-type=\"wp-page\" data-elementor-id=\"130\" class=\"elementor elementor-130\">\n\t\t\t\t<div class=\"elementor-element elementor-element-b6994fe e-flex e-con-boxed e-con e-parent\" data-id=\"b6994fe\" data-element_type=\"container\" data-e-type=\"container\">\n\t\t\t\t\t<div class=\"e-con-inner\">\n\t\t\t\t<div class=\"elementor-element elementor-element-f50133c elementor-widget elementor-widget-spacer\" data-id=\"f50133c\" data-element_type=\"widget\" data-e-type=\"widget\" data-widget_type=\"spacer.default\">\n\t\t\t\t<div class=\"elementor-widget-container\">\n\t\t\t\t\t\t\t<div class=\"elementor-spacer\">\n\t\t\t<div class=\"elementor-spacer-inner\"><\/div>\n\t\t<\/div>\n\t\t\t\t\t\t<\/div>\n\t\t\t\t<\/div>\n\t\t\t\t\t<\/div>\n\t\t\t\t<\/div>\n\t\t<div class=\"elementor-element elementor-element-735415a4 e-flex e-con-boxed e-con e-parent\" data-id=\"735415a4\" data-element_type=\"container\" data-e-type=\"container\">\n\t\t\t\t\t<div class=\"e-con-inner\">\n\t\t\t\t<div class=\"elementor-element elementor-element-397479c9 elementor-widget elementor-widget-text-editor\" data-id=\"397479c9\" data-element_type=\"widget\" data-e-type=\"widget\" data-widget_type=\"text-editor.default\">\n\t\t\t\t<div class=\"elementor-widget-container\">\n\t\t\t\t\t\t\t\t\t\n<div class=\"wp-block-media-text is-stacked-on-mobile\" style=\"grid-template-columns: 36% auto;\">\n<figure class=\"wp-block-media-text__media\"><img fetchpriority=\"high\" decoding=\"async\" width=\"1024\" height=\"683\" class=\"wp-image-106 size-full\" src=\"http:\/\/przedszkole.olesnica.pl\/ne\/wp-content\/uploads\/2025\/03\/354876-PAPUFI-184-1024x683.jpg\" alt=\"\" srcset=\"https:\/\/przedszkole.olesnica.pl\/ne\/wp-content\/uploads\/2025\/03\/354876-PAPUFI-184-1024x683.jpg 1024w, https:\/\/przedszkole.olesnica.pl\/ne\/wp-content\/uploads\/2025\/03\/354876-PAPUFI-184-300x200.jpg 300w, https:\/\/przedszkole.olesnica.pl\/ne\/wp-content\/uploads\/2025\/03\/354876-PAPUFI-184-768x512.jpg 768w, https:\/\/przedszkole.olesnica.pl\/ne\/wp-content\/uploads\/2025\/03\/354876-PAPUFI-184-1536x1024.jpg 1536w, https:\/\/przedszkole.olesnica.pl\/ne\/wp-content\/uploads\/2025\/03\/354876-PAPUFI-184-2048x1365.jpg 2048w\" sizes=\"(max-width: 1024px) 100vw, 1024px\" \/><\/figure>\n<div class=\"wp-block-media-text__content\">\n<p class=\"has-text-align-center\">To ju\u017c ponad 15 lat, gdy staramy si\u0119 tworzy\u0107 miejsce przyjazne najm\u0142odszym dzieciom. Zaczynali\u015bmy od przedszkola w Ole\u015bnicy.<\/p>\n\n<p class=\"has-text-align-center\">We wrze\u015bniu 2009 roku startowa\u0142a z nami grupka 15 przedszkolak\u00f3w, by w okolicach 2015 roku by\u0142o ich ju\u017c 120.<\/p>\n\n<p class=\"has-text-align-center\">W mi\u0119dzyczasie do Kubusiowej rodziny do\u0142\u0105czy\u0142y \u017c\u0142obki.<\/p>\n<\/div>\n<\/div>\n\n<p class=\"has-text-align-center\">Naszym marzeniem, ide\u0105 i misj\u0105 jest stworzenie miejsca, gdzie najm\u0142odsi &#8211; w otoczeniu ciep\u0142a, szacunku i otwarto\u015bci &#8211; nabywaj\u0105 coraz to nowe umiej\u0119tno\u015bci, do\u015bwiadczenia, buduj\u0105 poczucie w\u0142asnej warto\u015bci i rozwijaj\u0105 wyobra\u017ani\u0119. Od tego wszystkiego zale\u017cy przysz\u0142o\u015b\u0107 naszych dzieci i to, jaki b\u0119dzie w przysz\u0142o\u015bci \u015bwiat, za kt\u00f3ry to w\u0142a\u015bnie one b\u0119d\u0105 odpowiedzialne.<\/p>\n\n<div class=\"wp-block-group is-nowrap is-layout-flex wp-container-core-group-is-layout-ad2f72ca wp-block-group-is-layout-flex\">\u00a0<\/div>\n\t\t\t\t\t\t\t\t<\/div>\n\t\t\t\t<\/div>\n\t\t\t\t\t<\/div>\n\t\t\t\t<\/div>\n\t\t<div class=\"elementor-element elementor-element-2958566 e-flex e-con-boxed e-con e-parent\" data-id=\"2958566\" data-element_type=\"container\" data-e-type=\"container\">\n\t\t\t\t\t<div class=\"e-con-inner\">\n\t\t\t\t<div class=\"elementor-element elementor-element-e778a20 elementor-widget elementor-widget-heading\" data-id=\"e778a20\" data-element_type=\"widget\" data-e-type=\"widget\" data-widget_type=\"heading.default\">\n\t\t\t\t<div class=\"elementor-widget-container\">\n\t\t\t\t\t<h2 class=\"elementor-heading-title elementor-size-default\">Nasze plac\u00f3wki<\/h2>\t\t\t\t<\/div>\n\t\t\t\t<\/div>\n\t\t\t\t\t<\/div>\n\t\t\t\t<\/div>\n\t\t<div class=\"elementor-element elementor-element-d0031e2 e-grid e-con-boxed e-con e-parent\" data-id=\"d0031e2\" data-element_type=\"container\" data-e-type=\"container\">\n\t\t\t\t\t<div class=\"e-con-inner\">\n\t\t\t\t<div class=\"elementor-element elementor-element-b47b597 elementor-widget elementor-widget-ucaddon_material_footer_card\" data-id=\"b47b597\" data-element_type=\"widget\" data-e-type=\"widget\" data-widget_type=\"ucaddon_material_footer_card.default\">\n\t\t\t\t<div class=\"elementor-widget-container\">\n\t\t\t\t\t\n<!-- start Icon Card -->\n\t\t<link id='font-awesome-css' href='https:\/\/przedszkole.olesnica.pl\/ne\/wp-content\/plugins\/unlimited-elements-for-elementor\/assets_libraries\/font-awesome6\/fontawesome-all.min.css' type='text\/css' rel='stylesheet' >\n\t\t<link id='font-awesome-4-shim-css' href='https:\/\/przedszkole.olesnica.pl\/ne\/wp-content\/plugins\/unlimited-elements-for-elementor\/assets_libraries\/font-awesome6\/fontawesome-v4-shims.min.css' type='text\/css' rel='stylesheet' >\n\n<style>\/* widget: Icon Card *\/\n\n#uc_material_footer_card_elementor_b47b597 * { \n\tbox-sizing: border-box; \n}\n#uc_material_footer_card_elementor_b47b597 {\n\tposition:relative;\n    text-align:center;\n    overflow:hidden;\n}\n\n\t#uc_material_footer_card_elementor_b47b597 {\n\tbox-shadow:0 15px 20px rgba(0,0,0,0.1);\n}  \n\t\n\n\n#uc_material_footer_card_elementor_b47b597 .ue_box_button\n{\n  text-align:center;\n  text-decoration:none;\n  display:inline-block;\n}\n\n#uc_material_footer_card_elementor_b47b597 .ue-icon\n{\n  line-height:1em;\n}\n\n#uc_material_footer_card_elementor_b47b597 .ue-icon svg\n{\n  height:1em;\n  width:1em;\n}\n\n<\/style>\n\n<div class=\"uc-card-footer\" id=\"uc_material_footer_card_elementor_b47b597\"> \n<div class=\"uc-footer-container\">        \n            <div class=\"uc-content-box\">\n            \t<div class=\"uc-icons\" style=\"background:Array;\">\n                   <div class=\"ue-icon\"><i class='fas fa-rocket'><\/i><\/div>\t\n                   <div class=\"ue_box_title\">\u017b\u0142obek w Ole\u015bnicy<\/div>\t\n                <\/div>\n                \n                <div class=\"uc-info\">\n                \t<div class=\"ue_box_text\"><p>ul. Kopernika 6,<\/p>\n<p>56-400 Ole\u015bnica<\/p><\/div>                    <div><a class=\"ue_box_button\" href=\"#\" >tel. 575-087-954<\/a><\/div>                <\/div>\n            <\/div>\n        <\/div>\n<\/div>\n\n\n\n<!-- -->\n<!-- end Icon Card -->\t\t\t\t<\/div>\n\t\t\t\t<\/div>\n\t\t\t\t<div class=\"elementor-element elementor-element-6e9cfcc elementor-widget elementor-widget-ucaddon_material_footer_card\" data-id=\"6e9cfcc\" data-element_type=\"widget\" data-e-type=\"widget\" data-widget_type=\"ucaddon_material_footer_card.default\">\n\t\t\t\t<div class=\"elementor-widget-container\">\n\t\t\t\t\t\n<!-- start Icon Card -->\n\n<style>\/* widget: Icon Card *\/\n\n#uc_material_footer_card_elementor_6e9cfcc * { \n\tbox-sizing: border-box; \n}\n#uc_material_footer_card_elementor_6e9cfcc {\n\tposition:relative;\n    text-align:center;\n    overflow:hidden;\n}\n\n\t#uc_material_footer_card_elementor_6e9cfcc {\n\tbox-shadow:0 15px 20px rgba(0,0,0,0.1);\n}  \n\t\n\n\n#uc_material_footer_card_elementor_6e9cfcc .ue_box_button\n{\n  text-align:center;\n  text-decoration:none;\n  display:inline-block;\n}\n\n#uc_material_footer_card_elementor_6e9cfcc .ue-icon\n{\n  line-height:1em;\n}\n\n#uc_material_footer_card_elementor_6e9cfcc .ue-icon svg\n{\n  height:1em;\n  width:1em;\n}\n\n<\/style>\n\n<div class=\"uc-card-footer\" id=\"uc_material_footer_card_elementor_6e9cfcc\"> \n<div class=\"uc-footer-container\">        \n            <div class=\"uc-content-box\">\n            \t<div class=\"uc-icons\" style=\"background:Array;\">\n                   <div class=\"ue-icon\"><i class='fas fa-rocket'><\/i><\/div>\t\n                   <div class=\"ue_box_title\">Przedszkole w Ole\u015bnicy<\/div>\t\n                <\/div>\n                \n                <div class=\"uc-info\">\n                \t<div class=\"ue_box_text\"><p>ul. Kopernika 6,<\/p>\n<p>56-400 Ole\u015bnica<\/p><\/div>                    <div><a class=\"ue_box_button\" href=\"#\" >tel. 71 79 57 559; 720 802 644<\/a><\/div>                <\/div>\n            <\/div>\n        <\/div>\n<\/div>\n\n\n\n<!-- -->\n<!-- end Icon Card -->\t\t\t\t<\/div>\n\t\t\t\t<\/div>\n\t\t\t\t<div class=\"elementor-element elementor-element-58fa099 elementor-widget elementor-widget-ucaddon_material_footer_card\" data-id=\"58fa099\" data-element_type=\"widget\" data-e-type=\"widget\" data-widget_type=\"ucaddon_material_footer_card.default\">\n\t\t\t\t<div class=\"elementor-widget-container\">\n\t\t\t\t\t\n<!-- start Icon Card -->\n\n<style>\/* widget: Icon Card *\/\n\n#uc_material_footer_card_elementor_58fa099 * { \n\tbox-sizing: border-box; \n}\n#uc_material_footer_card_elementor_58fa099 {\n\tposition:relative;\n    text-align:center;\n    overflow:hidden;\n}\n\n\t#uc_material_footer_card_elementor_58fa099 {\n\tbox-shadow:0 15px 20px rgba(0,0,0,0.1);\n}  \n\t\n\n\n#uc_material_footer_card_elementor_58fa099 .ue_box_button\n{\n  text-align:center;\n  text-decoration:none;\n  display:inline-block;\n}\n\n#uc_material_footer_card_elementor_58fa099 .ue-icon\n{\n  line-height:1em;\n}\n\n#uc_material_footer_card_elementor_58fa099 .ue-icon svg\n{\n  height:1em;\n  width:1em;\n}\n\n<\/style>\n\n<div class=\"uc-card-footer\" id=\"uc_material_footer_card_elementor_58fa099\"> \n<div class=\"uc-footer-container\">        \n            <div class=\"uc-content-box\">\n            \t<div class=\"uc-icons\" style=\"background:Array;\">\n                   <div class=\"ue-icon\"><i class='fas fa-rocket'><\/i><\/div>\t\n                   <div class=\"ue_box_title\">\u017b\u0142obek w Sycowie<\/div>\t\n                <\/div>\n                \n                <div class=\"uc-info\">\n                \t<div class=\"ue_box_text\"><p>ul. Wojska Polskiego 15-25,<\/p>\n<p>56-500 Syc\u00f3w<\/p><\/div>                    <div><a class=\"ue_box_button\" href=\"#\" >tel. 720 880 212, 720 880 833<\/a><\/div>                <\/div>\n            <\/div>\n        <\/div>\n<\/div>\n\n\n\n<!-- -->\n<!-- end Icon Card -->\t\t\t\t<\/div>\n\t\t\t\t<\/div>\n\t\t\t\t<div class=\"elementor-element elementor-element-a89fdd0 elementor-widget elementor-widget-ucaddon_material_footer_card\" data-id=\"a89fdd0\" data-element_type=\"widget\" data-e-type=\"widget\" data-widget_type=\"ucaddon_material_footer_card.default\">\n\t\t\t\t<div class=\"elementor-widget-container\">\n\t\t\t\t\t\n<!-- start Icon Card -->\n\n<style>\/* widget: Icon Card *\/\n\n#uc_material_footer_card_elementor_a89fdd0 * { \n\tbox-sizing: border-box; \n}\n#uc_material_footer_card_elementor_a89fdd0 {\n\tposition:relative;\n    text-align:center;\n    overflow:hidden;\n}\n\n\t#uc_material_footer_card_elementor_a89fdd0 {\n\tbox-shadow:0 15px 20px rgba(0,0,0,0.1);\n}  \n\t\n\n\n#uc_material_footer_card_elementor_a89fdd0 .ue_box_button\n{\n  text-align:center;\n  text-decoration:none;\n  display:inline-block;\n}\n\n#uc_material_footer_card_elementor_a89fdd0 .ue-icon\n{\n  line-height:1em;\n}\n\n#uc_material_footer_card_elementor_a89fdd0 .ue-icon svg\n{\n  height:1em;\n  width:1em;\n}\n\n<\/style>\n\n<div class=\"uc-card-footer\" id=\"uc_material_footer_card_elementor_a89fdd0\"> \n<div class=\"uc-footer-container\">        \n            <div class=\"uc-content-box\">\n            \t<div class=\"uc-icons\" style=\"background:Array;\">\n                   <div class=\"ue-icon\"><i class='fas fa-rocket'><\/i><\/div>\t\n                   <div class=\"ue_box_title\">Przedszkole we Wroc\u0142awiu<\/div>\t\n                <\/div>\n                \n                <div class=\"uc-info\">\n                \t<div class=\"ue_box_text\"><p>ul. Nyska 57,<\/p>\n<p>50-505 Wroc\u0142aw<\/p><\/div>                    <div><a class=\"ue_box_button\" href=\"#\" >tel. 530 115 586<\/a><\/div>                <\/div>\n            <\/div>\n        <\/div>\n<\/div>\n\n\n\n<!-- -->\n<!-- end Icon Card -->\t\t\t\t<\/div>\n\t\t\t\t<\/div>\n\t\t\t\t<div class=\"elementor-element elementor-element-acd967c elementor-widget elementor-widget-ucaddon_material_footer_card\" data-id=\"acd967c\" data-element_type=\"widget\" data-e-type=\"widget\" data-widget_type=\"ucaddon_material_footer_card.default\">\n\t\t\t\t<div class=\"elementor-widget-container\">\n\t\t\t\t\t\n<!-- start Icon Card -->\n\n<style>\/* widget: Icon Card *\/\n\n#uc_material_footer_card_elementor_acd967c * { \n\tbox-sizing: border-box; \n}\n#uc_material_footer_card_elementor_acd967c {\n\tposition:relative;\n    text-align:center;\n    overflow:hidden;\n}\n\n\t#uc_material_footer_card_elementor_acd967c {\n\tbox-shadow:0 15px 20px rgba(0,0,0,0.1);\n}  \n\t\n\n\n#uc_material_footer_card_elementor_acd967c .ue_box_button\n{\n  text-align:center;\n  text-decoration:none;\n  display:inline-block;\n}\n\n#uc_material_footer_card_elementor_acd967c .ue-icon\n{\n  line-height:1em;\n}\n\n#uc_material_footer_card_elementor_acd967c .ue-icon svg\n{\n  height:1em;\n  width:1em;\n}\n\n<\/style>\n\n<div class=\"uc-card-footer\" id=\"uc_material_footer_card_elementor_acd967c\"> \n<div class=\"uc-footer-container\">        \n            <div class=\"uc-content-box\">\n            \t<div class=\"uc-icons\" style=\"background:Array;\">\n                   <div class=\"ue-icon\"><i class='fas fa-rocket'><\/i><\/div>\t\n                   <div class=\"ue_box_title\">\u017b\u0142obek we Wroc\u0142awiu<\/div>\t\n                <\/div>\n                \n                <div class=\"uc-info\">\n                \t<div class=\"ue_box_text\"><p>ul. Nyska 61,<\/p>\n<p>50-505 Wroc\u0142aw<\/p><\/div>                    <div><a class=\"ue_box_button\" href=\"#\" >tel. 535 011 901; 536 502 212<\/a><\/div>                <\/div>\n            <\/div>\n        <\/div>\n<\/div>\n\n\n\n<!-- -->\n<!-- end Icon Card -->\t\t\t\t<\/div>\n\t\t\t\t<\/div>\n\t\t\t\t<div class=\"elementor-element elementor-element-d944dae elementor-widget elementor-widget-ucaddon_material_footer_card\" data-id=\"d944dae\" data-element_type=\"widget\" data-e-type=\"widget\" data-widget_type=\"ucaddon_material_footer_card.default\">\n\t\t\t\t<div class=\"elementor-widget-container\">\n\t\t\t\t\t\n<!-- start Icon Card -->\n\n<style>\/* widget: Icon Card *\/\n\n#uc_material_footer_card_elementor_d944dae * { \n\tbox-sizing: border-box; \n}\n#uc_material_footer_card_elementor_d944dae {\n\tposition:relative;\n    text-align:center;\n    overflow:hidden;\n}\n\n\t#uc_material_footer_card_elementor_d944dae {\n\tbox-shadow:0 15px 20px rgba(0,0,0,0.1);\n}  \n\t\n\n\n#uc_material_footer_card_elementor_d944dae .ue_box_button\n{\n  text-align:center;\n  text-decoration:none;\n  display:inline-block;\n}\n\n#uc_material_footer_card_elementor_d944dae .ue-icon\n{\n  line-height:1em;\n}\n\n#uc_material_footer_card_elementor_d944dae .ue-icon svg\n{\n  height:1em;\n  width:1em;\n}\n\n<\/style>\n\n<div class=\"uc-card-footer\" id=\"uc_material_footer_card_elementor_d944dae\"> \n<div class=\"uc-footer-container\">        \n            <div class=\"uc-content-box\">\n            \t<div class=\"uc-icons\" style=\"background:Array;\">\n                   <div class=\"ue-icon\"><i class='fas fa-rocket'><\/i><\/div>\t\n                   <div class=\"ue_box_title\">Przedszkole w Jeszkowicach<\/div>\t\n                <\/div>\n                \n                <div class=\"uc-info\">\n                \t<div class=\"ue_box_text\"><p>ul. G\u0142\u00f3wna 40<\/p>\n<p>50-003 Jeszkowice<\/p><\/div>                    <div><a class=\"ue_box_button\" href=\"#\" >tel. 570 525 169, 720 880 881<\/a><\/div>                <\/div>\n            <\/div>\n        <\/div>\n<\/div>\n\n\n\n<!-- -->\n<!-- end Icon Card -->\t\t\t\t<\/div>\n\t\t\t\t<\/div>\n\t\t\t\t\t<\/div>\n\t\t\t\t<\/div>\n\t\t<div class=\"elementor-element elementor-element-1f64468 e-flex e-con-boxed e-con e-parent\" data-id=\"1f64468\" data-element_type=\"container\" data-e-type=\"container\">\n\t\t\t\t\t<div class=\"e-con-inner\">\n\t\t\t\t\t<\/div>\n\t\t\t\t<\/div>\n\t\t\t\t<\/div>\n\t\t","protected":false},"excerpt":{"rendered":"<p>To ju\u017c ponad 15 lat, gdy staramy si\u0119 tworzy\u0107 [&hellip;]<\/p>\n","protected":false},"author":1,"featured_media":110,"parent":0,"menu_order":0,"comment_status":"closed","ping_status":"closed","template":"","meta":{"footnotes":""},"class_list":["post-130","page","type-page","status-publish","has-post-thumbnail","hentry"],"_links":{"self":[{"href":"https:\/\/przedszkole.olesnica.pl\/ne\/index.php?rest_route=\/wp\/v2\/pages\/130","targetHints":{"allow":["GET"]}}],"collection":[{"href":"https:\/\/przedszkole.olesnica.pl\/ne\/index.php?rest_route=\/wp\/v2\/pages"}],"about":[{"href":"https:\/\/przedszkole.olesnica.pl\/ne\/index.php?rest_route=\/wp\/v2\/types\/page"}],"author":[{"embeddable":true,"href":"https:\/\/przedszkole.olesnica.pl\/ne\/index.php?rest_route=\/wp\/v2\/users\/1"}],"replies":[{"embeddable":true,"href":"https:\/\/przedszkole.olesnica.pl\/ne\/index.php?rest_route=%2Fwp%2Fv2%2Fcomments&post=130"}],"version-history":[{"count":14,"href":"https:\/\/przedszkole.olesnica.pl\/ne\/index.php?rest_route=\/wp\/v2\/pages\/130\/revisions"}],"predecessor-version":[{"id":869,"href":"https:\/\/przedszkole.olesnica.pl\/ne\/index.php?rest_route=\/wp\/v2\/pages\/130\/revisions\/869"}],"wp:featuredmedia":[{"embeddable":true,"href":"https:\/\/przedszkole.olesnica.pl\/ne\/index.php?rest_route=\/wp\/v2\/media\/110"}],"wp:attachment":[{"href":"https:\/\/przedszkole.olesnica.pl\/ne\/index.php?rest_route=%2Fwp%2Fv2%2Fmedia&parent=130"}],"curies":[{"name":"wp","href":"https:\/\/api.w.org\/{rel}","templated":true}]}}