{"id":115,"date":"2025-03-27T06:53:49","date_gmt":"2025-03-27T06:53:49","guid":{"rendered":"https:\/\/przedszkole.olesnica.pl\/ne\/?page_id=115"},"modified":"2026-03-11T12:50:43","modified_gmt":"2026-03-11T12:50:43","slug":"rekrutacja","status":"publish","type":"page","link":"https:\/\/przedszkole.olesnica.pl\/ne\/?page_id=115","title":{"rendered":""},"content":{"rendered":"\t\t<div data-elementor-type=\"wp-page\" data-elementor-id=\"115\" class=\"elementor elementor-115\">\n\t\t\t\t<div class=\"elementor-element elementor-element-2b4f542e e-flex e-con-boxed e-con e-parent\" data-id=\"2b4f542e\" data-element_type=\"container\" data-e-type=\"container\">\n\t\t\t\t\t<div class=\"e-con-inner\">\n\t\t\t\t<div class=\"elementor-element elementor-element-cbf9903 elementor-widget elementor-widget-n-accordion\" data-id=\"cbf9903\" data-element_type=\"widget\" data-e-type=\"widget\" data-settings=\"{&quot;default_state&quot;:&quot;expanded&quot;,&quot;max_items_expended&quot;:&quot;one&quot;,&quot;n_accordion_animation_duration&quot;:{&quot;unit&quot;:&quot;ms&quot;,&quot;size&quot;:400,&quot;sizes&quot;:[]}}\" data-widget_type=\"nested-accordion.default\">\n\t\t\t\t<div class=\"elementor-widget-container\">\n\t\t\t\t\t\t\t<div class=\"e-n-accordion\" aria-label=\"Accordion. Open links with Enter or Space, close with Escape, and navigate with Arrow Keys\">\n\t\t\t\t\t\t<details id=\"e-n-accordion-item-2130\" class=\"e-n-accordion-item\" open>\n\t\t\t\t<summary class=\"e-n-accordion-item-title\" data-accordion-index=\"1\" tabindex=\"0\" aria-expanded=\"true\" aria-controls=\"e-n-accordion-item-2130\" >\n\t\t\t\t\t<span class='e-n-accordion-item-title-header'><div class=\"e-n-accordion-item-title-text\"> Rekrutacja do przedszkola we Wroc\u0142awiu w ramach projektu KUBU\u015a PUCHATEK DLA WSZYSTKICH <\/div><\/span>\n\t\t\t\t\t\t\t<span class='e-n-accordion-item-title-icon'>\n\t\t\t<span class='e-opened' ><svg aria-hidden=\"true\" class=\"e-font-icon-svg e-fas-outdent\" viewBox=\"0 0 448 512\" xmlns=\"http:\/\/www.w3.org\/2000\/svg\"><path d=\"M100.69 363.29c10 10 27.31 2.93 27.31-11.31V160c0-14.32-17.33-21.31-27.31-11.31l-96 96a16 16 0 0 0 0 22.62zM432 416H16a16 16 0 0 0-16 16v32a16 16 0 0 0 16 16h416a16 16 0 0 0 16-16v-32a16 16 0 0 0-16-16zm3.17-128H204.83A12.82 12.82 0 0 0 192 300.83v38.34A12.82 12.82 0 0 0 204.83 352h230.34A12.82 12.82 0 0 0 448 339.17v-38.34A12.82 12.82 0 0 0 435.17 288zm0-128H204.83A12.82 12.82 0 0 0 192 172.83v38.34A12.82 12.82 0 0 0 204.83 224h230.34A12.82 12.82 0 0 0 448 211.17v-38.34A12.82 12.82 0 0 0 435.17 160zM432 32H16A16 16 0 0 0 0 48v32a16 16 0 0 0 16 16h416a16 16 0 0 0 16-16V48a16 16 0 0 0-16-16z\"><\/path><\/svg><\/span>\n\t\t\t<span class='e-closed'><svg aria-hidden=\"true\" class=\"e-font-icon-svg e-fas-play-circle\" viewBox=\"0 0 512 512\" xmlns=\"http:\/\/www.w3.org\/2000\/svg\"><path d=\"M256 8C119 8 8 119 8 256s111 248 248 248 248-111 248-248S393 8 256 8zm115.7 272l-176 101c-15.8 8.8-35.7-2.5-35.7-21V152c0-18.4 19.8-29.8 35.7-21l176 107c16.4 9.2 16.4 32.9 0 42z\"><\/path><\/svg><\/span>\n\t\t<\/span>\n\n\t\t\t\t\t\t<\/summary>\n\t\t\t\t<div role=\"region\" aria-labelledby=\"e-n-accordion-item-2130\" class=\"elementor-element elementor-element-725047f e-con-full e-flex e-con e-child\" data-id=\"725047f\" data-element_type=\"container\" data-e-type=\"container\">\n\t\t<div role=\"region\" aria-labelledby=\"e-n-accordion-item-2130\" class=\"elementor-element elementor-element-672cf10 e-con-full e-flex e-con e-child\" data-id=\"672cf10\" data-element_type=\"container\" data-e-type=\"container\">\n\t\t\t\t<div class=\"elementor-element elementor-element-4a81502 elementor-widget elementor-widget-text-editor\" data-id=\"4a81502\" data-element_type=\"widget\" data-e-type=\"widget\" data-widget_type=\"text-editor.default\">\n\t\t\t\t<div class=\"elementor-widget-container\">\n\t\t\t\t\t\t\t\t\t<p style=\"text-align: center;\">Aby zapisa\u0107 dziecko do przedszkola we Wroc\u0142awiu prosz\u0119 pobra\u0107 i wype\u0142ni\u0107 formularz z linku poni\u017cej. Wype\u0142niony i podpisany dokument (skan lub plik pdf podpisany profilem zaufanym) prosz\u0119 przes\u0142a\u0107 adres mailowy:<\/p>\n<p style=\"text-align: center;\"><span style=\"color: #003366;\"><strong>REKRUTACJA(at)UKUBUSIAPUCHATKA.COM.PL<\/strong><\/span><\/p>\t\t\t\t\t\t\t\t<\/div>\n\t\t\t\t<\/div>\n\t\t\t\t<\/div>\n\t\t<div role=\"region\" aria-labelledby=\"e-n-accordion-item-2130\" class=\"elementor-element elementor-element-d591c8b e-con-full e-flex e-con e-child\" data-id=\"d591c8b\" data-element_type=\"container\" data-e-type=\"container\">\n\t\t\t\t<div class=\"elementor-element elementor-element-e2871fc elementor-align-center elementor-widget elementor-widget-button\" data-id=\"e2871fc\" data-element_type=\"widget\" data-e-type=\"widget\" data-widget_type=\"button.default\">\n\t\t\t\t<div class=\"elementor-widget-container\">\n\t\t\t\t\t\t\t\t\t<div class=\"elementor-button-wrapper\">\n\t\t\t\t\t<a class=\"elementor-button elementor-button-link elementor-size-sm\" href=\"http:\/\/przedszkole.olesnica.pl\/ne\/wp-content\/uploads\/2025\/05\/W-Regulamin-Uczestnictwa-w-Projekcie.pdf\">\n\t\t\t\t\t\t<span class=\"elementor-button-content-wrapper\">\n\t\t\t\t\t\t<span class=\"elementor-button-icon\">\n\t\t\t\t<svg aria-hidden=\"true\" class=\"e-font-icon-svg e-far-bookmark\" viewBox=\"0 0 384 512\" xmlns=\"http:\/\/www.w3.org\/2000\/svg\"><path d=\"M336 0H48C21.49 0 0 21.49 0 48v464l192-112 192 112V48c0-26.51-21.49-48-48-48zm0 428.43l-144-84-144 84V54a6 6 0 0 1 6-6h276c3.314 0 6 2.683 6 5.996V428.43z\"><\/path><\/svg>\t\t\t<\/span>\n\t\t\t\t\t\t\t\t\t<span class=\"elementor-button-text\">REGULAMIN REKRUTACJI i UCZESTNICTWA W PROJEKCIE<\/span>\n\t\t\t\t\t<\/span>\n\t\t\t\t\t<\/a>\n\t\t\t\t<\/div>\n\t\t\t\t\t\t\t\t<\/div>\n\t\t\t\t<\/div>\n\t\t\t\t<\/div>\n\t\t<div role=\"region\" aria-labelledby=\"e-n-accordion-item-2130\" class=\"elementor-element elementor-element-eb8701e e-con-full e-flex e-con e-child\" data-id=\"eb8701e\" data-element_type=\"container\" data-e-type=\"container\">\n\t\t\t\t<div class=\"elementor-element elementor-element-d769579 elementor-icon-list--layout-traditional elementor-list-item-link-full_width elementor-widget elementor-widget-icon-list\" data-id=\"d769579\" data-element_type=\"widget\" data-e-type=\"widget\" data-widget_type=\"icon-list.default\">\n\t\t\t\t<div class=\"elementor-widget-container\">\n\t\t\t\t\t\t\t<ul class=\"elementor-icon-list-items\">\n\t\t\t\t\t\t\t<li class=\"elementor-icon-list-item\">\n\t\t\t\t\t\t\t\t\t\t\t<a href=\"http:\/\/przedszkole.olesnica.pl\/ne\/wp-content\/uploads\/2025\/05\/W-rekrutacja-formularz.pdf\">\n\n\t\t\t\t\t\t\t\t\t\t\t\t<span class=\"elementor-icon-list-icon\">\n\t\t\t\t\t\t\t<svg aria-hidden=\"true\" class=\"e-font-icon-svg e-fas-file-pdf\" viewBox=\"0 0 384 512\" xmlns=\"http:\/\/www.w3.org\/2000\/svg\"><path d=\"M181.9 256.1c-5-16-4.9-46.9-2-46.9 8.4 0 7.6 36.9 2 46.9zm-1.7 47.2c-7.7 20.2-17.3 43.3-28.4 62.7 18.3-7 39-17.2 62.9-21.9-12.7-9.6-24.9-23.4-34.5-40.8zM86.1 428.1c0 .8 13.2-5.4 34.9-40.2-6.7 6.3-29.1 24.5-34.9 40.2zM248 160h136v328c0 13.3-10.7 24-24 24H24c-13.3 0-24-10.7-24-24V24C0 10.7 10.7 0 24 0h200v136c0 13.2 10.8 24 24 24zm-8 171.8c-20-12.2-33.3-29-42.7-53.8 4.5-18.5 11.6-46.6 6.2-64.2-4.7-29.4-42.4-26.5-47.8-6.8-5 18.3-.4 44.1 8.1 77-11.6 27.6-28.7 64.6-40.8 85.8-.1 0-.1.1-.2.1-27.1 13.9-73.6 44.5-54.5 68 5.6 6.9 16 10 21.5 10 17.9 0 35.7-18 61.1-61.8 25.8-8.5 54.1-19.1 79-23.2 21.7 11.8 47.1 19.5 64 19.5 29.2 0 31.2-32 19.7-43.4-13.9-13.6-54.3-9.7-73.6-7.2zM377 105L279 7c-4.5-4.5-10.6-7-17-7h-6v128h128v-6.1c0-6.3-2.5-12.4-7-16.9zm-74.1 255.3c4.1-2.7-2.5-11.9-42.8-9 37.1 15.8 42.8 9 42.8 9z\"><\/path><\/svg>\t\t\t\t\t\t<\/span>\n\t\t\t\t\t\t\t\t\t\t<span class=\"elementor-icon-list-text\">FORMULARZ DO DRUKU<\/span>\n\t\t\t\t\t\t\t\t\t\t\t<\/a>\n\t\t\t\t\t\t\t\t\t<\/li>\n\t\t\t\t\t\t\t\t<li class=\"elementor-icon-list-item\">\n\t\t\t\t\t\t\t\t\t\t\t<a href=\"http:\/\/przedszkole.olesnica.pl\/ne\/wp-content\/uploads\/2025\/05\/W-rekrutacja-formularz-edyt.pdf\">\n\n\t\t\t\t\t\t\t\t\t\t\t\t<span class=\"elementor-icon-list-icon\">\n\t\t\t\t\t\t\t<svg aria-hidden=\"true\" class=\"e-font-icon-svg e-far-file-pdf\" viewBox=\"0 0 384 512\" xmlns=\"http:\/\/www.w3.org\/2000\/svg\"><path d=\"M369.9 97.9L286 14C277 5 264.8-.1 252.1-.1H48C21.5 0 0 21.5 0 48v416c0 26.5 21.5 48 48 48h288c26.5 0 48-21.5 48-48V131.9c0-12.7-5.1-25-14.1-34zM332.1 128H256V51.9l76.1 76.1zM48 464V48h160v104c0 13.3 10.7 24 24 24h104v288H48zm250.2-143.7c-12.2-12-47-8.7-64.4-6.5-17.2-10.5-28.7-25-36.8-46.3 3.9-16.1 10.1-40.6 5.4-56-4.2-26.2-37.8-23.6-42.6-5.9-4.4 16.1-.4 38.5 7 67.1-10 23.9-24.9 56-35.4 74.4-20 10.3-47 26.2-51 46.2-3.3 15.8 26 55.2 76.1-31.2 22.4-7.4 46.8-16.5 68.4-20.1 18.9 10.2 41 17 55.8 17 25.5 0 28-28.2 17.5-38.7zm-198.1 77.8c5.1-13.7 24.5-29.5 30.4-35-19 30.3-30.4 35.7-30.4 35zm81.6-190.6c7.4 0 6.7 32.1 1.8 40.8-4.4-13.9-4.3-40.8-1.8-40.8zm-24.4 136.6c9.7-16.9 18-37 24.7-54.7 8.3 15.1 18.9 27.2 30.1 35.5-20.8 4.3-38.9 13.1-54.8 19.2zm131.6-5s-5 6-37.3-7.8c35.1-2.6 40.9 5.4 37.3 7.8z\"><\/path><\/svg>\t\t\t\t\t\t<\/span>\n\t\t\t\t\t\t\t\t\t\t<span class=\"elementor-icon-list-text\">FORMULARZ DO WYPE\u0141NIENIA ONLINE<\/span>\n\t\t\t\t\t\t\t\t\t\t\t<\/a>\n\t\t\t\t\t\t\t\t\t<\/li>\n\t\t\t\t\t\t<\/ul>\n\t\t\t\t\t\t<\/div>\n\t\t\t\t<\/div>\n\t\t\t\t<\/div>\n\t\t<div role=\"region\" aria-labelledby=\"e-n-accordion-item-2130\" class=\"elementor-element elementor-element-c8ebe5d e-con-full e-flex e-con e-child\" data-id=\"c8ebe5d\" data-element_type=\"container\" data-e-type=\"container\">\n\t\t\t\t<div class=\"elementor-element elementor-element-829e34e elementor-widget elementor-widget-image\" data-id=\"829e34e\" data-element_type=\"widget\" data-e-type=\"widget\" data-widget_type=\"image.default\">\n\t\t\t\t<div class=\"elementor-widget-container\">\n\t\t\t\t\t\t\t\t\t\t\t\t\t\t\t<img decoding=\"async\" width=\"640\" height=\"68\" src=\"https:\/\/przedszkole.olesnica.pl\/ne\/wp-content\/uploads\/2025\/04\/FEDDS-kolor-poziom-1024x108.jpg\" class=\"attachment-large size-large wp-image-484\" alt=\"\" srcset=\"https:\/\/przedszkole.olesnica.pl\/ne\/wp-content\/uploads\/2025\/04\/FEDDS-kolor-poziom-1024x108.jpg 1024w, https:\/\/przedszkole.olesnica.pl\/ne\/wp-content\/uploads\/2025\/04\/FEDDS-kolor-poziom-300x32.jpg 300w, https:\/\/przedszkole.olesnica.pl\/ne\/wp-content\/uploads\/2025\/04\/FEDDS-kolor-poziom-768x81.jpg 768w, https:\/\/przedszkole.olesnica.pl\/ne\/wp-content\/uploads\/2025\/04\/FEDDS-kolor-poziom-1536x163.jpg 1536w, https:\/\/przedszkole.olesnica.pl\/ne\/wp-content\/uploads\/2025\/04\/FEDDS-kolor-poziom-2048x217.jpg 2048w\" sizes=\"(max-width: 640px) 100vw, 640px\" \/>\t\t\t\t\t\t\t\t\t\t\t\t\t\t\t<\/div>\n\t\t\t\t<\/div>\n\t\t\t\t<\/div>\n\t\t\t\t<\/div>\n\t\t\t\t\t<\/details>\n\t\t\t\t\t<\/div>\n\t\t\t\t\t\t<\/div>\n\t\t\t\t<\/div>\n\t\t<div class=\"elementor-element elementor-element-69cf3f1 e-con-full e-flex e-con e-child\" data-id=\"69cf3f1\" data-element_type=\"container\" data-e-type=\"container\">\n\t\t\t\t<div class=\"elementor-element elementor-element-43ef711 elementor-position-inline-start elementor-view-default elementor-mobile-position-block-start elementor-widget elementor-widget-icon-box\" data-id=\"43ef711\" data-element_type=\"widget\" data-e-type=\"widget\" data-widget_type=\"icon-box.default\">\n\t\t\t\t<div class=\"elementor-widget-container\">\n\t\t\t\t\t\t\t<div class=\"elementor-icon-box-wrapper\">\n\n\t\t\t\t\t\t<div class=\"elementor-icon-box-icon\">\n\t\t\t\t<span  class=\"elementor-icon\">\n\t\t\t\t<svg aria-hidden=\"true\" class=\"e-font-icon-svg e-fas-star\" viewBox=\"0 0 576 512\" xmlns=\"http:\/\/www.w3.org\/2000\/svg\"><path d=\"M259.3 17.8L194 150.2 47.9 171.5c-26.2 3.8-36.7 36.1-17.7 54.6l105.7 103-25 145.5c-4.5 26.3 23.2 46 46.4 33.7L288 439.6l130.7 68.7c23.2 12.2 50.9-7.4 46.4-33.7l-25-145.5 105.7-103c19-18.5 8.5-50.8-17.7-54.6L382 150.2 316.7 17.8c-11.7-23.6-45.6-23.9-57.4 0z\"><\/path><\/svg>\t\t\t\t<\/span>\n\t\t\t<\/div>\n\t\t\t\n\t\t\t\t\t\t<div class=\"elementor-icon-box-content\">\n\n\t\t\t\t\t\t\t\t\t<span class=\"elementor-icon-box-title\">\n\t\t\t\t\t\t<span  >\n\t\t\t\t\t\t\tTERMINY REKRUTACJI\t\t\t\t\t\t<\/span>\n\t\t\t\t\t<\/span>\n\t\t\t\t\n\t\t\t\t\t\t\t\t\t<p class=\"elementor-icon-box-description\">\n\t\t\t\t\t\tI etap rekrutacji - 31.05.2025 * II etap rekrutacji - po weryfikacji wolnych miejsc do 14.07.2025 * rekrutacja ci\u0105g\u0142a - w miar\u0119 wolnych miejsc\t\t\t\t\t<\/p>\n\t\t\t\t\n\t\t\t<\/div>\n\t\t\t\n\t\t<\/div>\n\t\t\t\t\t\t<\/div>\n\t\t\t\t<\/div>\n\t\t\t\t<div class=\"elementor-element elementor-element-ce4635f elementor-widget-divider--separator-type-pattern elementor-widget-divider--no-spacing elementor-widget-divider--view-line elementor-widget elementor-widget-divider\" data-id=\"ce4635f\" data-element_type=\"widget\" data-e-type=\"widget\" data-widget_type=\"divider.default\">\n\t\t\t\t<div class=\"elementor-widget-container\">\n\t\t\t\t\t\t\t<div class=\"elementor-divider\" style=\"--divider-pattern-url: url(&quot;data:image\/svg+xml,%3Csvg xmlns=&#039;http:\/\/www.w3.org\/2000\/svg&#039; preserveAspectRatio=&#039;xMidYMid meet&#039; overflow=&#039;visible&#039; height=&#039;100%&#039; viewBox=&#039;0 0 126 26&#039; fill=&#039;black&#039; stroke=&#039;none&#039;%3E%3Cpath d=&#039;M3,10.2c2.6,0,2.6,2,2.6,3.2S4.4,16.5,3,16.5s-3-1.4-3-3.2S0.4,10.2,3,10.2z M18.8,10.2c1.7,0,3.2,1.4,3.2,3.2s-1.4,3.2-3.2,3.2c-1.7,0-3.2-1.4-3.2-3.2S17,10.2,18.8,10.2z M34.6,10.2c1.5,0,2.6,1.4,2.6,3.2s-0.5,3.2-1.9,3.2c-1.5,0-3.4-1.4-3.4-3.2S33.1,10.2,34.6,10.2z M50.5,10.2c1.7,0,3.2,1.4,3.2,3.2s-1.4,3.2-3.2,3.2c-1.7,0-3.3-0.9-3.3-2.6S48.7,10.2,50.5,10.2z M66.2,10.2c1.5,0,3.4,1.4,3.4,3.2s-1.9,3.2-3.4,3.2c-1.5,0-2.6-0.4-2.6-2.1S64.8,10.2,66.2,10.2z M82.2,10.2c1.7,0.8,2.6,1.4,2.6,3.2s-0.1,3.2-1.6,3.2c-1.5,0-3.7-1.4-3.7-3.2S80.5,9.4,82.2,10.2zM98.6,10.2c1.5,0,2.6,0.4,2.6,2.1s-1.2,4.2-2.6,4.2c-1.5,0-3.7-0.4-3.7-2.1S97.1,10.2,98.6,10.2z M113.4,10.2c1.2,0,2.2,0.9,2.2,3.2s-0.1,3.2-1.3,3.2s-3.1-1.4-3.1-3.2S112.2,10.2,113.4,10.2z&#039;\/%3E%3C\/svg%3E&quot;);\">\n\t\t\t<span class=\"elementor-divider-separator\">\n\t\t\t\t\t\t<\/span>\n\t\t<\/div>\n\t\t\t\t\t\t<\/div>\n\t\t\t\t<\/div>\n\t\t\t\t<\/div>\n\t\t\t\t\t<\/div>\n\t\t\t\t<\/div>\n\t\t<div class=\"elementor-element elementor-element-303b0e3 e-flex e-con-boxed e-con e-parent\" data-id=\"303b0e3\" data-element_type=\"container\" data-e-type=\"container\">\n\t\t\t\t\t<div class=\"e-con-inner\">\n\t\t\t\t<div class=\"elementor-element elementor-element-e87ec74 elementor-widget elementor-widget-n-accordion\" data-id=\"e87ec74\" data-element_type=\"widget\" data-e-type=\"widget\" data-settings=\"{&quot;default_state&quot;:&quot;expanded&quot;,&quot;max_items_expended&quot;:&quot;one&quot;,&quot;n_accordion_animation_duration&quot;:{&quot;unit&quot;:&quot;ms&quot;,&quot;size&quot;:400,&quot;sizes&quot;:[]}}\" data-widget_type=\"nested-accordion.default\">\n\t\t\t\t<div class=\"elementor-widget-container\">\n\t\t\t\t\t\t\t<div class=\"e-n-accordion\" aria-label=\"Accordion. Open links with Enter or Space, close with Escape, and navigate with Arrow Keys\">\n\t\t\t\t\t\t<details id=\"e-n-accordion-item-2430\" class=\"e-n-accordion-item\" open>\n\t\t\t\t<summary class=\"e-n-accordion-item-title\" data-accordion-index=\"1\" tabindex=\"0\" aria-expanded=\"true\" aria-controls=\"e-n-accordion-item-2430\" >\n\t\t\t\t\t<span class='e-n-accordion-item-title-header'><div class=\"e-n-accordion-item-title-text\"> Rekrutacja do przedszkola w Jeszkowicach w ramach projektu KUBU\u015a PUCHATEK DLA WSZYSTKICH <\/div><\/span>\n\t\t\t\t\t\t\t<span class='e-n-accordion-item-title-icon'>\n\t\t\t<span class='e-opened' ><svg aria-hidden=\"true\" class=\"e-font-icon-svg e-fas-outdent\" viewBox=\"0 0 448 512\" xmlns=\"http:\/\/www.w3.org\/2000\/svg\"><path d=\"M100.69 363.29c10 10 27.31 2.93 27.31-11.31V160c0-14.32-17.33-21.31-27.31-11.31l-96 96a16 16 0 0 0 0 22.62zM432 416H16a16 16 0 0 0-16 16v32a16 16 0 0 0 16 16h416a16 16 0 0 0 16-16v-32a16 16 0 0 0-16-16zm3.17-128H204.83A12.82 12.82 0 0 0 192 300.83v38.34A12.82 12.82 0 0 0 204.83 352h230.34A12.82 12.82 0 0 0 448 339.17v-38.34A12.82 12.82 0 0 0 435.17 288zm0-128H204.83A12.82 12.82 0 0 0 192 172.83v38.34A12.82 12.82 0 0 0 204.83 224h230.34A12.82 12.82 0 0 0 448 211.17v-38.34A12.82 12.82 0 0 0 435.17 160zM432 32H16A16 16 0 0 0 0 48v32a16 16 0 0 0 16 16h416a16 16 0 0 0 16-16V48a16 16 0 0 0-16-16z\"><\/path><\/svg><\/span>\n\t\t\t<span class='e-closed'><svg aria-hidden=\"true\" class=\"e-font-icon-svg e-fas-play-circle\" viewBox=\"0 0 512 512\" xmlns=\"http:\/\/www.w3.org\/2000\/svg\"><path d=\"M256 8C119 8 8 119 8 256s111 248 248 248 248-111 248-248S393 8 256 8zm115.7 272l-176 101c-15.8 8.8-35.7-2.5-35.7-21V152c0-18.4 19.8-29.8 35.7-21l176 107c16.4 9.2 16.4 32.9 0 42z\"><\/path><\/svg><\/span>\n\t\t<\/span>\n\n\t\t\t\t\t\t<\/summary>\n\t\t\t\t<div role=\"region\" aria-labelledby=\"e-n-accordion-item-2430\" class=\"elementor-element elementor-element-72c58d5 e-con-full e-flex e-con e-child\" data-id=\"72c58d5\" data-element_type=\"container\" data-e-type=\"container\">\n\t\t<div role=\"region\" aria-labelledby=\"e-n-accordion-item-2430\" class=\"elementor-element elementor-element-b27e5a5 e-con-full e-flex e-con e-child\" data-id=\"b27e5a5\" data-element_type=\"container\" data-e-type=\"container\">\n\t\t\t\t<div class=\"elementor-element elementor-element-f87a147 elementor-widget elementor-widget-text-editor\" data-id=\"f87a147\" data-element_type=\"widget\" data-e-type=\"widget\" data-widget_type=\"text-editor.default\">\n\t\t\t\t<div class=\"elementor-widget-container\">\n\t\t\t\t\t\t\t\t\t<p style=\"text-align: center;\"><span style=\"color: #ff6600;\">Rekrutacja na nowy rok szkolny 2026\/2027 odbywa si\u0119 elektronicznie za pomoc\u0105 systemu Gminy Czernica &#8211; https:\/\/gminaczernica.formico.pl\/formico-public\/<\/span><\/p>\n<p style=\"text-align: center;\">Po zakwalifikowaniu dziecka nale\u017cy pobra\u0107 i wype\u0142ni\u0107 formularz z linku poni\u017cej. <br \/>Wype\u0142niony i podpisany dokument (skan lub plik pdf podpisany profilem zaufanym) prosz\u0119 przes\u0142a\u0107 adres mailowy:<\/p>\n<p style=\"text-align: center;\"><span style=\"color: #003366;\"><strong>REKRUTACJA(at)UKUBUSIAPUCHATKA.COM.PL<\/strong><\/span><\/p>\n<p style=\"text-align: center;\">\u00a0<\/p>\t\t\t\t\t\t\t\t<\/div>\n\t\t\t\t<\/div>\n\t\t\t\t<\/div>\n\t\t<div role=\"region\" aria-labelledby=\"e-n-accordion-item-2430\" class=\"elementor-element elementor-element-02a9109 e-con-full e-flex e-con e-child\" data-id=\"02a9109\" data-element_type=\"container\" data-e-type=\"container\">\n\t\t\t\t<div class=\"elementor-element elementor-element-4a5da16 elementor-align-center elementor-widget elementor-widget-button\" data-id=\"4a5da16\" data-element_type=\"widget\" data-e-type=\"widget\" data-widget_type=\"button.default\">\n\t\t\t\t<div class=\"elementor-widget-container\">\n\t\t\t\t\t\t\t\t\t<div class=\"elementor-button-wrapper\">\n\t\t\t\t\t<a class=\"elementor-button elementor-button-link elementor-size-sm\" href=\"http:\/\/przedszkole.olesnica.pl\/ne\/wp-content\/uploads\/2025\/07\/J-Regulamin-Uczestnictwa-w-Projekcie.pdf\">\n\t\t\t\t\t\t<span class=\"elementor-button-content-wrapper\">\n\t\t\t\t\t\t<span class=\"elementor-button-icon\">\n\t\t\t\t<svg aria-hidden=\"true\" class=\"e-font-icon-svg e-far-bookmark\" viewBox=\"0 0 384 512\" xmlns=\"http:\/\/www.w3.org\/2000\/svg\"><path d=\"M336 0H48C21.49 0 0 21.49 0 48v464l192-112 192 112V48c0-26.51-21.49-48-48-48zm0 428.43l-144-84-144 84V54a6 6 0 0 1 6-6h276c3.314 0 6 2.683 6 5.996V428.43z\"><\/path><\/svg>\t\t\t<\/span>\n\t\t\t\t\t\t\t\t\t<span class=\"elementor-button-text\">REGULAMIN REKRUTACJI i UCZESTNICTWA W PROJEKCIE<\/span>\n\t\t\t\t\t<\/span>\n\t\t\t\t\t<\/a>\n\t\t\t\t<\/div>\n\t\t\t\t\t\t\t\t<\/div>\n\t\t\t\t<\/div>\n\t\t\t\t<div class=\"elementor-element elementor-element-4d96b47 elementor-align-center elementor-widget__width-inherit elementor-widget elementor-widget-button\" data-id=\"4d96b47\" data-element_type=\"widget\" data-e-type=\"widget\" data-widget_type=\"button.default\">\n\t\t\t\t<div class=\"elementor-widget-container\">\n\t\t\t\t\t\t\t\t\t<div class=\"elementor-button-wrapper\">\n\t\t\t\t\t<a class=\"elementor-button elementor-button-link elementor-size-sm\" href=\"https:\/\/gminaczernica.formico.pl\/formico-public\/\">\n\t\t\t\t\t\t<span class=\"elementor-button-content-wrapper\">\n\t\t\t\t\t\t<span class=\"elementor-button-icon\">\n\t\t\t\t<svg aria-hidden=\"true\" class=\"e-font-icon-svg e-fas-child\" viewBox=\"0 0 384 512\" xmlns=\"http:\/\/www.w3.org\/2000\/svg\"><path d=\"M120 72c0-39.765 32.235-72 72-72s72 32.235 72 72c0 39.764-32.235 72-72 72s-72-32.236-72-72zm254.627 1.373c-12.496-12.497-32.758-12.497-45.254 0L242.745 160H141.254L54.627 73.373c-12.496-12.497-32.758-12.497-45.254 0-12.497 12.497-12.497 32.758 0 45.255L104 213.254V480c0 17.673 14.327 32 32 32h16c17.673 0 32-14.327 32-32V368h16v112c0 17.673 14.327 32 32 32h16c17.673 0 32-14.327 32-32V213.254l94.627-94.627c12.497-12.497 12.497-32.757 0-45.254z\"><\/path><\/svg>\t\t\t<\/span>\n\t\t\t\t\t\t\t\t\t<span class=\"elementor-button-text\">Rekrutacja na rok szkolny 2026\/2027<\/span>\n\t\t\t\t\t<\/span>\n\t\t\t\t\t<\/a>\n\t\t\t\t<\/div>\n\t\t\t\t\t\t\t\t<\/div>\n\t\t\t\t<\/div>\n\t\t\t\t<\/div>\n\t\t<div role=\"region\" aria-labelledby=\"e-n-accordion-item-2430\" class=\"elementor-element elementor-element-332124f e-con-full e-flex e-con e-child\" data-id=\"332124f\" data-element_type=\"container\" data-e-type=\"container\">\n\t\t\t\t<div class=\"elementor-element elementor-element-e3a7bd3 elementor-icon-list--layout-traditional elementor-list-item-link-full_width elementor-widget elementor-widget-icon-list\" data-id=\"e3a7bd3\" data-element_type=\"widget\" data-e-type=\"widget\" data-widget_type=\"icon-list.default\">\n\t\t\t\t<div class=\"elementor-widget-container\">\n\t\t\t\t\t\t\t<ul class=\"elementor-icon-list-items\">\n\t\t\t\t\t\t\t<li class=\"elementor-icon-list-item\">\n\t\t\t\t\t\t\t\t\t\t\t<a href=\"http:\/\/przedszkole.olesnica.pl\/ne\/wp-content\/uploads\/2025\/07\/J-rekrutacja-formularz.pdf\">\n\n\t\t\t\t\t\t\t\t\t\t\t\t<span class=\"elementor-icon-list-icon\">\n\t\t\t\t\t\t\t<svg aria-hidden=\"true\" class=\"e-font-icon-svg e-fas-file-pdf\" viewBox=\"0 0 384 512\" xmlns=\"http:\/\/www.w3.org\/2000\/svg\"><path d=\"M181.9 256.1c-5-16-4.9-46.9-2-46.9 8.4 0 7.6 36.9 2 46.9zm-1.7 47.2c-7.7 20.2-17.3 43.3-28.4 62.7 18.3-7 39-17.2 62.9-21.9-12.7-9.6-24.9-23.4-34.5-40.8zM86.1 428.1c0 .8 13.2-5.4 34.9-40.2-6.7 6.3-29.1 24.5-34.9 40.2zM248 160h136v328c0 13.3-10.7 24-24 24H24c-13.3 0-24-10.7-24-24V24C0 10.7 10.7 0 24 0h200v136c0 13.2 10.8 24 24 24zm-8 171.8c-20-12.2-33.3-29-42.7-53.8 4.5-18.5 11.6-46.6 6.2-64.2-4.7-29.4-42.4-26.5-47.8-6.8-5 18.3-.4 44.1 8.1 77-11.6 27.6-28.7 64.6-40.8 85.8-.1 0-.1.1-.2.1-27.1 13.9-73.6 44.5-54.5 68 5.6 6.9 16 10 21.5 10 17.9 0 35.7-18 61.1-61.8 25.8-8.5 54.1-19.1 79-23.2 21.7 11.8 47.1 19.5 64 19.5 29.2 0 31.2-32 19.7-43.4-13.9-13.6-54.3-9.7-73.6-7.2zM377 105L279 7c-4.5-4.5-10.6-7-17-7h-6v128h128v-6.1c0-6.3-2.5-12.4-7-16.9zm-74.1 255.3c4.1-2.7-2.5-11.9-42.8-9 37.1 15.8 42.8 9 42.8 9z\"><\/path><\/svg>\t\t\t\t\t\t<\/span>\n\t\t\t\t\t\t\t\t\t\t<span class=\"elementor-icon-list-text\">FORMULARZ DO DRUKU<\/span>\n\t\t\t\t\t\t\t\t\t\t\t<\/a>\n\t\t\t\t\t\t\t\t\t<\/li>\n\t\t\t\t\t\t<\/ul>\n\t\t\t\t\t\t<\/div>\n\t\t\t\t<\/div>\n\t\t\t\t<\/div>\n\t\t<div role=\"region\" aria-labelledby=\"e-n-accordion-item-2430\" class=\"elementor-element elementor-element-51c25d0 e-con-full e-flex e-con e-child\" data-id=\"51c25d0\" data-element_type=\"container\" data-e-type=\"container\">\n\t\t\t\t<div class=\"elementor-element elementor-element-8da5de7 elementor-widget elementor-widget-image\" data-id=\"8da5de7\" data-element_type=\"widget\" data-e-type=\"widget\" data-widget_type=\"image.default\">\n\t\t\t\t<div class=\"elementor-widget-container\">\n\t\t\t\t\t\t\t\t\t\t\t\t\t\t\t<img decoding=\"async\" width=\"640\" height=\"68\" src=\"https:\/\/przedszkole.olesnica.pl\/ne\/wp-content\/uploads\/2025\/04\/FEDDS-kolor-poziom-1024x108.jpg\" class=\"attachment-large size-large wp-image-484\" alt=\"\" srcset=\"https:\/\/przedszkole.olesnica.pl\/ne\/wp-content\/uploads\/2025\/04\/FEDDS-kolor-poziom-1024x108.jpg 1024w, https:\/\/przedszkole.olesnica.pl\/ne\/wp-content\/uploads\/2025\/04\/FEDDS-kolor-poziom-300x32.jpg 300w, https:\/\/przedszkole.olesnica.pl\/ne\/wp-content\/uploads\/2025\/04\/FEDDS-kolor-poziom-768x81.jpg 768w, https:\/\/przedszkole.olesnica.pl\/ne\/wp-content\/uploads\/2025\/04\/FEDDS-kolor-poziom-1536x163.jpg 1536w, https:\/\/przedszkole.olesnica.pl\/ne\/wp-content\/uploads\/2025\/04\/FEDDS-kolor-poziom-2048x217.jpg 2048w\" sizes=\"(max-width: 640px) 100vw, 640px\" \/>\t\t\t\t\t\t\t\t\t\t\t\t\t\t\t<\/div>\n\t\t\t\t<\/div>\n\t\t\t\t<\/div>\n\t\t\t\t<\/div>\n\t\t\t\t\t<\/details>\n\t\t\t\t\t<\/div>\n\t\t\t\t\t\t<\/div>\n\t\t\t\t<\/div>\n\t\t<div class=\"elementor-element elementor-element-d515461 e-con-full e-flex e-con e-child\" data-id=\"d515461\" data-element_type=\"container\" data-e-type=\"container\">\n\t\t\t\t<div class=\"elementor-element elementor-element-3e4ad0c elementor-position-inline-start elementor-view-default elementor-mobile-position-block-start elementor-widget elementor-widget-icon-box\" data-id=\"3e4ad0c\" data-element_type=\"widget\" data-e-type=\"widget\" data-widget_type=\"icon-box.default\">\n\t\t\t\t<div class=\"elementor-widget-container\">\n\t\t\t\t\t\t\t<div class=\"elementor-icon-box-wrapper\">\n\n\t\t\t\t\t\t<div class=\"elementor-icon-box-icon\">\n\t\t\t\t<span  class=\"elementor-icon\">\n\t\t\t\t<svg aria-hidden=\"true\" class=\"e-font-icon-svg e-fas-star\" viewBox=\"0 0 576 512\" xmlns=\"http:\/\/www.w3.org\/2000\/svg\"><path d=\"M259.3 17.8L194 150.2 47.9 171.5c-26.2 3.8-36.7 36.1-17.7 54.6l105.7 103-25 145.5c-4.5 26.3 23.2 46 46.4 33.7L288 439.6l130.7 68.7c23.2 12.2 50.9-7.4 46.4-33.7l-25-145.5 105.7-103c19-18.5 8.5-50.8-17.7-54.6L382 150.2 316.7 17.8c-11.7-23.6-45.6-23.9-57.4 0z\"><\/path><\/svg>\t\t\t\t<\/span>\n\t\t\t<\/div>\n\t\t\t\n\t\t\t\t\t\t<div class=\"elementor-icon-box-content\">\n\n\t\t\t\t\t\t\t\t\t<span class=\"elementor-icon-box-title\">\n\t\t\t\t\t\t<span  >\n\t\t\t\t\t\t\tTERMINY REKRUTACJI\t\t\t\t\t\t<\/span>\n\t\t\t\t\t<\/span>\n\t\t\t\t\n\t\t\t\t\t\t\t\t\t<p class=\"elementor-icon-box-description\">\n\t\t\t\t\t\tI etap rekrutacji - 16.06.2025 * II etap rekrutacji - po weryfikacji wolnych miejsc do 14.07.2025 * rekrutacja ci\u0105g\u0142a - w miar\u0119 wolnych miejsc\t\t\t\t\t<\/p>\n\t\t\t\t\n\t\t\t<\/div>\n\t\t\t\n\t\t<\/div>\n\t\t\t\t\t\t<\/div>\n\t\t\t\t<\/div>\n\t\t\t\t<div class=\"elementor-element elementor-element-6f15e90 elementor-widget-divider--separator-type-pattern elementor-widget-divider--no-spacing elementor-widget-divider--view-line elementor-widget elementor-widget-divider\" data-id=\"6f15e90\" data-element_type=\"widget\" data-e-type=\"widget\" data-widget_type=\"divider.default\">\n\t\t\t\t<div class=\"elementor-widget-container\">\n\t\t\t\t\t\t\t<div class=\"elementor-divider\" style=\"--divider-pattern-url: url(&quot;data:image\/svg+xml,%3Csvg xmlns=&#039;http:\/\/www.w3.org\/2000\/svg&#039; preserveAspectRatio=&#039;xMidYMid meet&#039; overflow=&#039;visible&#039; height=&#039;100%&#039; viewBox=&#039;0 0 126 26&#039; fill=&#039;black&#039; stroke=&#039;none&#039;%3E%3Cpath d=&#039;M3,10.2c2.6,0,2.6,2,2.6,3.2S4.4,16.5,3,16.5s-3-1.4-3-3.2S0.4,10.2,3,10.2z M18.8,10.2c1.7,0,3.2,1.4,3.2,3.2s-1.4,3.2-3.2,3.2c-1.7,0-3.2-1.4-3.2-3.2S17,10.2,18.8,10.2z M34.6,10.2c1.5,0,2.6,1.4,2.6,3.2s-0.5,3.2-1.9,3.2c-1.5,0-3.4-1.4-3.4-3.2S33.1,10.2,34.6,10.2z M50.5,10.2c1.7,0,3.2,1.4,3.2,3.2s-1.4,3.2-3.2,3.2c-1.7,0-3.3-0.9-3.3-2.6S48.7,10.2,50.5,10.2z M66.2,10.2c1.5,0,3.4,1.4,3.4,3.2s-1.9,3.2-3.4,3.2c-1.5,0-2.6-0.4-2.6-2.1S64.8,10.2,66.2,10.2z M82.2,10.2c1.7,0.8,2.6,1.4,2.6,3.2s-0.1,3.2-1.6,3.2c-1.5,0-3.7-1.4-3.7-3.2S80.5,9.4,82.2,10.2zM98.6,10.2c1.5,0,2.6,0.4,2.6,2.1s-1.2,4.2-2.6,4.2c-1.5,0-3.7-0.4-3.7-2.1S97.1,10.2,98.6,10.2z M113.4,10.2c1.2,0,2.2,0.9,2.2,3.2s-0.1,3.2-1.3,3.2s-3.1-1.4-3.1-3.2S112.2,10.2,113.4,10.2z&#039;\/%3E%3C\/svg%3E&quot;);\">\n\t\t\t<span class=\"elementor-divider-separator\">\n\t\t\t\t\t\t<\/span>\n\t\t<\/div>\n\t\t\t\t\t\t<\/div>\n\t\t\t\t<\/div>\n\t\t\t\t<\/div>\n\t\t\t\t\t<\/div>\n\t\t\t\t<\/div>\n\t\t<div class=\"elementor-element elementor-element-a6e4cb7 e-grid e-con-boxed e-con e-parent\" data-id=\"a6e4cb7\" data-element_type=\"container\" data-e-type=\"container\">\n\t\t\t\t\t<div class=\"e-con-inner\">\n\t\t\t\t<div class=\"elementor-element elementor-element-c5bbbbc elementor-widget__width-initial elementor-widget elementor-widget-text-editor\" data-id=\"c5bbbbc\" data-element_type=\"widget\" data-e-type=\"widget\" data-widget_type=\"text-editor.default\">\n\t\t\t\t<div class=\"elementor-widget-container\">\n\t\t\t\t\t\t\t\t\t<h2 class=\"wp-block-heading has-text-color has-link-color\" style=\"color: #1e73be;\">Jak zapisa\u0107 dziecko do \u017c\u0142obka?<\/h2>\n<p><!-- \/wp:heading --><!-- wp:spacer {\"height\":\"41px\"} --><!-- \/wp:paragraph --><\/p>\t\t\t\t\t\t\t\t<\/div>\n\t\t\t\t<\/div>\n\t\t\t\t<div class=\"elementor-element elementor-element-87e1f71 elementor-widget__width-initial elementor-widget elementor-widget-text-editor\" data-id=\"87e1f71\" data-element_type=\"widget\" data-e-type=\"widget\" data-widget_type=\"text-editor.default\">\n\t\t\t\t<div class=\"elementor-widget-container\">\n\t\t\t\t\t\t\t\t\t<!-- wp:heading {\"style\":{\"elements\":{\"link\":{\"color\":{\"text\":\"#1e73be\"}}},\"color\":{\"text\":\"#1e73be\"}}} -->\n<h4 class=\"wp-block-heading has-text-color has-link-color\" style=\"color: #1e73be; text-align: center;\">&#8212; og\u00f3lne zasady rekrutacji &#8212;<\/h4>\n<!-- \/wp:heading --><!-- wp:spacer {\"height\":\"41px\"} --><!-- \/wp:paragraph -->\t\t\t\t\t\t\t\t<\/div>\n\t\t\t\t<\/div>\n\t\t\t\t\t<\/div>\n\t\t\t\t<\/div>\n\t\t<div class=\"elementor-element elementor-element-85b95ff e-flex e-con-boxed e-con e-parent\" data-id=\"85b95ff\" data-element_type=\"container\" data-e-type=\"container\">\n\t\t\t\t\t<div class=\"e-con-inner\">\n\t\t<div class=\"elementor-element elementor-element-d9bbf8b e-con-full e-flex e-con e-child\" data-id=\"d9bbf8b\" data-element_type=\"container\" data-e-type=\"container\">\n\t\t\t\t<div class=\"elementor-element elementor-element-30053c0 elementor-widget elementor-widget-image\" data-id=\"30053c0\" data-element_type=\"widget\" data-e-type=\"widget\" data-widget_type=\"image.default\">\n\t\t\t\t<div class=\"elementor-widget-container\">\n\t\t\t\t\t\t\t\t\t\t\t\t\t\t\t<img fetchpriority=\"high\" decoding=\"async\" width=\"640\" height=\"426\" src=\"https:\/\/przedszkole.olesnica.pl\/ne\/wp-content\/uploads\/2025\/03\/full-shot-kid-playing-with-toy-home-1024x681.jpg\" class=\"attachment-large size-large wp-image-186\" alt=\"\" srcset=\"https:\/\/przedszkole.olesnica.pl\/ne\/wp-content\/uploads\/2025\/03\/full-shot-kid-playing-with-toy-home-1024x681.jpg 1024w, https:\/\/przedszkole.olesnica.pl\/ne\/wp-content\/uploads\/2025\/03\/full-shot-kid-playing-with-toy-home-300x200.jpg 300w, https:\/\/przedszkole.olesnica.pl\/ne\/wp-content\/uploads\/2025\/03\/full-shot-kid-playing-with-toy-home-768x511.jpg 768w, https:\/\/przedszkole.olesnica.pl\/ne\/wp-content\/uploads\/2025\/03\/full-shot-kid-playing-with-toy-home-1536x1022.jpg 1536w, https:\/\/przedszkole.olesnica.pl\/ne\/wp-content\/uploads\/2025\/03\/full-shot-kid-playing-with-toy-home-2048x1363.jpg 2048w\" sizes=\"(max-width: 640px) 100vw, 640px\" \/>\t\t\t\t\t\t\t\t\t\t\t\t\t\t\t<\/div>\n\t\t\t\t<\/div>\n\t\t\t\t<\/div>\n\t\t<div class=\"elementor-element elementor-element-239bbfd e-con-full e-flex e-con e-child\" data-id=\"239bbfd\" data-element_type=\"container\" data-e-type=\"container\">\n\t\t<div class=\"elementor-element elementor-element-1c6d191 e-con-full e-flex e-con e-child\" data-id=\"1c6d191\" data-element_type=\"container\" data-e-type=\"container\">\n\t\t\t\t<div class=\"elementor-element elementor-element-3099ca1 elementor-align-start elementor-widget__width-initial elementor-icon-list--layout-traditional elementor-list-item-link-full_width elementor-widget elementor-widget-icon-list\" data-id=\"3099ca1\" data-element_type=\"widget\" data-e-type=\"widget\" data-widget_type=\"icon-list.default\">\n\t\t\t\t<div class=\"elementor-widget-container\">\n\t\t\t\t\t\t\t<ul class=\"elementor-icon-list-items\">\n\t\t\t\t\t\t\t<li class=\"elementor-icon-list-item\">\n\t\t\t\t\t\t\t\t\t\t\t<span class=\"elementor-icon-list-icon\">\n\t\t\t\t\t\t\t<svg aria-hidden=\"true\" class=\"e-font-icon-svg e-far-check-circle\" viewBox=\"0 0 512 512\" xmlns=\"http:\/\/www.w3.org\/2000\/svg\"><path d=\"M256 8C119.033 8 8 119.033 8 256s111.033 248 248 248 248-111.033 248-248S392.967 8 256 8zm0 48c110.532 0 200 89.451 200 200 0 110.532-89.451 200-200 200-110.532 0-200-89.451-200-200 0-110.532 89.451-200 200-200m140.204 130.267l-22.536-22.718c-4.667-4.705-12.265-4.736-16.97-.068L215.346 303.697l-59.792-60.277c-4.667-4.705-12.265-4.736-16.97-.069l-22.719 22.536c-4.705 4.667-4.736 12.265-.068 16.971l90.781 91.516c4.667 4.705 12.265 4.736 16.97.068l172.589-171.204c4.704-4.668 4.734-12.266.067-16.971z\"><\/path><\/svg>\t\t\t\t\t\t<\/span>\n\t\t\t\t\t\t\t\t\t\t<span class=\"elementor-icon-list-text\">Zg\u0142oszenia dziecka nale\u017cy dokona\u0107 elektronicznie poprzez formularz zamieszczony w dzienniku LiveKid (dla dzieci ucz\u0119szczaj\u0105cych dot\u0105d do naszych plac\u00f3wek) lub na stronie www.przedszkole.olesnica.pl (dla dzieci nowych). Odpowiedni formularz otworzy si\u0119 po wybraniu poni\u017cej w\u0142a\u015bciwej plac\u00f3wki.<\/span>\n\t\t\t\t\t\t\t\t\t<\/li>\n\t\t\t\t\t\t\t\t<li class=\"elementor-icon-list-item\">\n\t\t\t\t\t\t\t\t\t\t\t<span class=\"elementor-icon-list-icon\">\n\t\t\t\t\t\t\t<svg aria-hidden=\"true\" class=\"e-font-icon-svg e-far-check-circle\" viewBox=\"0 0 512 512\" xmlns=\"http:\/\/www.w3.org\/2000\/svg\"><path d=\"M256 8C119.033 8 8 119.033 8 256s111.033 248 248 248 248-111.033 248-248S392.967 8 256 8zm0 48c110.532 0 200 89.451 200 200 0 110.532-89.451 200-200 200-110.532 0-200-89.451-200-200 0-110.532 89.451-200 200-200m140.204 130.267l-22.536-22.718c-4.667-4.705-12.265-4.736-16.97-.068L215.346 303.697l-59.792-60.277c-4.667-4.705-12.265-4.736-16.97-.069l-22.719 22.536c-4.705 4.667-4.736 12.265-.068 16.971l90.781 91.516c4.667 4.705 12.265 4.736 16.97.068l172.589-171.204c4.704-4.668 4.734-12.266.067-16.971z\"><\/path><\/svg>\t\t\t\t\t\t<\/span>\n\t\t\t\t\t\t\t\t\t\t<span class=\"elementor-icon-list-text\">Podstawowym kryterium przyj\u0119cia jest odpowiedni wiek dziecka. Dzieci przyjmowane s\u0105 w miar\u0119 wolnych miejsc, wed\u0142ug kolejno\u015bci zg\u0142osze\u0144. Zg\u0142oszenia na tzw. \u201ep\u00f3\u0142 etatu\u201d (mniejszy wymiar godzin w \u017c\u0142obku) rozpatrywane s\u0105 w drugiej kolejno\u015bci, po zg\u0142oszeniach na pe\u0142en wymiar godzin.<\/span>\n\t\t\t\t\t\t\t\t\t<\/li>\n\t\t\t\t\t\t\t\t<li class=\"elementor-icon-list-item\">\n\t\t\t\t\t\t\t\t\t\t\t<span class=\"elementor-icon-list-icon\">\n\t\t\t\t\t\t\t<svg aria-hidden=\"true\" class=\"e-font-icon-svg e-far-check-circle\" viewBox=\"0 0 512 512\" xmlns=\"http:\/\/www.w3.org\/2000\/svg\"><path d=\"M256 8C119.033 8 8 119.033 8 256s111.033 248 248 248 248-111.033 248-248S392.967 8 256 8zm0 48c110.532 0 200 89.451 200 200 0 110.532-89.451 200-200 200-110.532 0-200-89.451-200-200 0-110.532 89.451-200 200-200m140.204 130.267l-22.536-22.718c-4.667-4.705-12.265-4.736-16.97-.068L215.346 303.697l-59.792-60.277c-4.667-4.705-12.265-4.736-16.97-.069l-22.719 22.536c-4.705 4.667-4.736 12.265-.068 16.971l90.781 91.516c4.667 4.705 12.265 4.736 16.97.068l172.589-171.204c4.704-4.668 4.734-12.266.067-16.971z\"><\/path><\/svg>\t\t\t\t\t\t<\/span>\n\t\t\t\t\t\t\t\t\t\t<span class=\"elementor-icon-list-text\">Formalnym momentem zapisania dziecka do \u017c\u0142obka lub przedszkola jest podpisanie umowy oraz wp\u0142ata wpisowego. W przypadku rezygnacji z miejsca po podpisaniu umowy wpisowe nie podlega zwrotowi<\/span>\n\t\t\t\t\t\t\t\t\t<\/li>\n\t\t\t\t\t\t<\/ul>\n\t\t\t\t\t\t<\/div>\n\t\t\t\t<\/div>\n\t\t\t\t<\/div>\n\t\t\t\t<\/div>\n\t\t\t\t\t<\/div>\n\t\t\t\t<\/div>\n\t\t<div class=\"elementor-element elementor-element-79c3bcb e-grid e-con-boxed e-con e-parent\" data-id=\"79c3bcb\" data-element_type=\"container\" data-e-type=\"container\">\n\t\t\t\t\t<div class=\"e-con-inner\">\n\t\t\t\t<div class=\"elementor-element elementor-element-f7f1da5 elementor-widget elementor-widget-spacer\" data-id=\"f7f1da5\" data-element_type=\"widget\" data-e-type=\"widget\" data-widget_type=\"spacer.default\">\n\t\t\t\t<div class=\"elementor-widget-container\">\n\t\t\t\t\t\t\t<div class=\"elementor-spacer\">\n\t\t\t<div class=\"elementor-spacer-inner\"><\/div>\n\t\t<\/div>\n\t\t\t\t\t\t<\/div>\n\t\t\t\t<\/div>\n\t\t\t\t<div class=\"elementor-element elementor-element-2021543 elementor-widget elementor-widget-heading\" data-id=\"2021543\" data-element_type=\"widget\" data-e-type=\"widget\" data-widget_type=\"heading.default\">\n\t\t\t\t<div class=\"elementor-widget-container\">\n\t\t\t\t\t<h3 class=\"elementor-heading-title elementor-size-default\">Formularze zg\u0142oszeniowe na rok szkolny 2026\/2027<\/h3>\t\t\t\t<\/div>\n\t\t\t\t<\/div>\n\t\t\t\t\t<\/div>\n\t\t\t\t<\/div>\n\t\t<div class=\"elementor-element elementor-element-5914f24 e-grid e-con-boxed e-con e-parent\" data-id=\"5914f24\" data-element_type=\"container\" data-e-type=\"container\">\n\t\t\t\t\t<div class=\"e-con-inner\">\n\t\t\t\t<div class=\"elementor-element elementor-element-acf259b elementor-widget elementor-widget-ucaddon_logo_card\" data-id=\"acf259b\" data-element_type=\"widget\" data-e-type=\"widget\" data-widget_type=\"ucaddon_logo_card.default\">\n\t\t\t\t<div class=\"elementor-widget-container\">\n\t\t\t\t\t\n<!-- start Logo Card -->\n<style>\/* widget: Logo Card *\/\n\n#uc_logo_card_elementor_acf259b\n{\n  box-shadow:0px 10px 10px rgba(0,0,0,0.1);\n  text-align:center;\n  display:block;\n  text-decoration:none;\n  overflow:hidden;\n}\n\n#uc_logo_card_elementor_acf259b .card-logo\n{\n\n  margin-left:auto;\n  margin-right:auto;\n  box-shadow:0px 10px 10px rgba(0,0,0,0.1);\n  background-image:url(https:\/\/przedszkole.olesnica.pl\/ne\/wp-content\/uploads\/2025\/03\/Zlobek-U-Kubusia-Puchatka-w-Sycowie.png);\n  background-size:50%;\n  background-position:center;\n  background-repeat:no-repeat;\n}\n\n.card_title\n{\n  font-size:21px;\n}\n\n.card-description\n{\n  line-height:1.7em;\n}\n\n<\/style>\n\n<a href=\"https:\/\/web-proxy.livekid.com\/apply\/64493466\/74ce0d74-1de7-481e-8415-3c90376023da\"  id=\"uc_logo_card_elementor_acf259b\" class=\"ue_logo_card\">\n<div>\n  <div class=\"color-header\">\n  <\/div>\n  <div class=\"card-logo\">\n  <\/div>\n  <div class=\"ue_logo_card_content\">\n    <div class=\"card_title\">\u017b\u0142obek w Sycowie<\/div>\n    <div class=\"card-description\">Formularz zg\u0142oszeniowy do \u017c\u0142obka w Sycowie<\/div>\n  <\/div>\n<\/div>\n<\/a>\n<!-- end Logo Card -->\t\t\t\t<\/div>\n\t\t\t\t<\/div>\n\t\t\t\t<div class=\"elementor-element elementor-element-b27c305 elementor-widget elementor-widget-ucaddon_logo_card\" data-id=\"b27c305\" data-element_type=\"widget\" data-e-type=\"widget\" data-widget_type=\"ucaddon_logo_card.default\">\n\t\t\t\t<div class=\"elementor-widget-container\">\n\t\t\t\t\t\n<!-- start Logo Card -->\n<style>\/* widget: Logo Card *\/\n\n#uc_logo_card_elementor_b27c305\n{\n  box-shadow:0px 10px 10px rgba(0,0,0,0.1);\n  text-align:center;\n  display:block;\n  text-decoration:none;\n  overflow:hidden;\n}\n\n#uc_logo_card_elementor_b27c305 .card-logo\n{\n\n  margin-left:auto;\n  margin-right:auto;\n  box-shadow:0px 10px 10px rgba(0,0,0,0.1);\n  background-image:url(https:\/\/przedszkole.olesnica.pl\/ne\/wp-content\/uploads\/2025\/04\/LOGO-zlobkow.png);\n  background-size:50%;\n  background-position:center;\n  background-repeat:no-repeat;\n}\n\n.card_title\n{\n  font-size:21px;\n}\n\n.card-description\n{\n  line-height:1.7em;\n}\n\n<\/style>\n\n<a href=\"https:\/\/web-proxy.livekid.com\/apply\/64493574\/13f89997-87ce-41cd-b62e-fc82f4309a1b\"  id=\"uc_logo_card_elementor_b27c305\" class=\"ue_logo_card\">\n<div>\n  <div class=\"color-header\">\n  <\/div>\n  <div class=\"card-logo\">\n  <\/div>\n  <div class=\"ue_logo_card_content\">\n    <div class=\"card_title\">\u017b\u0142obek we Wroc\u0142awiu<\/div>\n    <div class=\"card-description\">Formularz zg\u0142oszeniowy do \u017c\u0142obka we W-wiu<\/div>\n  <\/div>\n<\/div>\n<\/a>\n<!-- end Logo Card -->\t\t\t\t<\/div>\n\t\t\t\t<\/div>\n\t\t\t\t<div class=\"elementor-element elementor-element-7ea56b0 elementor-widget elementor-widget-ucaddon_logo_card\" data-id=\"7ea56b0\" data-element_type=\"widget\" data-e-type=\"widget\" data-widget_type=\"ucaddon_logo_card.default\">\n\t\t\t\t<div class=\"elementor-widget-container\">\n\t\t\t\t\t\n<!-- start Logo Card -->\n<style>\/* widget: Logo Card *\/\n\n#uc_logo_card_elementor_7ea56b0\n{\n  box-shadow:0px 10px 10px rgba(0,0,0,0.1);\n  text-align:center;\n  display:block;\n  text-decoration:none;\n  overflow:hidden;\n}\n\n#uc_logo_card_elementor_7ea56b0 .card-logo\n{\n\n  margin-left:auto;\n  margin-right:auto;\n  box-shadow:0px 10px 10px rgba(0,0,0,0.1);\n  background-image:url(https:\/\/przedszkole.olesnica.pl\/ne\/wp-content\/uploads\/2025\/03\/LOGO-oca.png);\n  background-size:50%;\n  background-position:center;\n  background-repeat:no-repeat;\n}\n\n.card_title\n{\n  font-size:21px;\n}\n\n.card-description\n{\n  line-height:1.7em;\n}\n\n<\/style>\n\n<a href=\"https:\/\/web-proxy.livekid.com\/\/apply\/1541190\/a22780aa-9012-45b2-aa2b-52496bf5f25c?region=pl&amp;#038;lang=pl\"  id=\"uc_logo_card_elementor_7ea56b0\" class=\"ue_logo_card\">\n<div>\n  <div class=\"color-header\">\n  <\/div>\n  <div class=\"card-logo\">\n  <\/div>\n  <div class=\"ue_logo_card_content\">\n    <div class=\"card_title\">\u017b\u0142obek w Ole\u015bnicy<\/div>\n    <div class=\"card-description\">Formularz zg\u0142oszeniowy do \u017c\u0142obka w Ole\u015bnicy<\/div>\n  <\/div>\n<\/div>\n<\/a>\n<!-- end Logo Card -->\t\t\t\t<\/div>\n\t\t\t\t<\/div>\n\t\t\t\t\t<\/div>\n\t\t\t\t<\/div>\n\t\t<div class=\"elementor-element elementor-element-4d7ce06 e-grid e-con-boxed e-con e-parent\" data-id=\"4d7ce06\" data-element_type=\"container\" data-e-type=\"container\">\n\t\t\t\t\t<div class=\"e-con-inner\">\n\t\t\t\t<div class=\"elementor-element elementor-element-96341b0 elementor-widget elementor-widget-spacer\" data-id=\"96341b0\" data-element_type=\"widget\" data-e-type=\"widget\" data-widget_type=\"spacer.default\">\n\t\t\t\t<div class=\"elementor-widget-container\">\n\t\t\t\t\t\t\t<div class=\"elementor-spacer\">\n\t\t\t<div class=\"elementor-spacer-inner\"><\/div>\n\t\t<\/div>\n\t\t\t\t\t\t<\/div>\n\t\t\t\t<\/div>\n\t\t\t\t<div class=\"elementor-element elementor-element-e6c5c6d elementor-widget elementor-widget-heading\" data-id=\"e6c5c6d\" data-element_type=\"widget\" data-e-type=\"widget\" data-widget_type=\"heading.default\">\n\t\t\t\t<div class=\"elementor-widget-container\">\n\t\t\t\t\t<h3 class=\"elementor-heading-title elementor-size-default\">Formularze zg\u0142oszeniowe na rok szkolny 2025\/2026<\/h3>\t\t\t\t<\/div>\n\t\t\t\t<\/div>\n\t\t\t\t\t<\/div>\n\t\t\t\t<\/div>\n\t\t<div class=\"elementor-element elementor-element-1ac849a e-grid e-con-boxed e-con e-parent\" data-id=\"1ac849a\" data-element_type=\"container\" data-e-type=\"container\">\n\t\t\t\t\t<div class=\"e-con-inner\">\n\t\t\t\t<div class=\"elementor-element elementor-element-e948254 elementor-widget elementor-widget-ucaddon_logo_card\" data-id=\"e948254\" data-element_type=\"widget\" data-e-type=\"widget\" data-widget_type=\"ucaddon_logo_card.default\">\n\t\t\t\t<div class=\"elementor-widget-container\">\n\t\t\t\t\t\n<!-- start Logo Card -->\n<style>\/* widget: Logo Card *\/\n\n#uc_logo_card_elementor_e948254\n{\n  box-shadow:0px 10px 10px rgba(0,0,0,0.1);\n  text-align:center;\n  display:block;\n  text-decoration:none;\n  overflow:hidden;\n}\n\n#uc_logo_card_elementor_e948254 .card-logo\n{\n\n  margin-left:auto;\n  margin-right:auto;\n  box-shadow:0px 10px 10px rgba(0,0,0,0.1);\n  background-image:url(https:\/\/przedszkole.olesnica.pl\/ne\/wp-content\/uploads\/2025\/03\/LOGO-oca.png);\n  background-size:50%;\n  background-position:center;\n  background-repeat:no-repeat;\n}\n\n.card_title\n{\n  font-size:21px;\n}\n\n.card-description\n{\n  line-height:1.7em;\n}\n\n<\/style>\n\n<a href=\"https:\/\/web-proxy.livekid.com\/\/apply\/1541190\/7bb837fd-0bcc-4e79-8277-005d1815a4b5?region=pl&amp;#038;lang=pl\"  id=\"uc_logo_card_elementor_e948254\" class=\"ue_logo_card\">\n<div>\n  <div class=\"color-header\">\n  <\/div>\n  <div class=\"card-logo\">\n  <\/div>\n  <div class=\"ue_logo_card_content\">\n    <div class=\"card_title\">\u017b\u0142obek w Ole\u015bnicy<\/div>\n    <div class=\"card-description\">Formularz zg\u0142oszeniowy do \u017c\u0142obka w Ole\u015bnicy<\/div>\n  <\/div>\n<\/div>\n<\/a>\n<!-- end Logo Card -->\t\t\t\t<\/div>\n\t\t\t\t<\/div>\n\t\t\t\t<div class=\"elementor-element elementor-element-5e3e6ea elementor-widget elementor-widget-ucaddon_logo_card\" data-id=\"5e3e6ea\" data-element_type=\"widget\" data-e-type=\"widget\" data-widget_type=\"ucaddon_logo_card.default\">\n\t\t\t\t<div class=\"elementor-widget-container\">\n\t\t\t\t\t\n<!-- start Logo Card -->\n<style>\/* widget: Logo Card *\/\n\n#uc_logo_card_elementor_5e3e6ea\n{\n  box-shadow:0px 10px 10px rgba(0,0,0,0.1);\n  text-align:center;\n  display:block;\n  text-decoration:none;\n  overflow:hidden;\n}\n\n#uc_logo_card_elementor_5e3e6ea .card-logo\n{\n\n  margin-left:auto;\n  margin-right:auto;\n  box-shadow:0px 10px 10px rgba(0,0,0,0.1);\n  background-image:url(https:\/\/przedszkole.olesnica.pl\/ne\/wp-content\/uploads\/2025\/03\/Zlobek-U-Kubusia-Puchatka-w-Sycowie.png);\n  background-size:50%;\n  background-position:center;\n  background-repeat:no-repeat;\n}\n\n.card_title\n{\n  font-size:21px;\n}\n\n.card-description\n{\n  line-height:1.7em;\n}\n\n<\/style>\n\n<a href=\"https:\/\/web-proxy.livekid.com\/\/apply\/1541190\/f36950b2-42f2-4bf7-ba7c-5d51396046e8?region=pl&amp;#038;lang=pl\"  id=\"uc_logo_card_elementor_5e3e6ea\" class=\"ue_logo_card\">\n<div>\n  <div class=\"color-header\">\n  <\/div>\n  <div class=\"card-logo\">\n  <\/div>\n  <div class=\"ue_logo_card_content\">\n    <div class=\"card_title\">\u017b\u0142obek w Sycowie<\/div>\n    <div class=\"card-description\">Formularz zg\u0142oszeniowy do \u017c\u0142obka w Sycowie<\/div>\n  <\/div>\n<\/div>\n<\/a>\n<!-- end Logo Card -->\t\t\t\t<\/div>\n\t\t\t\t<\/div>\n\t\t\t\t<div class=\"elementor-element elementor-element-b8eb47d elementor-widget elementor-widget-ucaddon_logo_card\" data-id=\"b8eb47d\" data-element_type=\"widget\" data-e-type=\"widget\" data-widget_type=\"ucaddon_logo_card.default\">\n\t\t\t\t<div class=\"elementor-widget-container\">\n\t\t\t\t\t\n<!-- start Logo Card -->\n<style>\/* widget: Logo Card *\/\n\n#uc_logo_card_elementor_b8eb47d\n{\n  box-shadow:0px 10px 10px rgba(0,0,0,0.1);\n  text-align:center;\n  display:block;\n  text-decoration:none;\n  overflow:hidden;\n}\n\n#uc_logo_card_elementor_b8eb47d .card-logo\n{\n\n  margin-left:auto;\n  margin-right:auto;\n  box-shadow:0px 10px 10px rgba(0,0,0,0.1);\n  background-image:url(https:\/\/przedszkole.olesnica.pl\/ne\/wp-content\/uploads\/2025\/04\/LOGO-zlobkow.png);\n  background-size:50%;\n  background-position:center;\n  background-repeat:no-repeat;\n}\n\n.card_title\n{\n  font-size:21px;\n}\n\n.card-description\n{\n  line-height:1.7em;\n}\n\n<\/style>\n\n<a href=\"https:\/\/web-proxy.livekid.com\/\/apply\/1541190\/2bf27ae8-4db8-4d90-8590-9a59c5ac70a2?region=pl&amp;#038;lang=pl\"  id=\"uc_logo_card_elementor_b8eb47d\" class=\"ue_logo_card\">\n<div>\n  <div class=\"color-header\">\n  <\/div>\n  <div class=\"card-logo\">\n  <\/div>\n  <div class=\"ue_logo_card_content\">\n    <div class=\"card_title\">\u017b\u0142obek we Wroc\u0142awiu<\/div>\n    <div class=\"card-description\">Formularz zg\u0142oszeniowy do \u017c\u0142obka we W-wiu<\/div>\n  <\/div>\n<\/div>\n<\/a>\n<!-- end Logo Card -->\t\t\t\t<\/div>\n\t\t\t\t<\/div>\n\t\t\t\t<div class=\"elementor-element elementor-element-d939abe elementor-widget elementor-widget-ucaddon_logo_card\" data-id=\"d939abe\" data-element_type=\"widget\" data-e-type=\"widget\" data-widget_type=\"ucaddon_logo_card.default\">\n\t\t\t\t<div class=\"elementor-widget-container\">\n\t\t\t\t\t\n<!-- start Logo Card -->\n<style>\/* widget: Logo Card *\/\n\n#uc_logo_card_elementor_d939abe\n{\n  box-shadow:0px 10px 10px rgba(0,0,0,0.1);\n  text-align:center;\n  display:block;\n  text-decoration:none;\n  overflow:hidden;\n}\n\n#uc_logo_card_elementor_d939abe .card-logo\n{\n\n  margin-left:auto;\n  margin-right:auto;\n  box-shadow:0px 10px 10px rgba(0,0,0,0.1);\n  background-image:url(https:\/\/przedszkole.olesnica.pl\/ne\/wp-content\/uploads\/2025\/03\/LOGO-zlobkow.png);\n  background-size:50%;\n  background-position:center;\n  background-repeat:no-repeat;\n}\n\n.card_title\n{\n  font-size:21px;\n}\n\n.card-description\n{\n  line-height:1.7em;\n}\n\n<\/style>\n\n<a href=\"https:\/\/web-proxy.livekid.com\/\/apply\/1541190\/353ce8f9-c9b4-4819-9abd-7fe16f8a3b6d?region=pl&amp;#038;lang=pl\"  id=\"uc_logo_card_elementor_d939abe\" class=\"ue_logo_card\">\n<div>\n  <div class=\"color-header\">\n  <\/div>\n  <div class=\"card-logo\">\n  <\/div>\n  <div class=\"ue_logo_card_content\">\n    <div class=\"card_title\">Przedszkole w Ole\u015bnicy<\/div>\n    <div class=\"card-description\">Formularz zg\u0142oszeniowy do przedszkola<\/div>\n  <\/div>\n<\/div>\n<\/a>\n<!-- end Logo Card -->\t\t\t\t<\/div>\n\t\t\t\t<\/div>\n\t\t\t\t\t<\/div>\n\t\t\t\t<\/div>\n\t\t<div class=\"elementor-element elementor-element-1b5f234 e-flex e-con-boxed e-con e-parent\" data-id=\"1b5f234\" data-element_type=\"container\" data-e-type=\"container\">\n\t\t\t\t\t<div class=\"e-con-inner\">\n\t\t\t\t\t<\/div>\n\t\t\t\t<\/div>\n\t\t\t\t<\/div>\n\t\t","protected":false},"excerpt":{"rendered":"<p>Rekrutacja do przedszkola we Wroc\u0142awiu w ramach projektu KUBU\u015a [&hellip;]<\/p>\n","protected":false},"author":1,"featured_media":63,"parent":0,"menu_order":0,"comment_status":"closed","ping_status":"closed","template":"","meta":{"footnotes":""},"class_list":["post-115","page","type-page","status-publish","has-post-thumbnail","hentry"],"_links":{"self":[{"href":"https:\/\/przedszkole.olesnica.pl\/ne\/index.php?rest_route=\/wp\/v2\/pages\/115","targetHints":{"allow":["GET"]}}],"collection":[{"href":"https:\/\/przedszkole.olesnica.pl\/ne\/index.php?rest_route=\/wp\/v2\/pages"}],"about":[{"href":"https:\/\/przedszkole.olesnica.pl\/ne\/index.php?rest_route=\/wp\/v2\/types\/page"}],"author":[{"embeddable":true,"href":"https:\/\/przedszkole.olesnica.pl\/ne\/index.php?rest_route=\/wp\/v2\/users\/1"}],"replies":[{"embeddable":true,"href":"https:\/\/przedszkole.olesnica.pl\/ne\/index.php?rest_route=%2Fwp%2Fv2%2Fcomments&post=115"}],"version-history":[{"count":199,"href":"https:\/\/przedszkole.olesnica.pl\/ne\/index.php?rest_route=\/wp\/v2\/pages\/115\/revisions"}],"predecessor-version":[{"id":946,"href":"https:\/\/przedszkole.olesnica.pl\/ne\/index.php?rest_route=\/wp\/v2\/pages\/115\/revisions\/946"}],"wp:featuredmedia":[{"embeddable":true,"href":"https:\/\/przedszkole.olesnica.pl\/ne\/index.php?rest_route=\/wp\/v2\/media\/63"}],"wp:attachment":[{"href":"https:\/\/przedszkole.olesnica.pl\/ne\/index.php?rest_route=%2Fwp%2Fv2%2Fmedia&parent=115"}],"curies":[{"name":"wp","href":"https:\/\/api.w.org\/{rel}","templated":true}]}}